{"id":4835,"date":"2023-02-14T22:13:47","date_gmt":"2023-02-14T20:13:47","guid":{"rendered":"https:\/\/targusecuiesc.eu\/?page_id=4835"},"modified":"2023-04-19T14:15:23","modified_gmt":"2023-04-19T11:15:23","slug":"sala-de-conferinte","status":"publish","type":"page","link":"https:\/\/targusecuiesc.eu\/ro\/sala-de-conferinte\/","title":{"rendered":"Sal\u0103 de conferin\u021be"},"content":{"rendered":"\t\t<div data-elementor-type=\"wp-page\" data-elementor-id=\"4835\" class=\"elementor elementor-4835\" data-elementor-post-type=\"page\">\n\t\t\t\t\t\t<section class=\"elementor-section elementor-top-section elementor-element elementor-element-e413d51 elementor-section-boxed elementor-section-height-default elementor-section-height-default\" data-id=\"e413d51\" data-element_type=\"section\" data-e-type=\"section\">\n\t\t\t\t\t\t<div class=\"elementor-container elementor-column-gap-default\">\n\t\t\t\t\t<div class=\"elementor-column elementor-col-100 elementor-top-column elementor-element elementor-element-b5050e3\" data-id=\"b5050e3\" data-element_type=\"column\" data-e-type=\"column\">\n\t\t\t<div class=\"elementor-widget-wrap elementor-element-populated\">\n\t\t\t\t\t\t<div class=\"elementor-element elementor-element-c9a5f47 elementor-widget elementor-widget-spacer\" data-id=\"c9a5f47\" data-element_type=\"widget\" data-e-type=\"widget\" data-widget_type=\"spacer.default\">\n\t\t\t\t\t\t\t<div class=\"elementor-spacer\">\n\t\t\t<div class=\"elementor-spacer-inner\"><\/div>\n\t\t<\/div>\n\t\t\t\t\t\t<\/div>\n\t\t\t\t\t<\/div>\n\t\t<\/div>\n\t\t\t\t\t<\/div>\n\t\t<\/section>\n\t\t\t\t<section class=\"elementor-section elementor-top-section elementor-element elementor-element-4bb2f1c elementor-section-boxed elementor-section-height-default elementor-section-height-default\" data-id=\"4bb2f1c\" data-element_type=\"section\" data-e-type=\"section\">\n\t\t\t\t\t\t<div class=\"elementor-container elementor-column-gap-default\">\n\t\t\t\t\t<div class=\"elementor-column elementor-col-100 elementor-top-column elementor-element elementor-element-17def7a\" data-id=\"17def7a\" data-element_type=\"column\" data-e-type=\"column\">\n\t\t\t<div class=\"elementor-widget-wrap elementor-element-populated\">\n\t\t\t\t\t\t\t<\/div>\n\t\t<\/div>\n\t\t\t\t\t<\/div>\n\t\t<\/section>\n\t\t\t\t<section class=\"elementor-section elementor-top-section elementor-element elementor-element-e37e16b elementor-section-boxed elementor-section-height-default elementor-section-height-default\" data-id=\"e37e16b\" data-element_type=\"section\" data-e-type=\"section\">\n\t\t\t\t\t\t<div class=\"elementor-container elementor-column-gap-default\">\n\t\t\t\t\t<div class=\"elementor-column elementor-col-100 elementor-top-column elementor-element elementor-element-5a8a6f1\" data-id=\"5a8a6f1\" data-element_type=\"column\" data-e-type=\"column\">\n\t\t\t<div class=\"elementor-widget-wrap elementor-element-populated\">\n\t\t\t\t\t\t<div class=\"elementor-element elementor-element-a354a9e elementor-widget elementor-widget-spacer\" data-id=\"a354a9e\" data-element_type=\"widget\" data-e-type=\"widget\" data-widget_type=\"spacer.default\">\n\t\t\t\t\t\t\t<div class=\"elementor-spacer\">\n\t\t\t<div class=\"elementor-spacer-inner\"><\/div>\n\t\t<\/div>\n\t\t\t\t\t\t<\/div>\n\t\t\t\t\t<\/div>\n\t\t<\/div>\n\t\t\t\t\t<\/div>\n\t\t<\/section>\n\t\t\t\t<section class=\"elementor-section elementor-top-section elementor-element elementor-element-8092c5e elementor-section-boxed elementor-section-height-default elementor-section-height-default\" data-id=\"8092c5e\" data-element_type=\"section\" data-e-type=\"section\">\n\t\t\t\t\t\t<div class=\"elementor-container elementor-column-gap-default\">\n\t\t\t\t\t<div class=\"elementor-column elementor-col-100 elementor-top-column elementor-element elementor-element-cd96e98\" data-id=\"cd96e98\" data-element_type=\"column\" data-e-type=\"column\">\n\t\t\t<div class=\"elementor-widget-wrap elementor-element-populated\">\n\t\t\t\t\t\t<div class=\"elementor-element elementor-element-5106b8f elementor-widget elementor-widget-image\" data-id=\"5106b8f\" data-element_type=\"widget\" data-e-type=\"widget\" data-widget_type=\"image.default\">\n\t\t\t\t\t\t\t\t\t\t\t\t\t\t\t<img fetchpriority=\"high\" decoding=\"async\" width=\"1024\" height=\"678\" src=\"https:\/\/targusecuiesc.eu\/wp-content\/uploads\/2023\/02\/sala-de-CONFERINTE-IN-Targu-Secuiesc-1024x678.jpg\" class=\"attachment-large size-large wp-image-4863\" alt=\"sala\u0306 de CONFERINT\u0326E I\u0302N Ta\u0302rgu Secuiesc\" srcset=\"https:\/\/targusecuiesc.eu\/wp-content\/uploads\/2023\/02\/sala-de-CONFERINTE-IN-Targu-Secuiesc-scaled.jpg 1024w, https:\/\/targusecuiesc.eu\/wp-content\/uploads\/2023\/02\/sala-de-CONFERINTE-IN-Targu-Secuiesc-300x199.jpg 300w, https:\/\/targusecuiesc.eu\/wp-content\/uploads\/2023\/02\/sala-de-CONFERINTE-IN-Targu-Secuiesc-768x509.jpg 768w, https:\/\/targusecuiesc.eu\/wp-content\/uploads\/2023\/02\/sala-de-CONFERINTE-IN-Targu-Secuiesc-1536x1018.jpg 1536w, https:\/\/targusecuiesc.eu\/wp-content\/uploads\/2023\/02\/sala-de-CONFERINTE-IN-Targu-Secuiesc-18x12.jpg 18w\" sizes=\"(max-width: 1024px) 100vw, 1024px\" \/>\t\t\t\t\t\t\t\t\t\t\t\t\t\t\t<\/div>\n\t\t\t\t\t<\/div>\n\t\t<\/div>\n\t\t\t\t\t<\/div>\n\t\t<\/section>\n\t\t\t\t<section class=\"elementor-section elementor-top-section elementor-element elementor-element-90c178f elementor-section-boxed elementor-section-height-default elementor-section-height-default\" data-id=\"90c178f\" data-element_type=\"section\" data-e-type=\"section\">\n\t\t\t\t\t\t<div class=\"elementor-container elementor-column-gap-default\">\n\t\t\t\t\t<div class=\"elementor-column elementor-col-100 elementor-top-column elementor-element elementor-element-7a55514\" data-id=\"7a55514\" data-element_type=\"column\" data-e-type=\"column\">\n\t\t\t<div class=\"elementor-widget-wrap elementor-element-populated\">\n\t\t\t\t\t\t<div class=\"elementor-element elementor-element-81abe32 elementor-widget elementor-widget-spacer\" data-id=\"81abe32\" data-element_type=\"widget\" data-e-type=\"widget\" data-widget_type=\"spacer.default\">\n\t\t\t\t\t\t\t<div class=\"elementor-spacer\">\n\t\t\t<div class=\"elementor-spacer-inner\"><\/div>\n\t\t<\/div>\n\t\t\t\t\t\t<\/div>\n\t\t\t\t\t<\/div>\n\t\t<\/div>\n\t\t\t\t\t<\/div>\n\t\t<\/section>\n\t\t\t\t<section class=\"elementor-section elementor-top-section elementor-element elementor-element-7d93ed5 elementor-section-boxed elementor-section-height-default elementor-section-height-default\" data-id=\"7d93ed5\" data-element_type=\"section\" data-e-type=\"section\">\n\t\t\t\t\t\t<div class=\"elementor-container elementor-column-gap-default\">\n\t\t\t\t\t<div class=\"elementor-column elementor-col-100 elementor-top-column elementor-element elementor-element-86562c3\" data-id=\"86562c3\" data-element_type=\"column\" data-e-type=\"column\">\n\t\t\t<div class=\"elementor-widget-wrap\">\n\t\t\t\t\t\t\t<\/div>\n\t\t<\/div>\n\t\t\t\t\t<\/div>\n\t\t<\/section>\n\t\t\t\t<section class=\"elementor-section elementor-top-section elementor-element elementor-element-89781cb elementor-section-boxed elementor-section-height-default elementor-section-height-default\" data-id=\"89781cb\" data-element_type=\"section\" data-e-type=\"section\">\n\t\t\t\t\t\t<div class=\"elementor-container elementor-column-gap-default\">\n\t\t\t\t\t<div class=\"elementor-column elementor-col-100 elementor-top-column elementor-element elementor-element-62f7705\" data-id=\"62f7705\" data-element_type=\"column\" data-e-type=\"column\">\n\t\t\t<div class=\"elementor-widget-wrap elementor-element-populated\">\n\t\t\t\t\t\t<div class=\"elementor-element elementor-element-2e4314f elementor-widget elementor-widget-text-editor\" data-id=\"2e4314f\" data-element_type=\"widget\" data-e-type=\"widget\" data-widget_type=\"text-editor.default\">\n\t\t\t\t\t\t\t\t\t<p>Lecs\u00f3h\u00e1z este un spa\u021biu de evenimente modern, situat \u00een inima ora\u0219ului, \u0219i dispune de o sal\u0103 de conferin\u021be cu o capacitate de p\u00e2n\u0103 la 60 persoane. Sala se poate adapta la diferite nevoi \u0219i este echipat\u0103 cu un sistem audio modern, facilit\u00e2nd transmiterea informa\u021biilor \u00eentr-o manier\u0103 profesional\u0103 \u0219i eficient\u0103.<\/p><p>Organizatorii pot beneficia de asisten\u021ba profesionist\u0103 a angaja\u021bilor Lecs\u00f3h\u00e1z care pot oferi suport \u00eenainte \u0219i \u00een timpul conferin\u021bei. Echipa poate ajuta cu preg\u0103tirea facilit\u0103\u021bilor, rezervarea camerelor \u0219i a altor servicii necesare pentru desf\u0103\u0219urarea evenimentului. De asemenea, echipa poate oferi asisten\u021b\u0103 pentru promovarea evenimentului prin intermediul re\u021belelor sociale \u0219i a altor platforme online.<\/p><p><a href=\"https:\/\/www.facebook.com\/Lecsohaz.kezdi\">Lecs\u00f3h\u00e1z<\/a> este loca\u0163ia perfect\u0103 pentru organizarea unei conferin\u0163e profesionale \u00een T\u00e2rgu Secuiesc. Organizatorii pot beneficia, de asemenea, de pre\u0163urile flexibile pe care le ofer\u0103 Lecs\u00f3h\u00e1z, ceea ce face ca aceast\u0103 loca\u0163ie s\u0103 fie ideala pentru organizarea unei conferin\u0163e sau seminarii reu\u015fite.<\/p>\t\t\t\t\t\t\t\t<\/div>\n\t\t\t\t\t<\/div>\n\t\t<\/div>\n\t\t\t\t\t<\/div>\n\t\t<\/section>\n\t\t\t\t<section class=\"elementor-section elementor-top-section elementor-element elementor-element-9625d90 elementor-section-boxed elementor-section-height-default elementor-section-height-default\" data-id=\"9625d90\" data-element_type=\"section\" data-e-type=\"section\">\n\t\t\t\t\t\t<div class=\"elementor-container elementor-column-gap-default\">\n\t\t\t\t\t<div class=\"elementor-column elementor-col-100 elementor-top-column elementor-element elementor-element-11c832d\" data-id=\"11c832d\" data-element_type=\"column\" data-e-type=\"column\">\n\t\t\t<div class=\"elementor-widget-wrap elementor-element-populated\">\n\t\t\t\t\t\t<div class=\"elementor-element elementor-element-a95f999 elementor-widget elementor-widget-price-table\" data-id=\"a95f999\" data-element_type=\"widget\" data-e-type=\"widget\" data-widget_type=\"price-table.default\">\n\t\t\t\t\t\n\t\t<div class=\"elementor-price-table\">\n\t\t\t\t\t\t\t<div class=\"elementor-price-table__header\">\n\t\t\t\t\t\t\t\t\t\t\t<h3 class=\"elementor-price-table__heading\">\n\t\t\t\t\t\tPre\u021b\t\t\t\t\t\t<\/h3>\n\t\t\t\t\t\n\t\t\t\t\t\t\t\t\t<\/div>\n\t\t\t\n\t\t\t<div class=\"elementor-price-table__price\">\n\t\t\t\t\t\t\t\t<span class=\"elementor-price-table__currency\">RON<\/span>\t\t\t\t\t\t\t\t\t<span class=\"elementor-price-table__integer-part\">\n\t\t\t\t\t\t500\t\t\t\t\t<\/span>\n\t\t\t\t\n\t\t\t\t\n\t\t\t\t\n\t\t\t\t\t\t\t<\/div>\n\n\t\t\t\t\t\t\t<ul class=\"elementor-price-table__features-list\">\n\t\t\t\t\t\t\t\t\t\t\t<li class=\"elementor-repeater-item-349fa7b\">\n\t\t\t\t\t\t\t<div class=\"elementor-price-table__feature-inner\">\n\t\t\t\t\t\t\t\t<svg aria-hidden=\"true\" class=\"e-font-icon-svg e-fas-parking\" viewBox=\"0 0 448 512\" xmlns=\"http:\/\/www.w3.org\/2000\/svg\"><path d=\"M400 32H48C21.5 32 0 53.5 0 80v352c0 26.5 21.5 48 48 48h352c26.5 0 48-21.5 48-48V80c0-26.5-21.5-48-48-48zM240 320h-48v48c0 8.8-7.2 16-16 16h-32c-8.8 0-16-7.2-16-16V144c0-8.8 7.2-16 16-16h96c52.9 0 96 43.1 96 96s-43.1 96-96 96zm0-128h-48v64h48c17.6 0 32-14.4 32-32s-14.4-32-32-32z\"><\/path><\/svg>\t\t\t\t\t\t\t\t\t\t\t\t\t\t\t\t\t<span >\n\t\t\t\t\t\t\t\t\t\tparcare privat\u0103 (gratuit\u0103; 15 locuri) \t\t\t\t\t\t\t\t\t<\/span>\n\t\t\t\t\t\t\t\t\t\t\t\t\t\t\t\t<\/div>\n\t\t\t\t\t\t<\/li>\n\t\t\t\t\t\t\t\t\t\t\t<li class=\"elementor-repeater-item-256539b\">\n\t\t\t\t\t\t\t<div class=\"elementor-price-table__feature-inner\">\n\t\t\t\t\t\t\t\t<svg aria-hidden=\"true\" class=\"e-font-icon-svg e-far-sun\" viewBox=\"0 0 512 512\" xmlns=\"http:\/\/www.w3.org\/2000\/svg\"><path d=\"M494.2 221.9l-59.8-40.5 13.7-71c2.6-13.2-1.6-26.8-11.1-36.4-9.6-9.5-23.2-13.7-36.2-11.1l-70.9 13.7-40.4-59.9c-15.1-22.3-51.9-22.3-67 0l-40.4 59.9-70.8-13.7C98 60.4 84.5 64.5 75 74.1c-9.5 9.6-13.7 23.1-11.1 36.3l13.7 71-59.8 40.5C6.6 229.5 0 242 0 255.5s6.7 26 17.8 33.5l59.8 40.5-13.7 71c-2.6 13.2 1.6 26.8 11.1 36.3 9.5 9.5 22.9 13.7 36.3 11.1l70.8-13.7 40.4 59.9C230 505.3 242.6 512 256 512s26-6.7 33.5-17.8l40.4-59.9 70.9 13.7c13.4 2.7 26.8-1.6 36.3-11.1 9.5-9.5 13.6-23.1 11.1-36.3l-13.7-71 59.8-40.5c11.1-7.5 17.8-20.1 17.8-33.5-.1-13.6-6.7-26.1-17.9-33.7zm-112.9 85.6l17.6 91.2-91-17.6L256 458l-51.9-77-90.9 17.6 17.6-91.2-76.8-52 76.8-52-17.6-91.2 91 17.6L256 53l51.9 76.9 91-17.6-17.6 91.1 76.8 52-76.8 52.1zM256 152c-57.3 0-104 46.7-104 104s46.7 104 104 104 104-46.7 104-104-46.7-104-104-104zm0 160c-30.9 0-56-25.1-56-56s25.1-56 56-56 56 25.1 56 56-25.1 56-56 56z\"><\/path><\/svg>\t\t\t\t\t\t\t\t\t\t\t\t\t\t\t\t\t<span >\n\t\t\t\t\t\t\t\t\t\t\u00eenc\u0103lzire central\u0103\t\t\t\t\t\t\t\t\t<\/span>\n\t\t\t\t\t\t\t\t\t\t\t\t\t\t\t\t<\/div>\n\t\t\t\t\t\t<\/li>\n\t\t\t\t\t\t\t\t\t\t\t<li class=\"elementor-repeater-item-fbc7340\">\n\t\t\t\t\t\t\t<div class=\"elementor-price-table__feature-inner\">\n\t\t\t\t\t\t\t\t<svg aria-hidden=\"true\" class=\"e-font-icon-svg e-fas-beer\" viewBox=\"0 0 448 512\" xmlns=\"http:\/\/www.w3.org\/2000\/svg\"><path d=\"M368 96h-48V56c0-13.255-10.745-24-24-24H24C10.745 32 0 42.745 0 56v400c0 13.255 10.745 24 24 24h272c13.255 0 24-10.745 24-24v-42.11l80.606-35.977C429.396 365.063 448 336.388 448 304.86V176c0-44.112-35.888-80-80-80zm16 208.86a16.018 16.018 0 0 1-9.479 14.611L320 343.805V160h48c8.822 0 16 7.178 16 16v128.86zM208 384c-8.836 0-16-7.164-16-16V144c0-8.836 7.164-16 16-16s16 7.164 16 16v224c0 8.836-7.164 16-16 16zm-96 0c-8.836 0-16-7.164-16-16V144c0-8.836 7.164-16 16-16s16 7.164 16 16v224c0 8.836-7.164 16-16 16z\"><\/path><\/svg>\t\t\t\t\t\t\t\t\t\t\t\t\t\t\t\t\t<span >\n\t\t\t\t\t\t\t\t\t\tbar\t\t\t\t\t\t\t\t\t<\/span>\n\t\t\t\t\t\t\t\t\t\t\t\t\t\t\t\t<\/div>\n\t\t\t\t\t\t<\/li>\n\t\t\t\t\t\t\t\t\t\t\t<li class=\"elementor-repeater-item-a82fca8\">\n\t\t\t\t\t\t\t<div class=\"elementor-price-table__feature-inner\">\n\t\t\t\t\t\t\t\t<svg aria-hidden=\"true\" class=\"e-font-icon-svg e-fas-bread-slice\" viewBox=\"0 0 576 512\" xmlns=\"http:\/\/www.w3.org\/2000\/svg\"><path d=\"M288 0C108 0 0 93.4 0 169.14 0 199.44 24.24 224 64 224v256c0 17.67 16.12 32 36 32h376c19.88 0 36-14.33 36-32V224c39.76 0 64-24.56 64-54.86C576 93.4 468 0 288 0z\"><\/path><\/svg>\t\t\t\t\t\t\t\t\t\t\t\t\t\t\t\t\t<span >\n\t\t\t\t\t\t\t\t\t\tbuc\u0103t\u0103\u0103rie\t\t\t\t\t\t\t\t\t<\/span>\n\t\t\t\t\t\t\t\t\t\t\t\t\t\t\t\t<\/div>\n\t\t\t\t\t\t<\/li>\n\t\t\t\t\t\t\t\t\t\t\t<li class=\"elementor-repeater-item-fd74625\">\n\t\t\t\t\t\t\t<div class=\"elementor-price-table__feature-inner\">\n\t\t\t\t\t\t\t\t<svg aria-hidden=\"true\" class=\"e-font-icon-svg e-fas-chair\" viewBox=\"0 0 448 512\" xmlns=\"http:\/\/www.w3.org\/2000\/svg\"><path d=\"M112 128c0-29.5 16.2-55 40-68.9V256h48V48h48v208h48V59.1c23.8 13.9 40 39.4 40 68.9v128h48V128C384 57.3 326.7 0 256 0h-64C121.3 0 64 57.3 64 128v128h48zm334.3 213.9l-10.7-32c-4.4-13.1-16.6-21.9-30.4-21.9H42.7c-13.8 0-26 8.8-30.4 21.9l-10.7 32C-5.2 362.6 10.2 384 32 384v112c0 8.8 7.2 16 16 16h32c8.8 0 16-7.2 16-16V384h256v112c0 8.8 7.2 16 16 16h32c8.8 0 16-7.2 16-16V384c21.8 0 37.2-21.4 30.3-42.1z\"><\/path><\/svg>\t\t\t\t\t\t\t\t\t\t\t\t\t\t\t\t\t<span >\n\t\t\t\t\t\t\t\t\t\tMobilier (mese + scaune)\t\t\t\t\t\t\t\t\t<\/span>\n\t\t\t\t\t\t\t\t\t\t\t\t\t\t\t\t<\/div>\n\t\t\t\t\t\t<\/li>\n\t\t\t\t\t\t\t\t\t<\/ul>\n\t\t\t\n\t\t\t\t\t\t\t<div class=\"elementor-price-table__footer\">\n\t\t\t\t\t\t\t\t\t\t\t<a class=\"elementor-price-table__button elementor-button elementor-size-md\" href=\"https:\/\/targusecuiesc.eu\/ro\/contact\/\">\n\t\t\t\t\t\t\tRezerv\u0103 acum\t\t\t\t\t\t<\/a>\n\t\t\t\t\t\n\t\t\t\t\t\t\t\t\t\t\t<div class=\"elementor-price-table__additional_info\">\n\t\t\t\t\t\t\t*pre\u021bul nu include taxa pentru cur\u0103\u021benie\t\t\t\t\t\t<\/div>\n\t\t\t\t\t\t\t\t\t<\/div>\n\t\t\t\t\t<\/div>\n\n\t\t\t\t\t\t<\/div>\n\t\t\t\t\t<\/div>\n\t\t<\/div>\n\t\t\t\t\t<\/div>\n\t\t<\/section>\n\t\t\t\t<\/div>\n\t\t","protected":false},"excerpt":{"rendered":"<p>Lecs\u00f3h\u00e1z este un spa\u021biu de evenimente modern, situat \u00een inima ora\u0219ului, \u0219i dispune de o sal\u0103 de conferin\u021be cu o capacitate de p\u00e2n\u0103 la 60 persoane. Sala se poate adapta la diferite nevoi \u0219i este echipat\u0103 cu un sistem audio modern, facilit\u00e2nd transmiterea informa\u021biilor \u00eentr-o manier\u0103 profesional\u0103 \u0219i eficient\u0103. Organizatorii pot beneficia de asisten\u021ba profesionist\u0103 [&hellip;]<\/p>\n","protected":false},"author":1,"featured_media":0,"parent":0,"menu_order":0,"comment_status":"closed","ping_status":"closed","template":"","meta":{"ocean_post_layout":"","ocean_both_sidebars_style":"","ocean_both_sidebars_content_width":0,"ocean_both_sidebars_sidebars_width":0,"ocean_sidebar":"","ocean_second_sidebar":"","ocean_disable_margins":"enable","ocean_add_body_class":"","ocean_shortcode_before_top_bar":"","ocean_shortcode_after_top_bar":"","ocean_shortcode_before_header":"","ocean_shortcode_after_header":"","ocean_has_shortcode":"","ocean_shortcode_after_title":"","ocean_shortcode_before_footer_widgets":"","ocean_shortcode_after_footer_widgets":"","ocean_shortcode_before_footer_bottom":"","ocean_shortcode_after_footer_bottom":"","ocean_display_top_bar":"default","ocean_display_header":"default","ocean_header_style":"","ocean_center_header_left_menu":"","ocean_custom_header_template":"","ocean_custom_logo":0,"ocean_custom_retina_logo":0,"ocean_custom_logo_max_width":0,"ocean_custom_logo_tablet_max_width":0,"ocean_custom_logo_mobile_max_width":0,"ocean_custom_logo_max_height":0,"ocean_custom_logo_tablet_max_height":0,"ocean_custom_logo_mobile_max_height":0,"ocean_header_custom_menu":"","ocean_menu_typo_font_family":"","ocean_menu_typo_font_subset":"","ocean_menu_typo_font_size":0,"ocean_menu_typo_font_size_tablet":0,"ocean_menu_typo_font_size_mobile":0,"ocean_menu_typo_font_size_unit":"px","ocean_menu_typo_font_weight":"","ocean_menu_typo_font_weight_tablet":"","ocean_menu_typo_font_weight_mobile":"","ocean_menu_typo_transform":"","ocean_menu_typo_transform_tablet":"","ocean_menu_typo_transform_mobile":"","ocean_menu_typo_line_height":0,"ocean_menu_typo_line_height_tablet":0,"ocean_menu_typo_line_height_mobile":0,"ocean_menu_typo_line_height_unit":"","ocean_menu_typo_spacing":0,"ocean_menu_typo_spacing_tablet":0,"ocean_menu_typo_spacing_mobile":0,"ocean_menu_typo_spacing_unit":"","ocean_menu_link_color":"","ocean_menu_link_color_hover":"","ocean_menu_link_color_active":"","ocean_menu_link_background":"","ocean_menu_link_hover_background":"","ocean_menu_link_active_background":"","ocean_menu_social_links_bg":"","ocean_menu_social_hover_links_bg":"","ocean_menu_social_links_color":"","ocean_menu_social_hover_links_color":"","ocean_disable_title":"default","ocean_disable_heading":"default","ocean_post_title":"","ocean_post_subheading":"","ocean_post_title_style":"","ocean_post_title_background_color":"","ocean_post_title_background":0,"ocean_post_title_bg_image_position":"","ocean_post_title_bg_image_attachment":"","ocean_post_title_bg_image_repeat":"","ocean_post_title_bg_image_size":"","ocean_post_title_height":0,"ocean_post_title_bg_overlay":0.5,"ocean_post_title_bg_overlay_color":"","ocean_disable_breadcrumbs":"default","ocean_breadcrumbs_color":"","ocean_breadcrumbs_separator_color":"","ocean_breadcrumbs_links_color":"","ocean_breadcrumbs_links_hover_color":"","ocean_display_footer_widgets":"default","ocean_display_footer_bottom":"default","ocean_custom_footer_template":"","_joinchat":[],"footnotes":""},"class_list":["post-4835","page","type-page","status-publish","hentry","entry"],"yoast_head":"<!-- This site is optimized with the Yoast SEO plugin v27.3 - https:\/\/yoast.com\/product\/yoast-seo-wordpress\/ -->\n<title>Sal\u0103 de conferin\u021be - T\u00e2rgu Secuiesc<\/title>\n<meta name=\"description\" content=\"Unul dintre cele mai populare locuri pentru a organiza conferin\u021be sau seminarii \u00een ora\u0219ul T\u00e2rgu Secuiesc este Lecs\u00f3h\u00e1z.\" \/>\n<meta name=\"robots\" content=\"index, follow, max-snippet:-1, max-image-preview:large, max-video-preview:-1\" \/>\n<link rel=\"canonical\" href=\"https:\/\/targusecuiesc.eu\/ro\/sala-de-conferinte\/\" \/>\n<meta property=\"og:locale\" content=\"ro_RO\" \/>\n<meta property=\"og:type\" content=\"article\" \/>\n<meta property=\"og:title\" content=\"Sal\u0103 de conferin\u021be - T\u00e2rgu Secuiesc\" \/>\n<meta property=\"og:description\" content=\"Unul dintre cele mai populare locuri pentru a organiza conferin\u021be sau seminarii \u00een ora\u0219ul T\u00e2rgu Secuiesc este Lecs\u00f3h\u00e1z.\" \/>\n<meta property=\"og:url\" content=\"https:\/\/targusecuiesc.eu\/ro\/sala-de-conferinte\/\" \/>\n<meta property=\"og:site_name\" content=\"Cazare \u00een T\u00e2rgu Secueisc\" \/>\n<meta property=\"article:modified_time\" content=\"2023-04-19T11:15:23+00:00\" \/>\n<meta property=\"og:image\" content=\"https:\/\/targusecuiesc.eu\/wp-content\/uploads\/2023\/02\/sala-de-CONFERINTE-IN-Targu-Secuiesc-1024x678.jpg\" \/>\n<meta name=\"twitter:card\" content=\"summary_large_image\" \/>\n<meta name=\"twitter:label1\" content=\"Timp estimat pentru citire\" \/>\n\t<meta name=\"twitter:data1\" content=\"2 minute\" \/>\n<script type=\"application\/ld+json\" class=\"yoast-schema-graph\">{\"@context\":\"https:\\\/\\\/schema.org\",\"@graph\":[{\"@type\":\"WebPage\",\"@id\":\"https:\\\/\\\/targusecuiesc.eu\\\/sala-de-conferinte\\\/\",\"url\":\"https:\\\/\\\/targusecuiesc.eu\\\/sala-de-conferinte\\\/\",\"name\":\"Sal\u0103 de conferin\u021be - T\u00e2rgu Secuiesc\",\"isPartOf\":{\"@id\":\"https:\\\/\\\/targusecuiesc.eu\\\/#website\"},\"primaryImageOfPage\":{\"@id\":\"https:\\\/\\\/targusecuiesc.eu\\\/sala-de-conferinte\\\/#primaryimage\"},\"image\":{\"@id\":\"https:\\\/\\\/targusecuiesc.eu\\\/sala-de-conferinte\\\/#primaryimage\"},\"thumbnailUrl\":\"https:\\\/\\\/targusecuiesc.eu\\\/wp-content\\\/uploads\\\/2023\\\/02\\\/sala-de-CONFERINTE-IN-Targu-Secuiesc-1024x678.jpg\",\"datePublished\":\"2023-02-14T20:13:47+00:00\",\"dateModified\":\"2023-04-19T11:15:23+00:00\",\"description\":\"Unul dintre cele mai populare locuri pentru a organiza conferin\u021be sau seminarii \u00een ora\u0219ul T\u00e2rgu Secuiesc este Lecs\u00f3h\u00e1z.\",\"breadcrumb\":{\"@id\":\"https:\\\/\\\/targusecuiesc.eu\\\/sala-de-conferinte\\\/#breadcrumb\"},\"inLanguage\":\"ro-RO\",\"potentialAction\":[{\"@type\":\"ReadAction\",\"target\":[\"https:\\\/\\\/targusecuiesc.eu\\\/sala-de-conferinte\\\/\"]}]},{\"@type\":\"ImageObject\",\"inLanguage\":\"ro-RO\",\"@id\":\"https:\\\/\\\/targusecuiesc.eu\\\/sala-de-conferinte\\\/#primaryimage\",\"url\":\"https:\\\/\\\/targusecuiesc.eu\\\/wp-content\\\/uploads\\\/2023\\\/02\\\/sala-de-CONFERINTE-IN-Targu-Secuiesc-1024x678.jpg\",\"contentUrl\":\"https:\\\/\\\/targusecuiesc.eu\\\/wp-content\\\/uploads\\\/2023\\\/02\\\/sala-de-CONFERINTE-IN-Targu-Secuiesc-1024x678.jpg\"},{\"@type\":\"BreadcrumbList\",\"@id\":\"https:\\\/\\\/targusecuiesc.eu\\\/sala-de-conferinte\\\/#breadcrumb\",\"itemListElement\":[{\"@type\":\"ListItem\",\"position\":1,\"name\":\"Prima pagin\u0103\",\"item\":\"https:\\\/\\\/targusecuiesc.eu\\\/\"},{\"@type\":\"ListItem\",\"position\":2,\"name\":\"Sal\u0103 de conferin\u021be\"}]},{\"@type\":\"WebSite\",\"@id\":\"https:\\\/\\\/targusecuiesc.eu\\\/#website\",\"url\":\"https:\\\/\\\/targusecuiesc.eu\\\/\",\"name\":\"Cazare \u00een T\u00e2rgu Secueisc\",\"description\":\"Te afli \u00een c\u0103utarea unui loc potrivit de cazare \u00een T\u00e2rgu Secuiesc?\",\"publisher\":{\"@id\":\"https:\\\/\\\/targusecuiesc.eu\\\/#organization\"},\"alternateName\":\"Te afli in cautarea unui loc potrivit de cazare in Targu Secuiesc?\",\"potentialAction\":[{\"@type\":\"SearchAction\",\"target\":{\"@type\":\"EntryPoint\",\"urlTemplate\":\"https:\\\/\\\/targusecuiesc.eu\\\/?s={search_term_string}\"},\"query-input\":{\"@type\":\"PropertyValueSpecification\",\"valueRequired\":true,\"valueName\":\"search_term_string\"}}],\"inLanguage\":\"ro-RO\"},{\"@type\":\"Organization\",\"@id\":\"https:\\\/\\\/targusecuiesc.eu\\\/#organization\",\"name\":\"Cazare \u00een T\u00e2rgu Secueisc\",\"alternateName\":\"Te afli in cautarea unui loc potrivit de cazare in Targu Secuiesc?\",\"url\":\"https:\\\/\\\/targusecuiesc.eu\\\/\",\"logo\":{\"@type\":\"ImageObject\",\"inLanguage\":\"ro-RO\",\"@id\":\"https:\\\/\\\/targusecuiesc.eu\\\/#\\\/schema\\\/logo\\\/image\\\/\",\"url\":\"https:\\\/\\\/targusecuiesc.eu\\\/wp-content\\\/uploads\\\/2022\\\/05\\\/cropped-targu-secuiesc-1-e1653031917947.png\",\"contentUrl\":\"https:\\\/\\\/targusecuiesc.eu\\\/wp-content\\\/uploads\\\/2022\\\/05\\\/cropped-targu-secuiesc-1-e1653031917947.png\",\"width\":512,\"height\":512,\"caption\":\"Cazare \u00een T\u00e2rgu Secueisc\"},\"image\":{\"@id\":\"https:\\\/\\\/targusecuiesc.eu\\\/#\\\/schema\\\/logo\\\/image\\\/\"}}]}<\/script>\n<!-- \/ Yoast SEO plugin. -->","yoast_head_json":{"title":"Sal\u0103 de conferin\u021be - T\u00e2rgu Secuiesc","description":"Unul dintre cele mai populare locuri pentru a organiza conferin\u021be sau seminarii \u00een ora\u0219ul T\u00e2rgu Secuiesc este Lecs\u00f3h\u00e1z.","robots":{"index":"index","follow":"follow","max-snippet":"max-snippet:-1","max-image-preview":"max-image-preview:large","max-video-preview":"max-video-preview:-1"},"canonical":"https:\/\/targusecuiesc.eu\/ro\/sala-de-conferinte\/","og_locale":"ro_RO","og_type":"article","og_title":"Sal\u0103 de conferin\u021be - T\u00e2rgu Secuiesc","og_description":"Unul dintre cele mai populare locuri pentru a organiza conferin\u021be sau seminarii \u00een ora\u0219ul T\u00e2rgu Secuiesc este Lecs\u00f3h\u00e1z.","og_url":"https:\/\/targusecuiesc.eu\/ro\/sala-de-conferinte\/","og_site_name":"Cazare \u00een T\u00e2rgu Secueisc","article_modified_time":"2023-04-19T11:15:23+00:00","og_image":[{"url":"https:\/\/targusecuiesc.eu\/wp-content\/uploads\/2023\/02\/sala-de-CONFERINTE-IN-Targu-Secuiesc-1024x678.jpg","type":"","width":"","height":""}],"twitter_card":"summary_large_image","twitter_misc":{"Timp estimat pentru citire":"2 minute"},"schema":{"@context":"https:\/\/schema.org","@graph":[{"@type":"WebPage","@id":"https:\/\/targusecuiesc.eu\/sala-de-conferinte\/","url":"https:\/\/targusecuiesc.eu\/sala-de-conferinte\/","name":"Sal\u0103 de conferin\u021be - T\u00e2rgu Secuiesc","isPartOf":{"@id":"https:\/\/targusecuiesc.eu\/#website"},"primaryImageOfPage":{"@id":"https:\/\/targusecuiesc.eu\/sala-de-conferinte\/#primaryimage"},"image":{"@id":"https:\/\/targusecuiesc.eu\/sala-de-conferinte\/#primaryimage"},"thumbnailUrl":"https:\/\/targusecuiesc.eu\/wp-content\/uploads\/2023\/02\/sala-de-CONFERINTE-IN-Targu-Secuiesc-1024x678.jpg","datePublished":"2023-02-14T20:13:47+00:00","dateModified":"2023-04-19T11:15:23+00:00","description":"Unul dintre cele mai populare locuri pentru a organiza conferin\u021be sau seminarii \u00een ora\u0219ul T\u00e2rgu Secuiesc este Lecs\u00f3h\u00e1z.","breadcrumb":{"@id":"https:\/\/targusecuiesc.eu\/sala-de-conferinte\/#breadcrumb"},"inLanguage":"ro-RO","potentialAction":[{"@type":"ReadAction","target":["https:\/\/targusecuiesc.eu\/sala-de-conferinte\/"]}]},{"@type":"ImageObject","inLanguage":"ro-RO","@id":"https:\/\/targusecuiesc.eu\/sala-de-conferinte\/#primaryimage","url":"https:\/\/targusecuiesc.eu\/wp-content\/uploads\/2023\/02\/sala-de-CONFERINTE-IN-Targu-Secuiesc-1024x678.jpg","contentUrl":"https:\/\/targusecuiesc.eu\/wp-content\/uploads\/2023\/02\/sala-de-CONFERINTE-IN-Targu-Secuiesc-1024x678.jpg"},{"@type":"BreadcrumbList","@id":"https:\/\/targusecuiesc.eu\/sala-de-conferinte\/#breadcrumb","itemListElement":[{"@type":"ListItem","position":1,"name":"Prima pagin\u0103","item":"https:\/\/targusecuiesc.eu\/"},{"@type":"ListItem","position":2,"name":"Sal\u0103 de conferin\u021be"}]},{"@type":"WebSite","@id":"https:\/\/targusecuiesc.eu\/#website","url":"https:\/\/targusecuiesc.eu\/","name":"Cazare \u00een T\u00e2rgu Secueisc","description":"Te afli \u00een c\u0103utarea unui loc potrivit de cazare \u00een T\u00e2rgu Secuiesc?","publisher":{"@id":"https:\/\/targusecuiesc.eu\/#organization"},"alternateName":"Te afli in cautarea unui loc potrivit de cazare in Targu Secuiesc?","potentialAction":[{"@type":"SearchAction","target":{"@type":"EntryPoint","urlTemplate":"https:\/\/targusecuiesc.eu\/?s={search_term_string}"},"query-input":{"@type":"PropertyValueSpecification","valueRequired":true,"valueName":"search_term_string"}}],"inLanguage":"ro-RO"},{"@type":"Organization","@id":"https:\/\/targusecuiesc.eu\/#organization","name":"Cazare \u00een T\u00e2rgu Secueisc","alternateName":"Te afli in cautarea unui loc potrivit de cazare in Targu Secuiesc?","url":"https:\/\/targusecuiesc.eu\/","logo":{"@type":"ImageObject","inLanguage":"ro-RO","@id":"https:\/\/targusecuiesc.eu\/#\/schema\/logo\/image\/","url":"https:\/\/targusecuiesc.eu\/wp-content\/uploads\/2022\/05\/cropped-targu-secuiesc-1-e1653031917947.png","contentUrl":"https:\/\/targusecuiesc.eu\/wp-content\/uploads\/2022\/05\/cropped-targu-secuiesc-1-e1653031917947.png","width":512,"height":512,"caption":"Cazare \u00een T\u00e2rgu Secueisc"},"image":{"@id":"https:\/\/targusecuiesc.eu\/#\/schema\/logo\/image\/"}}]}},"_links":{"self":[{"href":"https:\/\/targusecuiesc.eu\/ro\/wp-json\/wp\/v2\/pages\/4835","targetHints":{"allow":["GET"]}}],"collection":[{"href":"https:\/\/targusecuiesc.eu\/ro\/wp-json\/wp\/v2\/pages"}],"about":[{"href":"https:\/\/targusecuiesc.eu\/ro\/wp-json\/wp\/v2\/types\/page"}],"author":[{"embeddable":true,"href":"https:\/\/targusecuiesc.eu\/ro\/wp-json\/wp\/v2\/users\/1"}],"replies":[{"embeddable":true,"href":"https:\/\/targusecuiesc.eu\/ro\/wp-json\/wp\/v2\/comments?post=4835"}],"version-history":[{"count":0,"href":"https:\/\/targusecuiesc.eu\/ro\/wp-json\/wp\/v2\/pages\/4835\/revisions"}],"wp:attachment":[{"href":"https:\/\/targusecuiesc.eu\/ro\/wp-json\/wp\/v2\/media?parent=4835"}],"curies":[{"name":"wp","href":"https:\/\/api.w.org\/{rel}","templated":true}]}}