{"id":425,"date":"2022-05-19T13:25:15","date_gmt":"2022-05-19T13:25:15","guid":{"rendered":"https:\/\/targusecuiesc.eu\/?page_id=425"},"modified":"2026-01-04T20:44:35","modified_gmt":"2026-01-04T18:44:35","slug":"tiny-campus","status":"publish","type":"page","link":"https:\/\/targusecuiesc.eu\/ro\/tiny-campus\/","title":{"rendered":"Tiny Campus"},"content":{"rendered":"\t\t<div data-elementor-type=\"wp-page\" data-elementor-id=\"425\" class=\"elementor elementor-425\" data-elementor-post-type=\"page\">\n\t\t\t\t\t\t<section class=\"elementor-section elementor-top-section elementor-element elementor-element-e71eeb1 elementor-section-boxed elementor-section-height-default elementor-section-height-default\" data-id=\"e71eeb1\" data-element_type=\"section\" data-e-type=\"section\">\n\t\t\t\t\t\t<div class=\"elementor-container elementor-column-gap-default\">\n\t\t\t\t\t<div class=\"elementor-column elementor-col-100 elementor-top-column elementor-element elementor-element-b3c367d\" data-id=\"b3c367d\" data-element_type=\"column\" data-e-type=\"column\">\n\t\t\t<div class=\"elementor-widget-wrap elementor-element-populated\">\n\t\t\t\t\t\t<div class=\"elementor-element elementor-element-4c81c83 elementor-widget elementor-widget-shortcode\" data-id=\"4c81c83\" data-element_type=\"widget\" data-e-type=\"widget\" data-widget_type=\"shortcode.default\">\n\t\t\t\t\t\t\t<div class=\"elementor-shortcode\"><section id=\"tiny-campus-pixel-resort\">\n    <div class=\"pixel-container\">\n\n        <div class=\"pixel-hero\">\n            <img decoding=\"async\" data-src=\"https:\/\/targusecuiesc.eu\/wp-content\/uploads\/2022\/05\/IMG_9992-scaled.jpg\" alt=\"Tiny Campus T\u00e2rgu Secuiesc - Pixel Resort\" src=\"data:image\/svg+xml;base64,PHN2ZyB3aWR0aD0iMSIgaGVpZ2h0PSIxIiB4bWxucz0iaHR0cDovL3d3dy53My5vcmcvMjAwMC9zdmciPjwvc3ZnPg==\" class=\"lazyload\" style=\"--smush-placeholder-width: 1024px; --smush-placeholder-aspect-ratio: 1024\/768;\">\n            <div class=\"hero-overlay\">\n                <h1 style=\"color: #ffffff !important;\">Tiny Campus<\/h1>\n                <p class=\"desktop-only\" style=\"color: #ffffff !important;\">Energie verde \u0219i confort modern \u00een T\u00e2rgu Secuiesc<\/p>\n            <\/div>\n        <\/div>\n\n        <div class=\"pixel-blue-bar\">\n            <h2>Cazare inedit\u0103 \u00een T\u00e2rgu Secuiesc<\/h2>\n        <\/div>\n        <div class=\"pixel-card seo-intro dark-blue\">\n            <p><strong>Tiny Campus<\/strong> ofer\u0103 cazare \u00een T\u00e2rgu Secuiesc (jud. Covasna) \u00een cadrul complexului <strong>Pixel Resort<\/strong>. Dispunem de <strong>4 case mobile<\/strong> moderne (33 mp fiecare), oferind \u00een total 16 locuri de cazare. Fiecare unitate este dotat\u0103 cu baie, living, buc\u0103t\u0103rie, LED TV, internet Wi-Fi \u0219i aer condi\u021bionat.<\/p>\n            <p style=\"margin-top:10px;\"><strong>Ideal pentru o familie cu doi copii sau un grup de prieteni (Maxim 4 persoane).<\/strong> \u00cencearc\u0103 o c\u0103su\u021b\u0103 mobil\u0103 la Tiny Campus! Este captivant s\u0103 treci prin aceast\u0103 experien\u021b\u0103. Pentru sustenabilitate, folosim <strong>energie verde<\/strong> prin panouri solare fotovoltaice.<\/p>\n        <\/div>\n\n        <div class=\"pixel-blue-bar\">\n            <h2>Tarife pe Noapte<\/h2>\n        <\/div>\n        <div class=\"pixel-card\">\n            <div class=\"price-list-grid\">\n                <div class=\"p-item\"><span class=\"p-pers\">1 Persoan\u0103<\/span><span class=\"p-amount\">280 LEI<\/span><\/div>\n                <div class=\"p-item highlight\"><span class=\"p-pers\">2 Persoane<\/span><span class=\"p-amount\">330 LEI<\/span><\/div>\n                <div class=\"p-item\"><span class=\"p-pers\">3 Persoane<\/span><span class=\"p-amount\">380 LEI<\/span><\/div>\n                <div class=\"p-item\"><span class=\"p-pers\">4 Persoane<\/span><span class=\"p-amount\">430 LEI<\/span><\/div>\n            <\/div>\n            <p style=\"text-align:center; font-size:14px; color:#444; margin-bottom:15px;\">Accept\u0103m plata cu <strong>tichete\/carduri de vacan\u021b\u0103<\/strong>.<\/p>\n\n            <div class=\"pixel-button-group\">\n                <a href=\"tel:+40786100250\" class=\"btn-main btn-book\">\n                    <i class=\"fa-solid fa-phone\"><\/i> Rezerv\u0103: 0786 100 250\n                <\/a>\n                <div class=\"btn-row\">\n                    <a href=\"https:\/\/targusecuiesc.eu\/ro\/contact\/\" class=\"btn-sub btn-call\" style=\"background:#003580;\">\n                        <i class=\"fa-solid fa-calendar-check\"><\/i> Rezerv\u0103 Online\n                    <\/a>\n                    <a href=\"https:\/\/waze.com\/ul?ll=45.9961,26.1386&navigate=yes\" class=\"btn-sub btn-waze\">\n                        <i class=\"fa-brands fa-waze\"><\/i> Navigare Waze\n                    <\/a>\n                <\/div>\n            <\/div>\n        <\/div>\n\n        <div class=\"pixel-blue-bar\">\n            <h2>Dot\u0103ri Tiny Campus (33 mp)<\/h2>\n        <\/div>\n        <div class=\"pixel-card\">\n            <div class=\"fac-list-container\">\n                <div class=\"fac-column\">\n                    <div class=\"fac-row\"><i class=\"fa-solid fa-door-closed\"><\/i> <span><strong>Dormitor separat<\/strong><\/span><\/div>\n                    <div class=\"fac-row\"><i class=\"fa-solid fa-couch\"><\/i> <span>Living & Kitchinet\u0103<\/span><\/div>\n                    <div class=\"fac-row\"><i class=\"fa-solid fa-bolt\"><\/i> <span>Contactless check-in (Self)<\/span><\/div>\n                    <div class=\"fac-row\"><i class=\"fa-solid fa-wifi\"><\/i> <span>Wi-Fi Gratuit<\/span><\/div>\n                <\/div>\n                <div class=\"fac-column\">\n                    <div class=\"fac-row\"><i class=\"fa-solid fa-snowflake\"><\/i> <span>Aer Condi\u021bionat AC<\/span><\/div>\n                    <div class=\"fac-row\"><i class=\"fa-solid fa-shower\"><\/i> <span>Baie privat\u0103 modern\u0103<\/span><\/div>\n                    <div class=\"fac-row\"><i class=\"fa-solid fa-tv\"><\/i> <span>LED TV<\/span><\/div>\n                    <div class=\"fac-row\"><i class=\"fa-solid fa-square-p\"><\/i> <span>Parcare privat\u0103 gratuit\u0103<\/span><\/div>\n                <\/div>\n            <\/div>\n        <\/div>\n\n        <div class=\"pixel-blue-bar\">\n            <h2>Ce pute\u021bi vizita \u00een zon\u0103?<\/h2>\n        <\/div>\n        <div class=\"pixel-card\">\n            <div class=\"tourist-grid\">\n                <div class=\"tourist-col\">\n                    <h4><i class=\"fa-solid fa-map-pin\"><\/i> \u00cen apropiere:<\/h4>\n                    <ul>\n                        <li>Centrul ora\u0219ului T\u00e2rgu Secuiesc<\/li>\n                        <li>Patinoarul Deme Laszlo (acoperit)<\/li>\n                        <li>Sala Polivalent\u0103 & Stadionul Sinkovits<\/li>\n                        <li>Circuitul Skat-Kart<\/li>\n                        <li>Muzeul Breslelor \"Incze Laszlo\"<\/li>\n                    <\/ul>\n                <\/div>\n                <div class=\"tourist-col\">\n                    <h4><i class=\"fa-solid fa-car\"><\/i> Natur\u0103 \u0219i Cultur\u0103:<\/h4>\n                    <ul>\n                        <li>Lacul Sf\u00e2ntu Ana & Tinovul Moho\u0219<\/li>\n                        <li>B\u0103ile Balvanyos<\/li>\n                        <li>Muzeul Haszmann Pal<\/li>\n                        <li>Galeriile de art\u0103 din centru<\/li>\n                    <\/ul>\n                <\/div>\n            <\/div>\n        <\/div>\n\n    <\/div>\n<\/section>\n\n<style>\n    .pixel-container { max-width: 1100px; margin: 0 auto; padding: 10px; font-family: 'Segoe UI', sans-serif; }\n    .pixel-blue-bar { background-color: #003580 !important; padding: 12px; text-align: center; border-radius: 4px 4px 0 0; margin-top: 15px; }\n    .pixel-blue-bar h2 { color: #ffffff !important; font-size: 15px; margin: 0; text-transform: uppercase; font-weight: 700; }\n    .pixel-card { background: #fff; padding: 20px; border-radius: 0 0 4px 4px; border: 1px solid #e6e6e6; margin-bottom: 20px; }\n    .pixel-card.dark-blue { background-color: #003580 !important; border: none; margin-top: 0; }\n    .pixel-card.dark-blue p { color: #ffffff !important; text-align: center; margin: 0; font-size: 14px; line-height: 1.6; }\n\n    .pixel-hero { position: relative; width: 100%; border-radius: 4px; overflow: hidden; background: #003580; height: 380px; }\n    .pixel-hero img { width: 100%; height: 100%; object-fit: cover; }\n    .hero-overlay { position: absolute; bottom: 0; left: 0; right: 0; background: rgba(0, 53, 128, 0.7); padding: 15px; text-align: center; }\n    .hero-overlay h1 { font-size: 26px; margin: 0; font-weight: 800; color: #fff; }\n\n    .price-list-grid { display: grid; grid-template-columns: repeat(4, 1fr); gap: 10px; margin-bottom: 15px; }\n    .p-item { background: #f8f9fa; padding: 15px 5px; border-radius: 4px; text-align: center; border: 1px solid #eee; }\n    .p-item.highlight { border: 2px solid #003580; background: #fff; box-shadow: 0 2px 8px rgba(0,0,0,0.05); }\n    .p-pers { display: block; font-size: 11px; color: #777; margin-bottom: 5px; }\n    .p-amount { display: block; font-size: 18px; font-weight: 800; color: #003580; }\n\n    .pixel-button-group { display: flex; flex-direction: column; gap: 10px; }\n    .btn-main { display: block; padding: 15px; text-align: center; border-radius: 4px; text-decoration: none !important; font-weight: 700; text-transform: uppercase; font-size: 17px; background: #28a745; color: #fff !important; }\n    .btn-row { display: flex; gap: 10px; }\n    .btn-sub { flex: 1; padding: 12px; text-align: center; border-radius: 4px; text-decoration: none !important; font-weight: 600; font-size: 13px; color: #fff !important; display: flex; align-items: center; justify-content: center; gap: 8px; }\n    .btn-waze { background: #33ccff; }\n\n    .fac-list-container { display: flex; flex-wrap: wrap; }\n    .fac-column { flex: 1; min-width: 250px; }\n    .fac-row { display: flex; align-items: center; gap: 12px; padding: 10px 5px; border-bottom: 1px solid #f2f2f2; }\n    .fac-row i { color: #003580; width: 25px; font-size: 18px; text-align: center; }\n    .fac-row span { font-size: 14px; color: #333; }\n\n    .tourist-grid { display: grid; grid-template-columns: 1fr 1fr; gap: 20px; }\n    .tourist-col h4 { color: #003580; font-size: 16px; margin-bottom: 10px; display: flex; align-items: center; gap: 8px; }\n    .tourist-col ul { padding-left: 20px; margin: 0; }\n    .tourist-col ul li { font-size: 13px; color: #444; margin-bottom: 4px; }\n\n    @media (max-width: 768px) {\n        .price-list-grid { grid-template-columns: repeat(2, 1fr); }\n        .tourist-grid { grid-template-columns: 1fr; }\n        .pixel-hero { height: 280px; }\n        .fac-column { flex: 0 0 100%; }\n        .desktop-only { display: none; }\n    }\n<\/style><\/div>\n\t\t\t\t\t\t<\/div>\n\t\t\t\t\t<\/div>\n\t\t<\/div>\n\t\t\t\t\t<\/div>\n\t\t<\/section>\n\t\t\t\t<section class=\"elementor-section elementor-top-section elementor-element elementor-element-432f95b elementor-section-boxed elementor-section-height-default elementor-section-height-default\" data-id=\"432f95b\" data-element_type=\"section\" data-e-type=\"section\">\n\t\t\t\t\t\t<div class=\"elementor-container elementor-column-gap-default\">\n\t\t\t\t\t<div class=\"elementor-column elementor-col-100 elementor-top-column elementor-element elementor-element-2dad669\" data-id=\"2dad669\" data-element_type=\"column\" data-e-type=\"column\">\n\t\t\t<div class=\"elementor-widget-wrap elementor-element-populated\">\n\t\t\t\t\t\t<div class=\"elementor-element elementor-element-39e897d elementor-widget elementor-widget-shortcode\" data-id=\"39e897d\" data-element_type=\"widget\" data-e-type=\"widget\" data-widget_type=\"shortcode.default\">\n\t\t\t\t\t\t\t<div class=\"elementor-shortcode\"><section id=\"pixel-resort-gallery\">\n    <div class=\"pixel-container\">\n        \n        <div class=\"pixel-blue-bar\">\n            <h2>Galerie Foto Complet\u0103 - Tiny Campus<\/h2>\n        <\/div>\n\n        <div class=\"pixel-card gallery-card-main\">\n            <div class=\"gallery-full-grid\">\n                \n                <div class=\"gallery-full-item\"><img decoding=\"async\" data-src=\"https:\/\/targusecuiesc.eu\/wp-content\/uploads\/2024\/12\/cazare-targu-secuiesc-tiny-house.jpg\" alt=\"Tiny House\" src=\"data:image\/svg+xml;base64,PHN2ZyB3aWR0aD0iMSIgaGVpZ2h0PSIxIiB4bWxucz0iaHR0cDovL3d3dy53My5vcmcvMjAwMC9zdmciPjwvc3ZnPg==\" class=\"lazyload\" style=\"--smush-placeholder-width: 1400px; --smush-placeholder-aspect-ratio: 1400\/1000;\"><\/div>\n                <div class=\"gallery-full-item\"><img decoding=\"async\" data-src=\"https:\/\/targusecuiesc.eu\/wp-content\/uploads\/2022\/06\/tiny-house-Targu-Secuiesc-scaled.jpg\" alt=\"Tiny Campus\" src=\"data:image\/svg+xml;base64,PHN2ZyB3aWR0aD0iMSIgaGVpZ2h0PSIxIiB4bWxucz0iaHR0cDovL3d3dy53My5vcmcvMjAwMC9zdmciPjwvc3ZnPg==\" class=\"lazyload\" style=\"--smush-placeholder-width: 1024px; --smush-placeholder-aspect-ratio: 1024\/768;\"><\/div>\n                <div class=\"gallery-full-item\"><img decoding=\"async\" data-src=\"https:\/\/targusecuiesc.eu\/wp-content\/uploads\/2022\/06\/tiny-house-Targu-Secuiesc._1JPG-scaled.jpg\" alt=\"Pixel Resort\" src=\"data:image\/svg+xml;base64,PHN2ZyB3aWR0aD0iMSIgaGVpZ2h0PSIxIiB4bWxucz0iaHR0cDovL3d3dy53My5vcmcvMjAwMC9zdmciPjwvc3ZnPg==\" class=\"lazyload\" style=\"--smush-placeholder-width: 1024px; --smush-placeholder-aspect-ratio: 1024\/768;\"><\/div>\n                <div class=\"gallery-full-item\"><img decoding=\"async\" data-src=\"https:\/\/targusecuiesc.eu\/wp-content\/uploads\/2022\/06\/tiny-house-romania-scaled-e1662663648330.jpg\" alt=\"Cazare Romania\" src=\"data:image\/svg+xml;base64,PHN2ZyB3aWR0aD0iMSIgaGVpZ2h0PSIxIiB4bWxucz0iaHR0cDovL3d3dy53My5vcmcvMjAwMC9zdmciPjwvc3ZnPg==\" class=\"lazyload\" style=\"--smush-placeholder-width: 1024px; --smush-placeholder-aspect-ratio: 1024\/768;\"><\/div>\n                <div class=\"gallery-full-item\"><img decoding=\"async\" data-src=\"https:\/\/targusecuiesc.eu\/wp-content\/uploads\/2022\/05\/MAT_2031-scaled.jpg\" alt=\"Interior\" src=\"data:image\/svg+xml;base64,PHN2ZyB3aWR0aD0iMSIgaGVpZ2h0PSIxIiB4bWxucz0iaHR0cDovL3d3dy53My5vcmcvMjAwMC9zdmciPjwvc3ZnPg==\" class=\"lazyload\" style=\"--smush-placeholder-width: 1024px; --smush-placeholder-aspect-ratio: 1024\/683;\"><\/div>\n                <div class=\"gallery-full-item\"><img decoding=\"async\" data-src=\"https:\/\/targusecuiesc.eu\/wp-content\/uploads\/2022\/05\/MAT_2030-scaled.jpg\" alt=\"Tiny House Detalii\" src=\"data:image\/svg+xml;base64,PHN2ZyB3aWR0aD0iMSIgaGVpZ2h0PSIxIiB4bWxucz0iaHR0cDovL3d3dy53My5vcmcvMjAwMC9zdmciPjwvc3ZnPg==\" class=\"lazyload\" style=\"--smush-placeholder-width: 1024px; --smush-placeholder-aspect-ratio: 1024\/683;\"><\/div>\n                <div class=\"gallery-full-item\"><img decoding=\"async\" data-src=\"https:\/\/targusecuiesc.eu\/wp-content\/uploads\/2022\/05\/MAT_2029-scaled.jpg\" alt=\"Design Interior\" src=\"data:image\/svg+xml;base64,PHN2ZyB3aWR0aD0iMSIgaGVpZ2h0PSIxIiB4bWxucz0iaHR0cDovL3d3dy53My5vcmcvMjAwMC9zdmciPjwvc3ZnPg==\" class=\"lazyload\" style=\"--smush-placeholder-width: 1024px; --smush-placeholder-aspect-ratio: 1024\/683;\"><\/div>\n                <div class=\"gallery-full-item\"><img decoding=\"async\" data-src=\"https:\/\/targusecuiesc.eu\/wp-content\/uploads\/2024\/12\/cazare-targu-secuiesc-tiny-house_1.jpg\" alt=\"Night View\" src=\"data:image\/svg+xml;base64,PHN2ZyB3aWR0aD0iMSIgaGVpZ2h0PSIxIiB4bWxucz0iaHR0cDovL3d3dy53My5vcmcvMjAwMC9zdmciPjwvc3ZnPg==\" class=\"lazyload\" style=\"--smush-placeholder-width: 1400px; --smush-placeholder-aspect-ratio: 1400\/1000;\"><\/div>\n                <div class=\"gallery-full-item\"><img decoding=\"async\" data-src=\"https:\/\/targusecuiesc.eu\/wp-content\/uploads\/2022\/05\/MAT_2022-1-scaled.jpg\" alt=\"Living Tiny House\" src=\"data:image\/svg+xml;base64,PHN2ZyB3aWR0aD0iMSIgaGVpZ2h0PSIxIiB4bWxucz0iaHR0cDovL3d3dy53My5vcmcvMjAwMC9zdmciPjwvc3ZnPg==\" class=\"lazyload\" style=\"--smush-placeholder-width: 1024px; --smush-placeholder-aspect-ratio: 1024\/683;\"><\/div>\n                <div class=\"gallery-full-item\"><img decoding=\"async\" data-src=\"https:\/\/targusecuiesc.eu\/wp-content\/uploads\/2022\/05\/MAT_2023-scaled.jpg\" alt=\"Baie\" src=\"data:image\/svg+xml;base64,PHN2ZyB3aWR0aD0iMSIgaGVpZ2h0PSIxIiB4bWxucz0iaHR0cDovL3d3dy53My5vcmcvMjAwMC9zdmciPjwvc3ZnPg==\" class=\"lazyload\" style=\"--smush-placeholder-width: 1024px; --smush-placeholder-aspect-ratio: 1024\/683;\"><\/div>\n                <div class=\"gallery-full-item\"><img decoding=\"async\" data-src=\"https:\/\/targusecuiesc.eu\/wp-content\/uploads\/2022\/05\/MAT_2024-scaled.jpg\" alt=\"Dormitor\" src=\"data:image\/svg+xml;base64,PHN2ZyB3aWR0aD0iMSIgaGVpZ2h0PSIxIiB4bWxucz0iaHR0cDovL3d3dy53My5vcmcvMjAwMC9zdmciPjwvc3ZnPg==\" class=\"lazyload\" style=\"--smush-placeholder-width: 1024px; --smush-placeholder-aspect-ratio: 1024\/683;\"><\/div>\n                <div class=\"gallery-full-item\"><img decoding=\"async\" data-src=\"https:\/\/targusecuiesc.eu\/wp-content\/uploads\/2022\/05\/MAT_2025-scaled.jpg\" alt=\"Bucatarie\" src=\"data:image\/svg+xml;base64,PHN2ZyB3aWR0aD0iMSIgaGVpZ2h0PSIxIiB4bWxucz0iaHR0cDovL3d3dy53My5vcmcvMjAwMC9zdmciPjwvc3ZnPg==\" class=\"lazyload\" style=\"--smush-placeholder-width: 1024px; --smush-placeholder-aspect-ratio: 1024\/683;\"><\/div>\n                <div class=\"gallery-full-item\"><img decoding=\"async\" data-src=\"https:\/\/targusecuiesc.eu\/wp-content\/uploads\/2022\/05\/MAT_2026-scaled.jpg\" alt=\"Tiny Campus Interior\" src=\"data:image\/svg+xml;base64,PHN2ZyB3aWR0aD0iMSIgaGVpZ2h0PSIxIiB4bWxucz0iaHR0cDovL3d3dy53My5vcmcvMjAwMC9zdmciPjwvc3ZnPg==\" class=\"lazyload\" style=\"--smush-placeholder-width: 1024px; --smush-placeholder-aspect-ratio: 1024\/683;\"><\/div>\n                <div class=\"gallery-full-item\"><img decoding=\"async\" data-src=\"https:\/\/targusecuiesc.eu\/wp-content\/uploads\/2022\/05\/IMG_9992-scaled.jpg\" alt=\"Exterior Night\" src=\"data:image\/svg+xml;base64,PHN2ZyB3aWR0aD0iMSIgaGVpZ2h0PSIxIiB4bWxucz0iaHR0cDovL3d3dy53My5vcmcvMjAwMC9zdmciPjwvc3ZnPg==\" class=\"lazyload\" style=\"--smush-placeholder-width: 1024px; --smush-placeholder-aspect-ratio: 1024\/768;\"><\/div>\n                <div class=\"gallery-full-item\"><img decoding=\"async\" data-src=\"https:\/\/targusecuiesc.eu\/wp-content\/uploads\/2022\/05\/IMG_9991-scaled.jpg\" alt=\"Curte Pixel\" src=\"data:image\/svg+xml;base64,PHN2ZyB3aWR0aD0iMSIgaGVpZ2h0PSIxIiB4bWxucz0iaHR0cDovL3d3dy53My5vcmcvMjAwMC9zdmciPjwvc3ZnPg==\" class=\"lazyload\" style=\"--smush-placeholder-width: 1024px; --smush-placeholder-aspect-ratio: 1024\/768;\"><\/div>\n                <div class=\"gallery-full-item\"><img decoding=\"async\" data-src=\"https:\/\/targusecuiesc.eu\/wp-content\/uploads\/2022\/05\/IMG_9990-scaled-e1662663682486.jpg\" alt=\"Vedere ansamblu\" src=\"data:image\/svg+xml;base64,PHN2ZyB3aWR0aD0iMSIgaGVpZ2h0PSIxIiB4bWxucz0iaHR0cDovL3d3dy53My5vcmcvMjAwMC9zdmciPjwvc3ZnPg==\" class=\"lazyload\" style=\"--smush-placeholder-width: 1024px; --smush-placeholder-aspect-ratio: 1024\/768;\"><\/div>\n                <div class=\"gallery-full-item\"><img decoding=\"async\" data-src=\"https:\/\/targusecuiesc.eu\/wp-content\/uploads\/2022\/05\/IMG_9988-scaled.jpg\" alt=\"Pixel Resort Exterior\" src=\"data:image\/svg+xml;base64,PHN2ZyB3aWR0aD0iMSIgaGVpZ2h0PSIxIiB4bWxucz0iaHR0cDovL3d3dy53My5vcmcvMjAwMC9zdmciPjwvc3ZnPg==\" class=\"lazyload\" style=\"--smush-placeholder-width: 1024px; --smush-placeholder-aspect-ratio: 1024\/768;\"><\/div>\n                <div class=\"gallery-full-item\"><img decoding=\"async\" data-src=\"https:\/\/targusecuiesc.eu\/wp-content\/uploads\/2022\/05\/IMG_9958-scaled.jpg\" alt=\"Drone view\" src=\"data:image\/svg+xml;base64,PHN2ZyB3aWR0aD0iMSIgaGVpZ2h0PSIxIiB4bWxucz0iaHR0cDovL3d3dy53My5vcmcvMjAwMC9zdmciPjwvc3ZnPg==\" class=\"lazyload\" style=\"--smush-placeholder-width: 1024px; --smush-placeholder-aspect-ratio: 1024\/768;\"><\/div>\n                <div class=\"gallery-full-item\"><img decoding=\"async\" data-src=\"https:\/\/targusecuiesc.eu\/wp-content\/uploads\/2022\/05\/IMG_9956-scaled-e1662663761280.jpg\" alt=\"Cazare Covasna\" src=\"data:image\/svg+xml;base64,PHN2ZyB3aWR0aD0iMSIgaGVpZ2h0PSIxIiB4bWxucz0iaHR0cDovL3d3dy53My5vcmcvMjAwMC9zdmciPjwvc3ZnPg==\" class=\"lazyload\" style=\"--smush-placeholder-width: 1024px; --smush-placeholder-aspect-ratio: 1024\/768;\"><\/div>\n                <div class=\"gallery-full-item\"><img decoding=\"async\" data-src=\"https:\/\/targusecuiesc.eu\/wp-content\/uploads\/2022\/05\/IMG_9957-scaled.jpg\" alt=\"Tiny Campus View\" src=\"data:image\/svg+xml;base64,PHN2ZyB3aWR0aD0iMSIgaGVpZ2h0PSIxIiB4bWxucz0iaHR0cDovL3d3dy53My5vcmcvMjAwMC9zdmciPjwvc3ZnPg==\" class=\"lazyload\" style=\"--smush-placeholder-width: 1024px; --smush-placeholder-aspect-ratio: 1024\/768;\"><\/div>\n\n            <\/div>\n        <\/div>\n\n    <\/div>\n<\/section>\n\n<style>\n    .gallery-card-main { padding: 10px !important; background: #f9f9f9; }\n\n    \/* RUGALMAS R\u00c1CS - NEM V\u00c1GJA LE A K\u00c9PEKET *\/\n    .gallery-full-grid {\n        display: flex;\n        flex-wrap: wrap;\n        gap: 15px;\n        justify-content: center;\n    }\n\n    .gallery-full-item {\n        flex: 1 1 calc(33.333% - 15px); \/* Desktopon 3 k\u00e9p egym\u00e1s mellett *\/\n        max-width: calc(33.333% - 15px);\n        background: #fff;\n        border-radius: 4px;\n        overflow: hidden;\n        box-shadow: 0 2px 5px rgba(0,0,0,0.1);\n        display: flex;\n        align-items: center;\n        justify-content: center;\n    }\n\n    .gallery-full-item img {\n        width: 100%;\n        height: auto; \/* Ez biztos\u00edtja, hogy a teljes k\u00e9p l\u00e1tsz\u00f3djon *\/\n        display: block;\n        transition: transform 0.3s ease;\n    }\n\n    .gallery-full-item:hover img {\n        transform: scale(1.03);\n    }\n\n    \/* MOBIL N\u00c9ZET - 2 K\u00c9P EGYM\u00c1S MELLETT, TELJES M\u00c9RETBEN *\/\n    @media (max-width: 768px) {\n        .gallery-full-item {\n            flex: 1 1 calc(50% - 10px);\n            max-width: calc(50% - 10px);\n        }\n    }\n\n    \/* KIS MOBIL - 1 K\u00c9P *\/\n    @media (max-width: 480px) {\n        .gallery-full-item {\n            flex: 1 1 100%;\n            max-width: 100%;\n        }\n    }\n<\/style><\/div>\n\t\t\t\t\t\t<\/div>\n\t\t\t\t\t<\/div>\n\t\t<\/div>\n\t\t\t\t\t<\/div>\n\t\t<\/section>\n\t\t\t\t<section class=\"elementor-section elementor-top-section elementor-element elementor-element-d4ae087 elementor-section-boxed elementor-section-height-default elementor-section-height-default\" data-id=\"d4ae087\" data-element_type=\"section\" data-e-type=\"section\">\n\t\t\t\t\t\t<div class=\"elementor-container elementor-column-gap-default\">\n\t\t\t\t\t<div class=\"elementor-column elementor-col-100 elementor-top-column elementor-element elementor-element-fd72e47\" data-id=\"fd72e47\" data-element_type=\"column\" data-e-type=\"column\">\n\t\t\t<div class=\"elementor-widget-wrap elementor-element-populated\">\n\t\t\t\t\t\t<div class=\"elementor-element elementor-element-2bdaf2d elementor-widget elementor-widget-text-editor\" data-id=\"2bdaf2d\" data-element_type=\"widget\" data-e-type=\"widget\" data-widget_type=\"text-editor.default\">\n\t\t\t\t\t\t\t\t\t<p class=\"p1\">\u00cencearc\u0103 o c\u0103su\u021b\u0103 mobil\u0103 la Tiny Campus! Este captivant s\u0103 treci prin aceast\u0103 experien\u021b\u0103! Po\u021bi veni cu prieteni, sunt trei tiny house-uri, pentru cel mult patru persoane fiecare. Curtea \u00eenchis\u0103, lini\u0219tea ce o \u00eenconjoar\u0103 nu separ\u0103 de centrul apropiat al ora\u0219ului, loc pentru distrac\u021bii sau de un patinoar acoperit, loc pentru mi\u0219care. \u0218i, de nu este de ajuns, locurile naturale excep\u021bionale sun \u00een apropiere: Lacul Sf\u00e2ntu Ana, B\u0103ile Balvanyos, Tinovul Moho\u0219, sau pentru a-\u021bi l\u0103rgi cultura, Muzeul Breslelor Incze Laszlo, Muzeul Haszmann Pal, galerii de art\u0103, sau pur \u0219i simplu centrul istoric al ora\u0219ului.<span class=\"Apple-converted-space\">\u00a0<\/span><\/p><p class=\"p1\">Pentru buna dispozi\u021bie, c\u0103su\u021ba mobil\u0103 este dotat\u0103 cu baie privat\u0103, dormitor, living \u0219i minibuc\u0103t\u0103rie, televizor, Wi-fi \u0219i aer condi\u021bionat. Pentru sustenabilitate, se folose\u0219te energie verde prin panouri solare fotovoltaice.<span class=\"Apple-converted-space\">\u00a0<\/span>Parcare privat\u0103 gratuit\u0103 asigurat\u0103!<\/p><p class=\"p1\">Se pot face <a href=\"https:\/\/targusecuiesc.eu\/contact\/\">rezerv\u0103ri<\/a> la telefon, se accept\u0103 plata cu tichete\/carduri de vacan\u021b\u0103, iar intrarea \u00een campus se face prin self check-in.<\/p>\t\t\t\t\t\t\t\t<\/div>\n\t\t\t\t\t<\/div>\n\t\t<\/div>\n\t\t\t\t\t<\/div>\n\t\t<\/section>\n\t\t\t\t<section class=\"elementor-section elementor-top-section elementor-element elementor-element-2ae5c54 elementor-section-boxed elementor-section-height-default elementor-section-height-default\" data-id=\"2ae5c54\" data-element_type=\"section\" data-e-type=\"section\">\n\t\t\t\t\t\t<div class=\"elementor-container elementor-column-gap-default\">\n\t\t\t\t\t<div class=\"elementor-column elementor-col-100 elementor-top-column elementor-element elementor-element-d090c19\" data-id=\"d090c19\" data-element_type=\"column\" data-e-type=\"column\">\n\t\t\t<div class=\"elementor-widget-wrap elementor-element-populated\">\n\t\t\t\t\t\t<div class=\"elementor-element elementor-element-6e94a3f elementor-widget elementor-widget-spacer\" data-id=\"6e94a3f\" data-element_type=\"widget\" data-e-type=\"widget\" data-widget_type=\"spacer.default\">\n\t\t\t\t\t\t\t<div class=\"elementor-spacer\">\n\t\t\t<div class=\"elementor-spacer-inner\"><\/div>\n\t\t<\/div>\n\t\t\t\t\t\t<\/div>\n\t\t\t\t\t<\/div>\n\t\t<\/div>\n\t\t\t\t\t<\/div>\n\t\t<\/section>\n\t\t\t\t<section class=\"elementor-section elementor-top-section elementor-element elementor-element-7cfef79 elementor-section-boxed elementor-section-height-default elementor-section-height-default\" data-id=\"7cfef79\" data-element_type=\"section\" data-e-type=\"section\">\n\t\t\t\t\t\t<div class=\"elementor-container elementor-column-gap-default\">\n\t\t\t\t\t<div class=\"elementor-column elementor-col-100 elementor-top-column elementor-element elementor-element-21fd0fd\" data-id=\"21fd0fd\" data-element_type=\"column\" data-e-type=\"column\">\n\t\t\t<div class=\"elementor-widget-wrap elementor-element-populated\">\n\t\t\t\t\t\t<div class=\"elementor-element elementor-element-6150caa elementor-widget elementor-widget-text-editor\" data-id=\"6150caa\" data-element_type=\"widget\" data-e-type=\"widget\" data-widget_type=\"text-editor.default\">\n\t\t\t\t\t\t\t\t\t<p class=\"p1\"><b>CHECK-IN \/ CHECK-OUT<\/b><\/p><p class=\"p2\"><b>Check-in<\/b>: de la 15:00<\/p><p class=\"p2\"><b>Check-out<\/b>: p\u00e2n\u0103 la 11:00<\/p><p class=\"p2\"><b>\u00a0Tarif\u00a0 Late Check-Out<\/b>: se va acordadoar \u00a0\u00een baza disponibilita\u021bii, fiecare or\u0103 \u00een plus dupa orele 11:00 va fi taxata cu 10<b>\u00a0RON<\/b><\/p><p class=\"p1\"><strong><span class=\"s1\">Perioada cuprins\u0103 \u00eentre orele 22:00 \u015fi 08:00 este considerat\u0103 perioad\u0103 de odihn\u0103 \u015fi lini\u015fte. V\u0103 rug\u0103m s\u0103 respecta\u0163i orele de odihn\u0103.<\/span><\/strong><\/p><p class=\"p1\"><strong><span class=\"s1\">S\u0103 nu deranja\u0163i lini\u015ftea celorlal\u0163i turi\u015fti\/vecini dac\u0103 din motive obiective sosi\u0163i\/intra\u021bi dupa ora 22.00<\/span><\/strong><\/p>\t\t\t\t\t\t\t\t<\/div>\n\t\t\t\t\t<\/div>\n\t\t<\/div>\n\t\t\t\t\t<\/div>\n\t\t<\/section>\n\t\t\t\t<section class=\"elementor-section elementor-top-section elementor-element elementor-element-7acc6d9 elementor-section-boxed elementor-section-height-default elementor-section-height-default\" data-id=\"7acc6d9\" data-element_type=\"section\" data-e-type=\"section\">\n\t\t\t\t\t\t<div class=\"elementor-container elementor-column-gap-default\">\n\t\t\t\t\t<div class=\"elementor-column elementor-col-100 elementor-top-column elementor-element elementor-element-4573938\" data-id=\"4573938\" data-element_type=\"column\" data-e-type=\"column\">\n\t\t\t<div class=\"elementor-widget-wrap elementor-element-populated\">\n\t\t\t\t\t\t<div class=\"elementor-element elementor-element-d6d61c2 elementor-widget elementor-widget-text-editor\" data-id=\"d6d61c2\" data-element_type=\"widget\" data-e-type=\"widget\" data-widget_type=\"text-editor.default\">\n\t\t\t\t\t\t\t\t\t<p class=\"p1\">La resortul de c\u0103su\u021be mobile \u201eTiny Campus\u201d, tiny house-le ofer\u0103 intimitate pentru oaspe\u021bi \u00eentr-o zon\u0103 urban\u0103 lini\u0219tit\u0103 al ora\u0219ului <a href=\"https:\/\/targusecuiesc.eu\/cazare\/\">T\u00e2rgu Secuiesc.<span class=\"Apple-converted-space\">\u00a0<\/span><\/a><\/p><p class=\"p1\">Exist\u0103 trei c\u0103su\u021be mobile de 33 mp, dotate cu baie privat\u0103 \u0219i minibuc\u0103t\u0103rie. Alte facilit\u0103\u021bi: aer condi\u021bionat, televizoare LED \u0219i internet WI-FI, parcare privat\u0103 gratuit\u0103 \u0219i curte \u00eenchis\u0103. Exist\u0103 \u0219i un spa\u021biu comun de luat mas\u0103,<span class=\"Apple-converted-space\">\u00a0 <\/span>\u00een cazul grupurilor.<\/p><p class=\"p1\">Curtea inchis\u0103 atrage familiile cu copii, oferind siguran\u021b\u0103, iar parcarea privat\u0103 gratuit\u0103 lini\u0219te\u0219te pe oaspe\u021bii posesori de autoturisme.<\/p><p class=\"p1\">Pentru \u00eentre\u021binerea resortului cu c\u0103su\u021be mobile se folose\u0219te energie ecologic\u0103 asigurat\u0103 de panouri fotovoltaice.<\/p><p class=\"p1\">Se pot face excursii \u00een zon\u0103 la Lacul Sf\u00e2nta Ana, rezerva\u021bia natural\u0103 Tinovul Mohos, B\u0103ile Balvanyos, Balta Dracului din Covasna.<span class=\"Apple-converted-space\">\u00a0<\/span><\/p><p class=\"p1\">Rezervarea se poate face prin telefon sau prin <span class=\"s1\">www.targusecuiesc.eu<\/span>, ocuparea c\u0103su\u021belor mobile se face prin self check-in, f\u0103r\u0103 restric\u021bie de interval orar.<span class=\"Apple-converted-space\">\u00a0<\/span><\/p><p class=\"p1\">Pot fi utilizate \u0219i tichetele\/cardurile de vacan\u021b\u0103!<\/p>\t\t\t\t\t\t\t\t<\/div>\n\t\t\t\t\t<\/div>\n\t\t<\/div>\n\t\t\t\t\t<\/div>\n\t\t<\/section>\n\t\t\t\t<section class=\"elementor-section elementor-top-section elementor-element elementor-element-b36cc8c elementor-section-boxed elementor-section-height-default elementor-section-height-default\" data-id=\"b36cc8c\" data-element_type=\"section\" data-e-type=\"section\">\n\t\t\t\t\t\t<div class=\"elementor-container elementor-column-gap-default\">\n\t\t\t\t\t<div class=\"elementor-column elementor-col-100 elementor-top-column elementor-element elementor-element-e8c099f\" data-id=\"e8c099f\" data-element_type=\"column\" data-e-type=\"column\">\n\t\t\t<div class=\"elementor-widget-wrap\">\n\t\t\t\t\t\t\t<\/div>\n\t\t<\/div>\n\t\t\t\t\t<\/div>\n\t\t<\/section>\n\t\t\t\t<section class=\"elementor-section elementor-top-section elementor-element elementor-element-60af715 elementor-section-boxed elementor-section-height-default elementor-section-height-default\" data-id=\"60af715\" data-element_type=\"section\" data-e-type=\"section\">\n\t\t\t\t\t\t<div class=\"elementor-container elementor-column-gap-default\">\n\t\t\t\t\t<div class=\"elementor-column elementor-col-100 elementor-top-column elementor-element elementor-element-caa1248\" data-id=\"caa1248\" data-element_type=\"column\" data-e-type=\"column\">\n\t\t\t<div class=\"elementor-widget-wrap elementor-element-populated\">\n\t\t\t\t\t\t<div class=\"elementor-element elementor-element-a122790 elementor-widget elementor-widget-shortcode\" data-id=\"a122790\" data-element_type=\"widget\" data-e-type=\"widget\" data-widget_type=\"shortcode.default\">\n\t\t\t\t\t\t\t<div class=\"elementor-shortcode\"><section id=\"pixel-contact-footer\">\n    <div class=\"pixel-container\">\n\n        <div class=\"pixel-blue-bar\">\n            <h2>Localizare \u0219i Contact<\/h2>\n        <\/div>\n        <div class=\"pixel-card contact-wrapper\">\n            <div class=\"contact-grid\">\n                \n                <div class=\"contact-info\">\n                    <h3>Pixel Resort<\/h3>\n                    <p style=\"font-size: 14px; color: #666; margin-bottom: 20px;\">V\u0103 a\u0219tept\u0103m cu drag \u00een T\u00e2rgu Secuiesc!<\/p>\n                    \n                    <div class=\"info-row\">\n                        <i class=\"fa-solid fa-location-dot\"><\/i>\n                        <span><strong>Strada Arany J\u00e1nos, nr. 6<\/strong>,<br>T\u00e2rgu Secuiesc, Jud. Covasna<\/span>\n                    <\/div>\n                    \n                    <div class=\"info-row\">\n                        <i class=\"fa-solid fa-phone\"><\/i>\n                        <a href=\"tel:+40786100250\" style=\"font-weight: 700; color: #003580;\">0786 100 250<\/a>\n                    <\/div>\n                    \n                    <div class=\"info-row\">\n                        <i class=\"fa-solid fa-envelope\"><\/i>\n                        <a href=\"mailto:office@targusecuiesc.eu\">office@targusecuiesc.eu<\/a>\n                    <\/div>\n                    \n                    <div class=\"social-links\">\n                        <p>Social Media:<\/p>\n                        <a href=\"https:\/\/www.facebook.com\/pensiuneapixel\" target=\"_blank\" class=\"social-btn fb\"><i class=\"fa-brands fa-facebook\"><\/i><\/a>\n                        <a href=\"https:\/\/www.instagram.com\/pixelresort\" target=\"_blank\" class=\"social-btn ig\"><i class=\"fa-brands fa-instagram\"><\/i><\/a>\n                    <\/div>\n                <\/div>\n\n                <div class=\"contact-map\">\n                    <iframe \n                        data-src=\"https:\/\/www.google.com\/maps\/embed?pb=!1m18!1m12!1m3!1d2771.23456789!2d26.1386!3d45.9961!2m3!1f0!2f0!3f0!3m2!1i1024!2i768!4f13.1!3m3!1m2!1s0x0%3A0x0!2zNDXCsDU5JzQ2LjAiTiAyNsKwMDgnMTkuMCJF!5e0!3m2!1sro!2sro!4v1700000000000!5m2!1sro!2sro\" \n                        width=\"100%\" height=\"100%\" style=\"border:0; min-height: 300px;\" allowfullscreen=\"\" src=\"data:image\/svg+xml;base64,PHN2ZyB3aWR0aD0iMSIgaGVpZ2h0PSIxIiB4bWxucz0iaHR0cDovL3d3dy53My5vcmcvMjAwMC9zdmciPjwvc3ZnPg==\" class=\"lazyload\" data-load-mode=\"1\">\n                    <\/iframe>\n                <\/div>\n\n            <\/div>\n        <\/div>\n\n        <footer class=\"pixel-footer\">\n            <p>\u00a9 2026 Pixel Resort T\u00e2rgu Secuiesc. Toate drepturile rezervate.<\/p>\n        <\/footer>\n\n    <\/div>\n<\/section>\n\n<style>\n    .contact-wrapper { padding: 0 !important; overflow: hidden; border: 1px solid #e6e6e6; }\n    .contact-grid { display: grid; grid-template-columns: 1fr 1fr; }\n    \n    .contact-info { padding: 40px; background: #fff; }\n    .contact-info h3 { color: #003580; margin: 0 0 10px 0; font-size: 24px; font-weight: 800; }\n    \n    .info-row { display: flex; align-items: flex-start; gap: 15px; margin-bottom: 20px; }\n    .info-row i { color: #003580; font-size: 20px; margin-top: 4px; }\n    .info-row span, .info-row a { font-size: 16px; color: #333; text-decoration: none; line-height: 1.4; }\n\n    .social-links { margin-top: 30px; padding-top: 20px; border-top: 1px solid #eee; }\n    .social-links p { font-size: 12px; font-weight: 700; color: #999; text-transform: uppercase; letter-spacing: 1px; }\n    .social-btn { display: inline-flex; align-items: center; justify-content: center; width: 45px; height: 45px; border-radius: 50%; background: #003580; color: #fff !important; margin-right: 12px; transition: 0.3s; }\n    .social-btn:hover { background: #ffb700; color: #003580 !important; transform: translateY(-3px); }\n\n    .contact-map { min-height: 300px; }\n\n    .pixel-footer { padding: 40px 10px; text-align: center; }\n    .pixel-footer p { font-size: 14px; color: #888; margin: 0; }\n\n    @media (max-width: 768px) {\n        .contact-grid { grid-template-columns: 1fr; }\n        .contact-info { padding: 30px 20px; text-align: center; }\n        .info-row { justify-content: center; text-align: center; }\n        .contact-map { order: -1; height: 250px; }\n    }\n<\/style><\/div>\n\t\t\t\t\t\t<\/div>\n\t\t\t\t\t<\/div>\n\t\t<\/div>\n\t\t\t\t\t<\/div>\n\t\t<\/section>\n\t\t\t\t<\/div>\n\t\t","protected":false},"excerpt":{"rendered":"<p>Tiny Campus Energie verde \u0219i confort modern \u00een T\u00e2rgu Secuiesc Cazare inedit\u0103 \u00een T\u00e2rgu Secuiesc Tiny Campus ofer\u0103 cazare \u00een T\u00e2rgu Secuiesc (jud. Covasna) \u00een cadrul complexului Pixel Resort. Dispunem de 4 case mobile moderne (33 mp fiecare), oferind \u00een total 16 locuri de cazare. Fiecare unitate este dotat\u0103 cu baie, living, buc\u0103t\u0103rie, LED TV, [&hellip;]<\/p>\n","protected":false},"author":1,"featured_media":0,"parent":0,"menu_order":0,"comment_status":"closed","ping_status":"closed","template":"elementor_header_footer","meta":{"ocean_post_layout":"","ocean_both_sidebars_style":"","ocean_both_sidebars_content_width":0,"ocean_both_sidebars_sidebars_width":0,"ocean_sidebar":"","ocean_second_sidebar":"","ocean_disable_margins":"enable","ocean_add_body_class":"","ocean_shortcode_before_top_bar":"","ocean_shortcode_after_top_bar":"","ocean_shortcode_before_header":"","ocean_shortcode_after_header":"","ocean_has_shortcode":"","ocean_shortcode_after_title":"","ocean_shortcode_before_footer_widgets":"","ocean_shortcode_after_footer_widgets":"","ocean_shortcode_before_footer_bottom":"","ocean_shortcode_after_footer_bottom":"","ocean_display_top_bar":"default","ocean_display_header":"default","ocean_header_style":"","ocean_center_header_left_menu":"","ocean_custom_header_template":"","ocean_custom_logo":0,"ocean_custom_retina_logo":0,"ocean_custom_logo_max_width":0,"ocean_custom_logo_tablet_max_width":0,"ocean_custom_logo_mobile_max_width":0,"ocean_custom_logo_max_height":0,"ocean_custom_logo_tablet_max_height":0,"ocean_custom_logo_mobile_max_height":0,"ocean_header_custom_menu":"","ocean_menu_typo_font_family":"","ocean_menu_typo_font_subset":"","ocean_menu_typo_font_size":0,"ocean_menu_typo_font_size_tablet":0,"ocean_menu_typo_font_size_mobile":0,"ocean_menu_typo_font_size_unit":"px","ocean_menu_typo_font_weight":"","ocean_menu_typo_font_weight_tablet":"","ocean_menu_typo_font_weight_mobile":"","ocean_menu_typo_transform":"","ocean_menu_typo_transform_tablet":"","ocean_menu_typo_transform_mobile":"","ocean_menu_typo_line_height":0,"ocean_menu_typo_line_height_tablet":0,"ocean_menu_typo_line_height_mobile":0,"ocean_menu_typo_line_height_unit":"","ocean_menu_typo_spacing":0,"ocean_menu_typo_spacing_tablet":0,"ocean_menu_typo_spacing_mobile":0,"ocean_menu_typo_spacing_unit":"","ocean_menu_link_color":"","ocean_menu_link_color_hover":"","ocean_menu_link_color_active":"","ocean_menu_link_background":"","ocean_menu_link_hover_background":"","ocean_menu_link_active_background":"","ocean_menu_social_links_bg":"","ocean_menu_social_hover_links_bg":"","ocean_menu_social_links_color":"","ocean_menu_social_hover_links_color":"","ocean_disable_title":"default","ocean_disable_heading":"default","ocean_post_title":"","ocean_post_subheading":"","ocean_post_title_style":"","ocean_post_title_background_color":"","ocean_post_title_background":0,"ocean_post_title_bg_image_position":"","ocean_post_title_bg_image_attachment":"","ocean_post_title_bg_image_repeat":"","ocean_post_title_bg_image_size":"","ocean_post_title_height":0,"ocean_post_title_bg_overlay":0.5,"ocean_post_title_bg_overlay_color":"","ocean_disable_breadcrumbs":"default","ocean_breadcrumbs_color":"","ocean_breadcrumbs_separator_color":"","ocean_breadcrumbs_links_color":"","ocean_breadcrumbs_links_hover_color":"","ocean_display_footer_widgets":"default","ocean_display_footer_bottom":"default","ocean_custom_footer_template":"","_joinchat":[],"footnotes":""},"class_list":["post-425","page","type-page","status-publish","hentry","entry"],"yoast_head":"<!-- This site is optimized with the Yoast SEO plugin v27.5 - https:\/\/yoast.com\/product\/yoast-seo-wordpress\/ -->\n<title>Tiny Campus - Cazare \u00een T\u00e2rgu Secueisc<\/title>\n<meta name=\"description\" content=\"Tiny Campus ofer\u0103 cazare Targu Secueisc, are o suprafa\u021b\u0103 de 33 mp. Loca\u021bia asigur\u0103 turistilor 12 de locuri de cazare \u00een 3 case mobile.\" \/>\n<meta name=\"robots\" content=\"index, follow, max-snippet:-1, max-image-preview:large, max-video-preview:-1\" \/>\n<link rel=\"canonical\" href=\"https:\/\/targusecuiesc.eu\/ro\/tiny-campus\/\" \/>\n<meta property=\"og:locale\" content=\"ro_RO\" \/>\n<meta property=\"og:type\" content=\"article\" \/>\n<meta property=\"og:title\" content=\"Tiny Campus | Cazare in Targu Secuiesc\" \/>\n<meta property=\"og:description\" content=\"Tiny Campus ofer\u0103 cazare Targu Secueisc, are o suprafa\u021b\u0103 de 33 mp. Loca\u021bia asigur\u0103 turistilor 12 de locuri de cazare \u00een 3 case mobile.\" \/>\n<meta property=\"og:url\" content=\"https:\/\/targusecuiesc.eu\/ro\/tiny-campus\/\" \/>\n<meta property=\"og:site_name\" content=\"Cazare \u00een T\u00e2rgu Secueisc\" \/>\n<meta property=\"article:modified_time\" content=\"2026-01-04T18:44:35+00:00\" \/>\n<meta property=\"og:image\" content=\"https:\/\/targusecuiesc.eu\/wp-content\/uploads\/2022\/06\/tiny-house-Targu-Secuiesc._1JPG-scaled.jpg\" \/>\n\t<meta property=\"og:image:width\" content=\"1024\" \/>\n\t<meta property=\"og:image:height\" content=\"768\" \/>\n\t<meta property=\"og:image:type\" content=\"image\/jpeg\" \/>\n<meta name=\"twitter:card\" content=\"summary_large_image\" \/>\n<meta name=\"twitter:label1\" content=\"Timp estimat pentru citire\" \/>\n\t<meta name=\"twitter:data1\" content=\"2 minute\" \/>\n<script type=\"application\/ld+json\" class=\"yoast-schema-graph\">{\"@context\":\"https:\\\/\\\/schema.org\",\"@graph\":[{\"@type\":\"WebPage\",\"@id\":\"https:\\\/\\\/targusecuiesc.eu\\\/tiny-campus\\\/\",\"url\":\"https:\\\/\\\/targusecuiesc.eu\\\/tiny-campus\\\/\",\"name\":\"Tiny Campus - Cazare \u00een T\u00e2rgu Secueisc\",\"isPartOf\":{\"@id\":\"https:\\\/\\\/targusecuiesc.eu\\\/#website\"},\"primaryImageOfPage\":{\"@id\":\"https:\\\/\\\/targusecuiesc.eu\\\/tiny-campus\\\/#primaryimage\"},\"image\":{\"@id\":\"https:\\\/\\\/targusecuiesc.eu\\\/tiny-campus\\\/#primaryimage\"},\"thumbnailUrl\":\"https:\\\/\\\/targusecuiesc.eu\\\/wp-content\\\/uploads\\\/2022\\\/05\\\/IMG_9992-scaled.jpg\",\"datePublished\":\"2022-05-19T13:25:15+00:00\",\"dateModified\":\"2026-01-04T18:44:35+00:00\",\"description\":\"Tiny Campus ofer\u0103 cazare Targu Secueisc, are o suprafa\u021b\u0103 de 33 mp. Loca\u021bia asigur\u0103 turistilor 12 de locuri de cazare \u00een 3 case mobile.\",\"breadcrumb\":{\"@id\":\"https:\\\/\\\/targusecuiesc.eu\\\/tiny-campus\\\/#breadcrumb\"},\"inLanguage\":\"ro-RO\",\"potentialAction\":[{\"@type\":\"ReadAction\",\"target\":[\"https:\\\/\\\/targusecuiesc.eu\\\/tiny-campus\\\/\"]}]},{\"@type\":\"ImageObject\",\"inLanguage\":\"ro-RO\",\"@id\":\"https:\\\/\\\/targusecuiesc.eu\\\/tiny-campus\\\/#primaryimage\",\"url\":\"https:\\\/\\\/targusecuiesc.eu\\\/wp-content\\\/uploads\\\/2022\\\/05\\\/IMG_9992-scaled.jpg\",\"contentUrl\":\"https:\\\/\\\/targusecuiesc.eu\\\/wp-content\\\/uploads\\\/2022\\\/05\\\/IMG_9992-scaled.jpg\"},{\"@type\":\"BreadcrumbList\",\"@id\":\"https:\\\/\\\/targusecuiesc.eu\\\/tiny-campus\\\/#breadcrumb\",\"itemListElement\":[{\"@type\":\"ListItem\",\"position\":1,\"name\":\"Prima pagin\u0103\",\"item\":\"https:\\\/\\\/targusecuiesc.eu\\\/\"},{\"@type\":\"ListItem\",\"position\":2,\"name\":\"Tiny Campus\"}]},{\"@type\":\"WebSite\",\"@id\":\"https:\\\/\\\/targusecuiesc.eu\\\/#website\",\"url\":\"https:\\\/\\\/targusecuiesc.eu\\\/\",\"name\":\"Cazare \u00een T\u00e2rgu Secueisc\",\"description\":\"Te afli \u00een c\u0103utarea unui loc potrivit de cazare \u00een T\u00e2rgu Secuiesc?\",\"publisher\":{\"@id\":\"https:\\\/\\\/targusecuiesc.eu\\\/#organization\"},\"alternateName\":\"Te afli in cautarea unui loc potrivit de cazare in Targu Secuiesc?\",\"potentialAction\":[{\"@type\":\"SearchAction\",\"target\":{\"@type\":\"EntryPoint\",\"urlTemplate\":\"https:\\\/\\\/targusecuiesc.eu\\\/?s={search_term_string}\"},\"query-input\":{\"@type\":\"PropertyValueSpecification\",\"valueRequired\":true,\"valueName\":\"search_term_string\"}}],\"inLanguage\":\"ro-RO\"},{\"@type\":\"Organization\",\"@id\":\"https:\\\/\\\/targusecuiesc.eu\\\/#organization\",\"name\":\"Cazare \u00een T\u00e2rgu Secueisc\",\"alternateName\":\"Te afli in cautarea unui loc potrivit de cazare in Targu Secuiesc?\",\"url\":\"https:\\\/\\\/targusecuiesc.eu\\\/\",\"logo\":{\"@type\":\"ImageObject\",\"inLanguage\":\"ro-RO\",\"@id\":\"https:\\\/\\\/targusecuiesc.eu\\\/#\\\/schema\\\/logo\\\/image\\\/\",\"url\":\"https:\\\/\\\/targusecuiesc.eu\\\/wp-content\\\/uploads\\\/2022\\\/05\\\/cropped-targu-secuiesc-1-e1653031917947.png\",\"contentUrl\":\"https:\\\/\\\/targusecuiesc.eu\\\/wp-content\\\/uploads\\\/2022\\\/05\\\/cropped-targu-secuiesc-1-e1653031917947.png\",\"width\":512,\"height\":512,\"caption\":\"Cazare \u00een T\u00e2rgu Secueisc\"},\"image\":{\"@id\":\"https:\\\/\\\/targusecuiesc.eu\\\/#\\\/schema\\\/logo\\\/image\\\/\"}}]}<\/script>\n<!-- \/ Yoast SEO plugin. -->","yoast_head_json":{"title":"Tiny Campus - Cazare \u00een T\u00e2rgu Secueisc","description":"Tiny Campus ofer\u0103 cazare Targu Secueisc, are o suprafa\u021b\u0103 de 33 mp. Loca\u021bia asigur\u0103 turistilor 12 de locuri de cazare \u00een 3 case mobile.","robots":{"index":"index","follow":"follow","max-snippet":"max-snippet:-1","max-image-preview":"max-image-preview:large","max-video-preview":"max-video-preview:-1"},"canonical":"https:\/\/targusecuiesc.eu\/ro\/tiny-campus\/","og_locale":"ro_RO","og_type":"article","og_title":"Tiny Campus | Cazare in Targu Secuiesc","og_description":"Tiny Campus ofer\u0103 cazare Targu Secueisc, are o suprafa\u021b\u0103 de 33 mp. Loca\u021bia asigur\u0103 turistilor 12 de locuri de cazare \u00een 3 case mobile.","og_url":"https:\/\/targusecuiesc.eu\/ro\/tiny-campus\/","og_site_name":"Cazare \u00een T\u00e2rgu Secueisc","article_modified_time":"2026-01-04T18:44:35+00:00","og_image":[{"width":1024,"height":768,"url":"https:\/\/targusecuiesc.eu\/wp-content\/uploads\/2022\/06\/tiny-house-Targu-Secuiesc._1JPG-scaled.jpg","type":"image\/jpeg"}],"twitter_card":"summary_large_image","twitter_misc":{"Timp estimat pentru citire":"2 minute"},"schema":{"@context":"https:\/\/schema.org","@graph":[{"@type":"WebPage","@id":"https:\/\/targusecuiesc.eu\/tiny-campus\/","url":"https:\/\/targusecuiesc.eu\/tiny-campus\/","name":"Tiny Campus - Cazare \u00een T\u00e2rgu Secueisc","isPartOf":{"@id":"https:\/\/targusecuiesc.eu\/#website"},"primaryImageOfPage":{"@id":"https:\/\/targusecuiesc.eu\/tiny-campus\/#primaryimage"},"image":{"@id":"https:\/\/targusecuiesc.eu\/tiny-campus\/#primaryimage"},"thumbnailUrl":"https:\/\/targusecuiesc.eu\/wp-content\/uploads\/2022\/05\/IMG_9992-scaled.jpg","datePublished":"2022-05-19T13:25:15+00:00","dateModified":"2026-01-04T18:44:35+00:00","description":"Tiny Campus ofer\u0103 cazare Targu Secueisc, are o suprafa\u021b\u0103 de 33 mp. Loca\u021bia asigur\u0103 turistilor 12 de locuri de cazare \u00een 3 case mobile.","breadcrumb":{"@id":"https:\/\/targusecuiesc.eu\/tiny-campus\/#breadcrumb"},"inLanguage":"ro-RO","potentialAction":[{"@type":"ReadAction","target":["https:\/\/targusecuiesc.eu\/tiny-campus\/"]}]},{"@type":"ImageObject","inLanguage":"ro-RO","@id":"https:\/\/targusecuiesc.eu\/tiny-campus\/#primaryimage","url":"https:\/\/targusecuiesc.eu\/wp-content\/uploads\/2022\/05\/IMG_9992-scaled.jpg","contentUrl":"https:\/\/targusecuiesc.eu\/wp-content\/uploads\/2022\/05\/IMG_9992-scaled.jpg"},{"@type":"BreadcrumbList","@id":"https:\/\/targusecuiesc.eu\/tiny-campus\/#breadcrumb","itemListElement":[{"@type":"ListItem","position":1,"name":"Prima pagin\u0103","item":"https:\/\/targusecuiesc.eu\/"},{"@type":"ListItem","position":2,"name":"Tiny Campus"}]},{"@type":"WebSite","@id":"https:\/\/targusecuiesc.eu\/#website","url":"https:\/\/targusecuiesc.eu\/","name":"Cazare \u00een T\u00e2rgu Secueisc","description":"Te afli \u00een c\u0103utarea unui loc potrivit de cazare \u00een T\u00e2rgu Secuiesc?","publisher":{"@id":"https:\/\/targusecuiesc.eu\/#organization"},"alternateName":"Te afli in cautarea unui loc potrivit de cazare in Targu Secuiesc?","potentialAction":[{"@type":"SearchAction","target":{"@type":"EntryPoint","urlTemplate":"https:\/\/targusecuiesc.eu\/?s={search_term_string}"},"query-input":{"@type":"PropertyValueSpecification","valueRequired":true,"valueName":"search_term_string"}}],"inLanguage":"ro-RO"},{"@type":"Organization","@id":"https:\/\/targusecuiesc.eu\/#organization","name":"Cazare \u00een T\u00e2rgu Secueisc","alternateName":"Te afli in cautarea unui loc potrivit de cazare in Targu Secuiesc?","url":"https:\/\/targusecuiesc.eu\/","logo":{"@type":"ImageObject","inLanguage":"ro-RO","@id":"https:\/\/targusecuiesc.eu\/#\/schema\/logo\/image\/","url":"https:\/\/targusecuiesc.eu\/wp-content\/uploads\/2022\/05\/cropped-targu-secuiesc-1-e1653031917947.png","contentUrl":"https:\/\/targusecuiesc.eu\/wp-content\/uploads\/2022\/05\/cropped-targu-secuiesc-1-e1653031917947.png","width":512,"height":512,"caption":"Cazare \u00een T\u00e2rgu Secueisc"},"image":{"@id":"https:\/\/targusecuiesc.eu\/#\/schema\/logo\/image\/"}}]}},"_links":{"self":[{"href":"https:\/\/targusecuiesc.eu\/ro\/wp-json\/wp\/v2\/pages\/425","targetHints":{"allow":["GET"]}}],"collection":[{"href":"https:\/\/targusecuiesc.eu\/ro\/wp-json\/wp\/v2\/pages"}],"about":[{"href":"https:\/\/targusecuiesc.eu\/ro\/wp-json\/wp\/v2\/types\/page"}],"author":[{"embeddable":true,"href":"https:\/\/targusecuiesc.eu\/ro\/wp-json\/wp\/v2\/users\/1"}],"replies":[{"embeddable":true,"href":"https:\/\/targusecuiesc.eu\/ro\/wp-json\/wp\/v2\/comments?post=425"}],"version-history":[{"count":0,"href":"https:\/\/targusecuiesc.eu\/ro\/wp-json\/wp\/v2\/pages\/425\/revisions"}],"wp:attachment":[{"href":"https:\/\/targusecuiesc.eu\/ro\/wp-json\/wp\/v2\/media?parent=425"}],"curies":[{"name":"wp","href":"https:\/\/api.w.org\/{rel}","templated":true}]}}