{"id":307,"date":"2022-05-19T12:50:59","date_gmt":"2022-05-19T12:50:59","guid":{"rendered":"https:\/\/targusecuiesc.eu\/?page_id=307"},"modified":"2023-01-06T16:07:42","modified_gmt":"2023-01-06T14:07:42","slug":"voros-panzio","status":"publish","type":"page","link":"https:\/\/targusecuiesc.eu\/hu\/pensiunea-voros\/","title":{"rendered":"V\u00f6r\u00f6s panzi\u00f3"},"content":{"rendered":"<div data-elementor-type=\"wp-page\" data-elementor-id=\"307\" class=\"elementor elementor-307\" data-elementor-post-type=\"page\">\n\t\t\t\t\t\t<section class=\"elementor-section elementor-top-section elementor-element elementor-element-9bab5e6 elementor-section-boxed elementor-section-height-default elementor-section-height-default\" data-id=\"9bab5e6\" data-element_type=\"section\" data-e-type=\"section\">\n\t\t\t\t\t\t<div class=\"elementor-container elementor-column-gap-default\">\n\t\t\t\t\t<div class=\"elementor-column elementor-col-100 elementor-top-column elementor-element elementor-element-af02d02\" data-id=\"af02d02\" data-element_type=\"column\" data-e-type=\"column\">\n\t\t\t<div class=\"elementor-widget-wrap elementor-element-populated\">\n\t\t\t\t\t\t<div class=\"elementor-element elementor-element-d96c43b elementor-widget elementor-widget-image\" data-id=\"d96c43b\" data-element_type=\"widget\" data-e-type=\"widget\" data-widget_type=\"image.default\">\n\t\t\t\t\t\t\t\t\t\t\t\t\t\t\t<img decoding=\"async\" width=\"300\" height=\"97\" data-src=\"https:\/\/targusecuiesc.eu\/wp-content\/uploads\/2022\/05\/Voros-logo1.png\" class=\"attachment-medium size-medium wp-image-319 lazyload\" alt=\"\" data-srcset=\"https:\/\/targusecuiesc.eu\/wp-content\/uploads\/2022\/05\/Voros-logo1.png 1024w, https:\/\/targusecuiesc.eu\/wp-content\/uploads\/2022\/05\/Voros-logo1-600x195.png 600w\" data-sizes=\"(max-width: 300px) 100vw, 300px\" src=\"data:image\/svg+xml;base64,PHN2ZyB3aWR0aD0iMSIgaGVpZ2h0PSIxIiB4bWxucz0iaHR0cDovL3d3dy53My5vcmcvMjAwMC9zdmciPjwvc3ZnPg==\" style=\"--smush-placeholder-width: 300px; --smush-placeholder-aspect-ratio: 300\/97;\" \/>\t\t\t\t\t\t\t\t\t\t\t\t\t\t\t<\/div>\n\t\t\t\t\t<\/div>\n\t\t<\/div>\n\t\t\t\t\t<\/div>\n\t\t<\/section>\n\t\t\t\t<section class=\"elementor-section elementor-top-section elementor-element elementor-element-69d3b5f elementor-section-content-middle elementor-section-boxed elementor-section-height-default elementor-section-height-default\" data-id=\"69d3b5f\" data-element_type=\"section\" data-e-type=\"section\">\n\t\t\t\t\t\t<div class=\"elementor-container elementor-column-gap-default\">\n\t\t\t\t\t<div class=\"elementor-column elementor-col-66 elementor-top-column elementor-element elementor-element-1258522\" data-id=\"1258522\" data-element_type=\"column\" data-e-type=\"column\">\n\t\t\t<div class=\"elementor-widget-wrap elementor-element-populated\">\n\t\t\t\t\t\t<div class=\"elementor-element elementor-element-a3958bb elementor-widget elementor-widget-heading\" data-id=\"a3958bb\" data-element_type=\"widget\" data-e-type=\"widget\" data-widget_type=\"heading.default\">\n\t\t\t\t\t<h1 class=\"elementor-heading-title elementor-size-default\">V\u00f6r\u00f6s panzi\u00f3<\/h1>\t\t\t\t<\/div>\n\t\t\t\t<div class=\"elementor-element elementor-element-fea8689 elementor-widget-divider--view-line elementor-widget elementor-widget-divider\" data-id=\"fea8689\" data-element_type=\"widget\" data-e-type=\"widget\" data-widget_type=\"divider.default\">\n\t\t\t\t\t\t\t<div class=\"elementor-divider\">\n\t\t\t<span class=\"elementor-divider-separator\">\n\t\t\t\t\t\t<\/span>\n\t\t<\/div>\n\t\t\t\t\t\t<\/div>\n\t\t\t\t<div class=\"elementor-element elementor-element-cb62e9c elementor-widget elementor-widget-text-editor\" data-id=\"cb62e9c\" data-element_type=\"widget\" data-e-type=\"widget\" data-widget_type=\"text-editor.default\">\n\t\t\t\t\t\t\t\t\t<p class=\"translation-block\">A V\u00f6r\u00f6s Panzi\u00f3 K\u00e9zdiv\u00e1s\u00e1rhely municipium t\u00f6rt\u00e9nelmi f\u0151ter\u00e9n, v\u00f6r\u00f6sre festett sz\u00ednben pomp\u00e1zik.\n \nEmeleti szob\u00e1inkban \u00e9s az apartmanban \u00f6sszesen tizenhat szem\u00e9lynek biztos\u00edtunk sz\u00e1ll\u00e1st a v\u00e1ros legsz\u00ednvonalasabb panzi\u00f3j\u00e1ban. A sz\u00e1ll\u00e1sk\u00f6r\u00fclm\u00e9nyek *** sz\u00ednvonalnak felelnek meg. L\u00e9gkondicion\u00e1lt k\u00e9tszem\u00e9lyes szob\u00e1inkban k\u00f6zpontif\u0171t\u00e9s, hideg - \u00e9s melegv\u00edz, egy\u00e9ni f\u00fcrd\u0151szoba, sz\u00ednestelevzi\u00f3, wi-fi tal\u00e1lhat\u00f3. \nA b\u00fatorok k\u00f6zt XVII. sz\u00e1zadv\u00e9gi k\u00e9s\u0151renesz\u00e1nsz mennyezetes \u00e1gy, barokk faliszekr\u00e9ny, k\u00e9s\u0151barokk \u00f6lt\u00f6z\u0151asztalka, directoire hever\u0151, biedermeier \u00fcl\u0151garnit\u00fara, eklektikus asztalka \u00e9pp\u00fagy megtal\u00e1lhat\u00f3 mint szecesszi\u00f3s szalongarnit\u00fara vagy b\u00e9csi korai modern \u00fcl\u0151garnitura.\nA b\u00fatorok r\u00e9szben eredetiek, r\u00e9szben r\u00e9gi st\u00edl\u00fasban most k\u00e9sz\u00fcltek a helyi b\u00fatorgy\u00e1rban. Ezeknek \u00e9s kieg\u00e9sz\u00edt\u0151knek elhelyez\u00e9se a lak\u00e1s \u00e9vsz\u00e1zadok alatt kialak\u00edtott jelleg\u00e9t id\u00e9zik.\n\n\n \nFigyelembe v\u00e9ve a v\u00e1ros \u00e9s a k\u00f6rny\u00e9k m\u00e1s aj\u00e1nlatait, \u00e1rainkat szolg\u00e1ltat\u00e1sainkhoz m\u00e9rten kedvez\u0151k\u00e9ppen alak\u00edtottuk, mint ilyen minden vend\u00e9g\u00fcnknek reggelit biztos\u00edtunk, vagy k\u00e9r\u00e9sre \u00e9telcsomagot \u00e1ll\u00edtunk \u00f6ssze.<\/p><p>Pontos c\u00edm K\u00e9zdiv\u00e1s\u00e1rhely, G\u00e1bor \u00c1ron t\u00e9r, 19<\/p>\t\t\t\t\t\t\t\t<\/div>\n\t\t\t\t<div class=\"elementor-element elementor-element-aaaa456 elementor-align-left elementor-mobile-align-justify elementor-widget elementor-widget-button\" data-id=\"aaaa456\" data-element_type=\"widget\" data-e-type=\"widget\" data-widget_type=\"button.default\">\n\t\t\t\t\t\t\t\t\t\t<a class=\"elementor-button elementor-button-link elementor-size-md\" href=\"https:\/\/targusecuiesc.eu\/hu\/kapcsolatfelvetel\/\">\n\t\t\t\t\t\t<span class=\"elementor-button-content-wrapper\">\n\t\t\t\t\t\t\t\t\t<span class=\"elementor-button-text\">Foglalj most!<\/span>\n\t\t\t\t\t<\/span>\n\t\t\t\t\t<\/a>\n\t\t\t\t\t\t\t\t<\/div>\n\t\t\t\t\t<\/div>\n\t\t<\/div>\n\t\t\t\t<div class=\"elementor-column elementor-col-33 elementor-top-column elementor-element elementor-element-56beba6\" data-id=\"56beba6\" data-element_type=\"column\" data-e-type=\"column\">\n\t\t\t<div class=\"elementor-widget-wrap elementor-element-populated\">\n\t\t\t\t\t\t<div class=\"elementor-element elementor-element-9d1a8ec elementor-widget elementor-widget-image-carousel\" data-id=\"9d1a8ec\" data-element_type=\"widget\" data-e-type=\"widget\" data-settings=\"{&quot;slides_to_show&quot;:&quot;1&quot;,&quot;navigation&quot;:&quot;none&quot;,&quot;autoplay&quot;:&quot;yes&quot;,&quot;pause_on_hover&quot;:&quot;yes&quot;,&quot;pause_on_interaction&quot;:&quot;yes&quot;,&quot;autoplay_speed&quot;:5000,&quot;infinite&quot;:&quot;yes&quot;,&quot;effect&quot;:&quot;slide&quot;,&quot;speed&quot;:500}\" data-widget_type=\"image-carousel.default\">\n\t\t\t\t\t\t\t<div class=\"elementor-image-carousel-wrapper swiper\" role=\"region\" aria-roledescription=\"carousel\" aria-label=\"Carusel de imagini\" dir=\"ltr\">\n\t\t\t<div class=\"elementor-image-carousel swiper-wrapper\" aria-live=\"off\">\n\t\t\t\t\t\t\t\t<div class=\"swiper-slide\" role=\"group\" aria-roledescription=\"slide\" aria-label=\"1 din 8\"><figure class=\"swiper-slide-inner\"><img decoding=\"async\" class=\"swiper-slide-image lazyload\" data-src=\"https:\/\/targusecuiesc.eu\/wp-content\/uploads\/2022\/05\/DJI_0343-1-scaled.jpg\" alt=\"DJI_0343-1\" src=\"data:image\/svg+xml;base64,PHN2ZyB3aWR0aD0iMSIgaGVpZ2h0PSIxIiB4bWxucz0iaHR0cDovL3d3dy53My5vcmcvMjAwMC9zdmciPjwvc3ZnPg==\" style=\"--smush-placeholder-width: 1024px; --smush-placeholder-aspect-ratio: 1024\/767;\" \/><\/figure><\/div><div class=\"swiper-slide\" role=\"group\" aria-roledescription=\"slide\" aria-label=\"2 din 8\"><figure class=\"swiper-slide-inner\"><img decoding=\"async\" class=\"swiper-slide-image lazyload\" data-src=\"https:\/\/targusecuiesc.eu\/wp-content\/uploads\/2022\/05\/MAT6507-scaled.jpg\" alt=\"MAT6507\" src=\"data:image\/svg+xml;base64,PHN2ZyB3aWR0aD0iMSIgaGVpZ2h0PSIxIiB4bWxucz0iaHR0cDovL3d3dy53My5vcmcvMjAwMC9zdmciPjwvc3ZnPg==\" style=\"--smush-placeholder-width: 1024px; --smush-placeholder-aspect-ratio: 1024\/683;\" \/><\/figure><\/div><div class=\"swiper-slide\" role=\"group\" aria-roledescription=\"slide\" aria-label=\"3 din 8\"><figure class=\"swiper-slide-inner\"><img decoding=\"async\" class=\"swiper-slide-image lazyload\" data-src=\"https:\/\/targusecuiesc.eu\/wp-content\/uploads\/2022\/05\/MAT6506-scaled.jpg\" alt=\"MAT6506\" src=\"data:image\/svg+xml;base64,PHN2ZyB3aWR0aD0iMSIgaGVpZ2h0PSIxIiB4bWxucz0iaHR0cDovL3d3dy53My5vcmcvMjAwMC9zdmciPjwvc3ZnPg==\" style=\"--smush-placeholder-width: 1024px; --smush-placeholder-aspect-ratio: 1024\/683;\" \/><\/figure><\/div><div class=\"swiper-slide\" role=\"group\" aria-roledescription=\"slide\" aria-label=\"4 din 8\"><figure class=\"swiper-slide-inner\"><img decoding=\"async\" class=\"swiper-slide-image lazyload\" data-src=\"https:\/\/targusecuiesc.eu\/wp-content\/uploads\/2022\/05\/MAT5661-scaled.jpg\" alt=\"MAT5661\" src=\"data:image\/svg+xml;base64,PHN2ZyB3aWR0aD0iMSIgaGVpZ2h0PSIxIiB4bWxucz0iaHR0cDovL3d3dy53My5vcmcvMjAwMC9zdmciPjwvc3ZnPg==\" style=\"--smush-placeholder-width: 1024px; --smush-placeholder-aspect-ratio: 1024\/683;\" \/><\/figure><\/div><div class=\"swiper-slide\" role=\"group\" aria-roledescription=\"slide\" aria-label=\"5 din 8\"><figure class=\"swiper-slide-inner\"><img decoding=\"async\" class=\"swiper-slide-image lazyload\" data-src=\"https:\/\/targusecuiesc.eu\/wp-content\/uploads\/2022\/05\/MAT6494-scaled.jpg\" alt=\"MAT6494\" src=\"data:image\/svg+xml;base64,PHN2ZyB3aWR0aD0iMSIgaGVpZ2h0PSIxIiB4bWxucz0iaHR0cDovL3d3dy53My5vcmcvMjAwMC9zdmciPjwvc3ZnPg==\" style=\"--smush-placeholder-width: 1024px; --smush-placeholder-aspect-ratio: 1024\/683;\" \/><\/figure><\/div><div class=\"swiper-slide\" role=\"group\" aria-roledescription=\"slide\" aria-label=\"6 din 8\"><figure class=\"swiper-slide-inner\"><img decoding=\"async\" class=\"swiper-slide-image lazyload\" data-src=\"https:\/\/targusecuiesc.eu\/wp-content\/uploads\/2022\/05\/MAT6502-1024x683.jpg\" alt=\"MAT6502\" src=\"data:image\/svg+xml;base64,PHN2ZyB3aWR0aD0iMSIgaGVpZ2h0PSIxIiB4bWxucz0iaHR0cDovL3d3dy53My5vcmcvMjAwMC9zdmciPjwvc3ZnPg==\" style=\"--smush-placeholder-width: 1024px; --smush-placeholder-aspect-ratio: 1024\/683;\" \/><\/figure><\/div><div class=\"swiper-slide\" role=\"group\" aria-roledescription=\"slide\" aria-label=\"7 din 8\"><figure class=\"swiper-slide-inner\"><img decoding=\"async\" class=\"swiper-slide-image lazyload\" data-src=\"https:\/\/targusecuiesc.eu\/wp-content\/uploads\/2022\/05\/MAT7252-scaled.jpg\" alt=\"MAT7252\" src=\"data:image\/svg+xml;base64,PHN2ZyB3aWR0aD0iMSIgaGVpZ2h0PSIxIiB4bWxucz0iaHR0cDovL3d3dy53My5vcmcvMjAwMC9zdmciPjwvc3ZnPg==\" style=\"--smush-placeholder-width: 1024px; --smush-placeholder-aspect-ratio: 1024\/683;\" \/><\/figure><\/div><div class=\"swiper-slide\" role=\"group\" aria-roledescription=\"slide\" aria-label=\"8 din 8\"><figure class=\"swiper-slide-inner\"><img decoding=\"async\" class=\"swiper-slide-image lazyload\" data-src=\"https:\/\/targusecuiesc.eu\/wp-content\/uploads\/2022\/05\/MAT9084-1024x683.jpg\" alt=\"MAT9084\" src=\"data:image\/svg+xml;base64,PHN2ZyB3aWR0aD0iMSIgaGVpZ2h0PSIxIiB4bWxucz0iaHR0cDovL3d3dy53My5vcmcvMjAwMC9zdmciPjwvc3ZnPg==\" style=\"--smush-placeholder-width: 1024px; --smush-placeholder-aspect-ratio: 1024\/683;\" \/><\/figure><\/div>\t\t\t<\/div>\n\t\t\t\t\t\t\t\n\t\t\t\t\t\t\t\t\t<\/div>\n\t\t\t\t\t\t<\/div>\n\t\t\t\t\t<\/div>\n\t\t<\/div>\n\t\t\t\t\t<\/div>\n\t\t<\/section>\n\t\t\t\t<section class=\"elementor-section elementor-top-section elementor-element elementor-element-f8a11a9 elementor-section-boxed elementor-section-height-default elementor-section-height-default\" data-id=\"f8a11a9\" data-element_type=\"section\" data-e-type=\"section\">\n\t\t\t\t\t\t<div class=\"elementor-container elementor-column-gap-default\">\n\t\t\t\t\t<div class=\"elementor-column elementor-col-100 elementor-top-column elementor-element elementor-element-87ae5f1\" data-id=\"87ae5f1\" data-element_type=\"column\" data-e-type=\"column\">\n\t\t\t<div class=\"elementor-widget-wrap elementor-element-populated\">\n\t\t\t\t\t\t<div class=\"elementor-element elementor-element-2fbf9da elementor-widget elementor-widget-text-editor\" data-id=\"2fbf9da\" data-element_type=\"widget\" data-e-type=\"widget\" data-widget_type=\"text-editor.default\">\n\t\t\t\t\t\t\t\t\t<div class=\"CjVfdc\">+\/- 35 Ron\/f\u0151\/\u00e9jszaka<\/div><div id=\"h.dm1plo12nqgi\" class=\"GV3q8e aP9Z7e\">\u00a0<\/div><div class=\"CjVfdc\"><p>Az \u00e1raink csak a sz\u00e1ll\u00e1st foglalj\u00e1k magukba<\/p><\/div><div class=\"CjVfdc\"><p><em>Az \u00e1rak 2 szem\u00e9ly r\u00e9szere sz\u00f3lnak<\/em><\/p><\/div><div class=\"CjVfdc\"><h6>Aki hosszabb peri\u00f3dusra foglal, az kedvezmenyben r\u00e9szes\u00fcl!<\/h6><h5><span class=\"Ztu2ge\">Sz\u00e1ll\u00e1s elfoglal\u00e1sa: 15:30-t\u00f3l<\/span>\u00a0<\/h5><\/div><div class=\"CjVfdc\"><div class=\"CjVfdc\"><h6><span class=\"Ztu2ge\">Check out: 11-ig<\/span><\/h6><\/div><\/div>\t\t\t\t\t\t\t\t<\/div>\n\t\t\t\t\t<\/div>\n\t\t<\/div>\n\t\t\t\t\t<\/div>\n\t\t<\/section>\n\t\t\t\t<section class=\"elementor-section elementor-top-section elementor-element elementor-element-b832a09 elementor-section-boxed elementor-section-height-default elementor-section-height-default\" data-id=\"b832a09\" data-element_type=\"section\" data-e-type=\"section\">\n\t\t\t\t\t\t<div class=\"elementor-container elementor-column-gap-default\">\n\t\t\t\t\t<div class=\"elementor-column elementor-col-100 elementor-top-column elementor-element elementor-element-5896c86\" data-id=\"5896c86\" data-element_type=\"column\" data-e-type=\"column\">\n\t\t\t<div class=\"elementor-widget-wrap elementor-element-populated\">\n\t\t\t\t\t\t<div class=\"elementor-element elementor-element-82484f6 elementor-widget elementor-widget-heading\" data-id=\"82484f6\" data-element_type=\"widget\" data-e-type=\"widget\" data-widget_type=\"heading.default\">\n\t\t\t\t\t<h2 class=\"elementor-heading-title elementor-size-default\"><a href=\"https:\/\/targusecuiesc.eu\/hu\/\">Sz\u00e1ll\u00e1shely K\u00e9zdiv\u00e1s\u00e1rhely sz\u00edv\u00e9ben<\/a><\/h2>\t\t\t\t<\/div>\n\t\t\t\t\t<\/div>\n\t\t<\/div>\n\t\t\t\t\t<\/div>\n\t\t<\/section>\n\t\t\t\t<section class=\"elementor-section elementor-top-section elementor-element elementor-element-b775e4d elementor-section-boxed elementor-section-height-default elementor-section-height-default\" data-id=\"b775e4d\" data-element_type=\"section\" data-e-type=\"section\">\n\t\t\t\t\t\t<div class=\"elementor-container elementor-column-gap-default\">\n\t\t\t\t\t<div class=\"elementor-column elementor-col-100 elementor-top-column elementor-element elementor-element-76fc9c8\" data-id=\"76fc9c8\" data-element_type=\"column\" data-e-type=\"column\">\n\t\t\t<div class=\"elementor-widget-wrap elementor-element-populated\">\n\t\t\t\t\t\t<div class=\"elementor-element elementor-element-1c8895b elementor-widget elementor-widget-google_maps\" data-id=\"1c8895b\" data-element_type=\"widget\" data-e-type=\"widget\" data-widget_type=\"google_maps.default\">\n\t\t\t\t\t\t\t<div class=\"elementor-custom-embed\">\n\t\t\t<iframe\n\t\t\t\t\tdata-src=\"https:\/\/maps.google.com\/maps?q=piata%20gabor%20aron%2019&#038;t=m&#038;z=10&#038;output=embed&#038;iwloc=near\"\n\t\t\t\t\ttitle=\"19 gabor aron t\u00e9r\"\n\t\t\t\t\taria-label=\"19 gabor aron t\u00e9r\"\n\t\t\t src=\"data:image\/svg+xml;base64,PHN2ZyB3aWR0aD0iMSIgaGVpZ2h0PSIxIiB4bWxucz0iaHR0cDovL3d3dy53My5vcmcvMjAwMC9zdmciPjwvc3ZnPg==\" class=\"lazyload\" data-load-mode=\"1\"><\/iframe>\n\t\t<\/div>\n\t\t\t\t\t\t<\/div>\n\t\t\t\t\t<\/div>\n\t\t<\/div>\n\t\t\t\t\t<\/div>\n\t\t<\/section>\n\t\t\t\t<section class=\"elementor-section elementor-top-section elementor-element elementor-element-1ffcbdb elementor-section-boxed elementor-section-height-default elementor-section-height-default\" data-id=\"1ffcbdb\" data-element_type=\"section\" data-e-type=\"section\">\n\t\t\t\t\t\t<div class=\"elementor-container elementor-column-gap-default\">\n\t\t\t\t\t<div class=\"elementor-column elementor-col-100 elementor-top-column elementor-element elementor-element-ca30a5f\" data-id=\"ca30a5f\" data-element_type=\"column\" data-e-type=\"column\">\n\t\t\t<div class=\"elementor-widget-wrap elementor-element-populated\">\n\t\t\t\t\t\t<div class=\"elementor-element elementor-element-3214b1c elementor-widget elementor-widget-accordion\" data-id=\"3214b1c\" data-element_type=\"widget\" data-e-type=\"widget\" data-widget_type=\"accordion.default\">\n\t\t\t\t\t\t\t<div class=\"elementor-accordion\">\n\t\t\t\t\t\t\t<div class=\"elementor-accordion-item\">\n\t\t\t\t\t<div id=\"elementor-tab-title-5251\" class=\"elementor-tab-title\" data-tab=\"1\" role=\"button\" aria-controls=\"elementor-tab-content-5251\" aria-expanded=\"false\">\n\t\t\t\t\t\t\t\t\t\t\t\t\t<span class=\"elementor-accordion-icon elementor-accordion-icon-left\" aria-hidden=\"true\">\n\t\t\t\t\t\t\t\t\t\t\t\t\t\t\t<span class=\"elementor-accordion-icon-closed\"><svg class=\"e-font-icon-svg e-fas-plus\" viewbox=\"0 0 448 512\" xmlns=\"http:\/\/www.w3.org\/2000\/svg\"><path d=\"M416 208H272V64c0-17.67-14.33-32-32-32h-32c-17.67 0-32 14.33-32 32v144H32c-17.67 0-32 14.33-32 32v32c0 17.67 14.33 32 32 32h144v144c0 17.67 14.33 32 32 32h32c17.67 0 32-14.33 32-32V304h144c17.67 0 32-14.33 32-32v-32c0-17.67-14.33-32-32-32z\"><\/path><\/svg><\/span>\n\t\t\t\t\t\t\t\t<span class=\"elementor-accordion-icon-opened\"><svg class=\"e-font-icon-svg e-fas-minus\" viewbox=\"0 0 448 512\" xmlns=\"http:\/\/www.w3.org\/2000\/svg\"><path d=\"M416 208H32c-17.67 0-32 14.33-32 32v32c0 17.67 14.33 32 32 32h384c17.67 0 32-14.33 32-32v-32c0-17.67-14.33-32-32-32z\"><\/path><\/svg><\/span>\n\t\t\t\t\t\t\t\t\t\t\t\t\t\t<\/span>\n\t\t\t\t\t\t\t\t\t\t\t\t<a class=\"elementor-accordion-title\" tabindex=\"0\">Milyen fizet\u0151eszk\u00f6z\u00f6ket fogadnak el?<\/a>\n\t\t\t\t\t<\/div>\n\t\t\t\t\t<div id=\"elementor-tab-content-5251\" class=\"elementor-tab-content elementor-clearfix\" data-tab=\"1\" role=\"region\" aria-labelledby=\"elementor-tab-title-5251\"><p>K\u00e9szp\u00e9nz, Bankk\u00e1rtya, vak\u00e1ci\u00f3s jegy, utal\u00e1s<\/p><\/div>\n\t\t\t\t<\/div>\n\t\t\t\t\t\t\t<div class=\"elementor-accordion-item\">\n\t\t\t\t\t<div id=\"elementor-tab-title-5252\" class=\"elementor-tab-title\" data-tab=\"2\" role=\"button\" aria-controls=\"elementor-tab-content-5252\" aria-expanded=\"false\">\n\t\t\t\t\t\t\t\t\t\t\t\t\t<span class=\"elementor-accordion-icon elementor-accordion-icon-left\" aria-hidden=\"true\">\n\t\t\t\t\t\t\t\t\t\t\t\t\t\t\t<span class=\"elementor-accordion-icon-closed\"><svg class=\"e-font-icon-svg e-fas-plus\" viewbox=\"0 0 448 512\" xmlns=\"http:\/\/www.w3.org\/2000\/svg\"><path d=\"M416 208H272V64c0-17.67-14.33-32-32-32h-32c-17.67 0-32 14.33-32 32v144H32c-17.67 0-32 14.33-32 32v32c0 17.67 14.33 32 32 32h144v144c0 17.67 14.33 32 32 32h32c17.67 0 32-14.33 32-32V304h144c17.67 0 32-14.33 32-32v-32c0-17.67-14.33-32-32-32z\"><\/path><\/svg><\/span>\n\t\t\t\t\t\t\t\t<span class=\"elementor-accordion-icon-opened\"><svg class=\"e-font-icon-svg e-fas-minus\" viewbox=\"0 0 448 512\" xmlns=\"http:\/\/www.w3.org\/2000\/svg\"><path d=\"M416 208H32c-17.67 0-32 14.33-32 32v32c0 17.67 14.33 32 32 32h384c17.67 0 32-14.33 32-32v-32c0-17.67-14.33-32-32-32z\"><\/path><\/svg><\/span>\n\t\t\t\t\t\t\t\t\t\t\t\t\t\t<\/span>\n\t\t\t\t\t\t\t\t\t\t\t\t<a class=\"elementor-accordion-title\" tabindex=\"0\">Lehet-e vak\u00e1ci\u00f3s jeggyel fizetni?<\/a>\n\t\t\t\t\t<\/div>\n\t\t\t\t\t<div id=\"elementor-tab-content-5252\" class=\"elementor-tab-content elementor-clearfix\" data-tab=\"2\" role=\"region\" aria-labelledby=\"elementor-tab-title-5252\"><p>Lehet fizetni vak\u00e1ci\u00f3s jeggyel.<\/p><\/div>\n\t\t\t\t<\/div>\n\t\t\t\t\t\t\t\t<\/div>\n\t\t\t\t\t\t<\/div>\n\t\t\t\t\t<\/div>\n\t\t<\/div>\n\t\t\t\t\t<\/div>\n\t\t<\/section>\n\t\t\t\t<section class=\"elementor-section elementor-top-section elementor-element elementor-element-4402630 elementor-section-boxed elementor-section-height-default elementor-section-height-default\" data-id=\"4402630\" data-element_type=\"section\" data-e-type=\"section\">\n\t\t\t\t\t\t<div class=\"elementor-container elementor-column-gap-default\">\n\t\t\t\t\t<div class=\"elementor-column elementor-col-100 elementor-top-column elementor-element elementor-element-9542637\" data-id=\"9542637\" data-element_type=\"column\" data-e-type=\"column\">\n\t\t\t<div class=\"elementor-widget-wrap elementor-element-populated\">\n\t\t\t\t\t\t<div class=\"elementor-element elementor-element-6a90c3b elementor-widget elementor-widget-text-editor\" data-id=\"6a90c3b\" data-element_type=\"widget\" data-e-type=\"widget\" data-widget_type=\"text-editor.default\">\n\t\t\t\t\t\t\t\t\t<p class=\"p1\">A Voros Panzi\u00f3 a v\u00e1ros k\u00f6zpontj\u00e1ban tal\u00e1lhat\u00f3. <a href=\"https:\/\/targusecuiesc.eu\/hu\/\">, K\u00e9zdiv\u00e1s\u00e1rhely<\/a>, 300 m-re a Moln\u00e1r J\u00f3zsi\u00e1s Parkt\u00f3l, k\u00e9nyelmes szob\u00e1kat k\u00edn\u00e1l a vend\u00e9gek sz\u00e1m\u00e1ra, hogy a tart\u00f3zkod\u00e1s hossz\u00e1t\u00f3l f\u00fcggetlen\u00fcl eml\u00e9kezetes nyaral\u00e1st \u00e9lvezhessenek.<\/p><p class=\"p1\">A Vigad\u00f3 Sz\u00ednh\u00e1z 80 m\u00e9terre, az Incze L\u00e1szl\u00f3 M\u00fazeum pedig 80 m\u00e9terre tal\u00e1lhat\u00f3 a vend\u00e9gh\u00e1zt\u00f3l.<\/p><p class=\"p1\">A 3 sz\u00e1zszorsz\u00e9p kateg\u00f3ri\u00e1ba sorolt Pension Voros 5 szob\u00e1ban k\u00edn\u00e1l sz\u00e1ll\u00e1st, amelyek egy\u00e1gyas \u00e9s k\u00e9t\u00e1gyas szob\u00e1kra oszthat\u00f3k, francia\u00e1gyas vagy k\u00e9t k\u00fcl\u00f6n\u00e1ll\u00f3 \u00e1ggyal. A szob\u00e1k saj\u00e1t zuhanyz\u00f3s f\u00fcrd\u0151szob\u00e1val, TV-vel, h\u0171t\u0151szekr\u00e9nnyel, Wi-fivel \u00e9s \u00f6n\u00e1ll\u00f3 bejelentkez\u00e9ssel felszereltek.<\/p>\t\t\t\t\t\t\t\t<\/div>\n\t\t\t\t\t<\/div>\n\t\t<\/div>\n\t\t\t\t\t<\/div>\n\t\t<\/section>\n\t\t\t\t<section class=\"elementor-section elementor-top-section elementor-element elementor-element-43dcbbe elementor-section-boxed elementor-section-height-default elementor-section-height-default\" data-id=\"43dcbbe\" data-element_type=\"section\" data-e-type=\"section\">\n\t\t\t\t\t\t<div class=\"elementor-container elementor-column-gap-default\">\n\t\t\t\t\t<div class=\"elementor-column elementor-col-100 elementor-top-column elementor-element elementor-element-7b9fcf3\" data-id=\"7b9fcf3\" data-element_type=\"column\" data-e-type=\"column\">\n\t\t\t<div class=\"elementor-widget-wrap elementor-element-populated\">\n\t\t\t\t\t\t<div class=\"elementor-element elementor-element-f7bdf46 elementor-widget elementor-widget-gallery\" data-id=\"f7bdf46\" data-element_type=\"widget\" data-e-type=\"widget\" data-settings=\"{&quot;gallery_layout&quot;:&quot;masonry&quot;,&quot;lazyload&quot;:&quot;yes&quot;,&quot;columns&quot;:4,&quot;columns_tablet&quot;:2,&quot;columns_mobile&quot;:1,&quot;gap&quot;:{&quot;unit&quot;:&quot;px&quot;,&quot;size&quot;:10,&quot;sizes&quot;:[]},&quot;gap_tablet&quot;:{&quot;unit&quot;:&quot;px&quot;,&quot;size&quot;:10,&quot;sizes&quot;:[]},&quot;gap_mobile&quot;:{&quot;unit&quot;:&quot;px&quot;,&quot;size&quot;:10,&quot;sizes&quot;:[]},&quot;link_to&quot;:&quot;file&quot;,&quot;overlay_background&quot;:&quot;yes&quot;,&quot;content_hover_animation&quot;:&quot;fade-in&quot;}\" data-widget_type=\"gallery.default\">\n\t\t\t\t\t\t\t<div class=\"elementor-gallery__container\">\n\t\t\t\t\t\t\t<a class=\"e-gallery-item elementor-gallery-item elementor-animated-content\" href=\"https:\/\/targusecuiesc.eu\/wp-content\/uploads\/2022\/05\/facebook.jpg\" data-elementor-open-lightbox=\"yes\" data-elementor-lightbox-slideshow=\"f7bdf46\" data-elementor-lightbox-title=\"Cazare Targu Secueisc | Pixel Guesthouse\" data-e-action-hash=\"#elementor-action%3Aaction%3Dlightbox%26settings%3DeyJpZCI6NDA1LCJ1cmwiOiJodHRwczpcL1wvdGFyZ3VzZWN1aWVzYy5ldVwvd3AtY29udGVudFwvdXBsb2Fkc1wvMjAyMlwvMDVcL2ZhY2Vib29rLmpwZyIsInNsaWRlc2hvdyI6ImY3YmRmNDYifQ%3D%3D\">\n\t\t\t\t\t<div class=\"e-gallery-image elementor-gallery-item__image\" data-thumbnail=\"https:\/\/targusecuiesc.eu\/wp-content\/uploads\/2022\/05\/facebook.jpg\" data-width=\"300\" data-height=\"111\" aria-label=\"Sz\u00e1ll\u00e1s Targu Secueisc\" role=\"img\" ><\/div>\n\t\t\t\t\t\t\t\t\t\t\t<div class=\"elementor-gallery-item__overlay\"><\/div>\n\t\t\t\t\t\t\t\t\t\t\t\t\t\t<\/a>\n\t\t\t\t\t\t\t<a class=\"e-gallery-item elementor-gallery-item elementor-animated-content\" href=\"https:\/\/targusecuiesc.eu\/wp-content\/uploads\/2022\/05\/DJI_0343-1-1-scaled.jpg\" data-elementor-open-lightbox=\"yes\" data-elementor-lightbox-slideshow=\"f7bdf46\" data-elementor-lightbox-title=\"Pensiunea Voros | Cazare Targu Secueisc\" data-e-action-hash=\"#elementor-action%3Aaction%3Dlightbox%26settings%3DeyJpZCI6MzkzLCJ1cmwiOiJodHRwczpcL1wvdGFyZ3VzZWN1aWVzYy5ldVwvd3AtY29udGVudFwvdXBsb2Fkc1wvMjAyMlwvMDVcL0RKSV8wMzQzLTEtMS1zY2FsZWQuanBnIiwic2xpZGVzaG93IjoiZjdiZGY0NiJ9\">\n\t\t\t\t\t<div class=\"e-gallery-image elementor-gallery-item__image\" data-thumbnail=\"https:\/\/targusecuiesc.eu\/wp-content\/uploads\/2022\/05\/DJI_0343-1-1-scaled.jpg\" data-width=\"300\" data-height=\"225\" aria-label=\"Pension Voros | Sz\u00e1ll\u00e1s Targu Secueisc\" role=\"img\" ><\/div>\n\t\t\t\t\t\t\t\t\t\t\t<div class=\"elementor-gallery-item__overlay\"><\/div>\n\t\t\t\t\t\t\t\t\t\t\t\t\t\t<\/a>\n\t\t\t\t\t\t\t<a class=\"e-gallery-item elementor-gallery-item elementor-animated-content\" href=\"https:\/\/targusecuiesc.eu\/wp-content\/uploads\/2022\/05\/MAT9638-scaled.jpg\" data-elementor-open-lightbox=\"yes\" data-elementor-lightbox-slideshow=\"f7bdf46\" data-elementor-lightbox-title=\"_MAT9638\" data-e-action-hash=\"#elementor-action%3Aaction%3Dlightbox%26settings%3DeyJpZCI6Mzc4LCJ1cmwiOiJodHRwczpcL1wvdGFyZ3VzZWN1aWVzYy5ldVwvd3AtY29udGVudFwvdXBsb2Fkc1wvMjAyMlwvMDVcL01BVDk2Mzgtc2NhbGVkLmpwZyIsInNsaWRlc2hvdyI6ImY3YmRmNDYifQ%3D%3D\">\n\t\t\t\t\t<div class=\"e-gallery-image elementor-gallery-item__image\" data-thumbnail=\"https:\/\/targusecuiesc.eu\/wp-content\/uploads\/2022\/05\/MAT9638-scaled.jpg\" data-width=\"300\" data-height=\"200\" aria-label=\"\" role=\"img\" ><\/div>\n\t\t\t\t\t\t\t\t\t\t\t<div class=\"elementor-gallery-item__overlay\"><\/div>\n\t\t\t\t\t\t\t\t\t\t\t\t\t\t<\/a>\n\t\t\t\t\t\t\t<a class=\"e-gallery-item elementor-gallery-item elementor-animated-content\" href=\"https:\/\/targusecuiesc.eu\/wp-content\/uploads\/2022\/05\/MAT9634-scaled-e1662663618506.jpg\" data-elementor-open-lightbox=\"yes\" data-elementor-lightbox-slideshow=\"f7bdf46\" data-elementor-lightbox-title=\"Pensiunea Voros | Cazare Targu Secueisc\" data-e-action-hash=\"#elementor-action%3Aaction%3Dlightbox%26settings%3DeyJpZCI6Mzc1LCJ1cmwiOiJodHRwczpcL1wvdGFyZ3VzZWN1aWVzYy5ldVwvd3AtY29udGVudFwvdXBsb2Fkc1wvMjAyMlwvMDVcL01BVDk2MzQtc2NhbGVkLWUxNjYyNjYzNjE4NTA2LmpwZyIsInNsaWRlc2hvdyI6ImY3YmRmNDYifQ%3D%3D\">\n\t\t\t\t\t<div class=\"e-gallery-image elementor-gallery-item__image\" data-thumbnail=\"https:\/\/targusecuiesc.eu\/wp-content\/uploads\/2022\/05\/MAT9634-scaled-e1662663618506.jpg\" data-width=\"300\" data-height=\"200\" aria-label=\"Pension Voros | Sz\u00e1ll\u00e1s Targu Secuiesc\" role=\"img\" ><\/div>\n\t\t\t\t\t\t\t\t\t\t\t<div class=\"elementor-gallery-item__overlay\"><\/div>\n\t\t\t\t\t\t\t\t\t\t\t\t\t\t<\/a>\n\t\t\t\t\t\t\t<a class=\"e-gallery-item elementor-gallery-item elementor-animated-content\" href=\"https:\/\/targusecuiesc.eu\/wp-content\/uploads\/2022\/05\/MAT9632-scaled.jpg\" data-elementor-open-lightbox=\"yes\" data-elementor-lightbox-slideshow=\"f7bdf46\" data-elementor-lightbox-title=\"Pensiunea Voros | Cazare Targu Secueisc\" data-e-action-hash=\"#elementor-action%3Aaction%3Dlightbox%26settings%3DeyJpZCI6Mzc0LCJ1cmwiOiJodHRwczpcL1wvdGFyZ3VzZWN1aWVzYy5ldVwvd3AtY29udGVudFwvdXBsb2Fkc1wvMjAyMlwvMDVcL01BVDk2MzItc2NhbGVkLmpwZyIsInNsaWRlc2hvdyI6ImY3YmRmNDYifQ%3D%3D\">\n\t\t\t\t\t<div class=\"e-gallery-image elementor-gallery-item__image\" data-thumbnail=\"https:\/\/targusecuiesc.eu\/wp-content\/uploads\/2022\/05\/MAT9632-scaled.jpg\" data-width=\"200\" data-height=\"300\" aria-label=\"Pension Voros | Sz\u00e1ll\u00e1s Targu Secueisc\" role=\"img\" ><\/div>\n\t\t\t\t\t\t\t\t\t\t\t<div class=\"elementor-gallery-item__overlay\"><\/div>\n\t\t\t\t\t\t\t\t\t\t\t\t\t\t<\/a>\n\t\t\t\t\t\t\t<a class=\"e-gallery-item elementor-gallery-item elementor-animated-content\" href=\"https:\/\/targusecuiesc.eu\/wp-content\/uploads\/2022\/05\/MAT9105-scaled.jpg\" data-elementor-open-lightbox=\"yes\" data-elementor-lightbox-slideshow=\"f7bdf46\" data-elementor-lightbox-title=\"Casa Voros | Cazare Targu Secueisc\" data-e-action-hash=\"#elementor-action%3Aaction%3Dlightbox%26settings%3DeyJpZCI6MzczLCJ1cmwiOiJodHRwczpcL1wvdGFyZ3VzZWN1aWVzYy5ldVwvd3AtY29udGVudFwvdXBsb2Fkc1wvMjAyMlwvMDVcL01BVDkxMDUtc2NhbGVkLmpwZyIsInNsaWRlc2hvdyI6ImY3YmRmNDYifQ%3D%3D\">\n\t\t\t\t\t<div class=\"e-gallery-image elementor-gallery-item__image\" data-thumbnail=\"https:\/\/targusecuiesc.eu\/wp-content\/uploads\/2022\/05\/MAT9105-300x200.jpg\" data-width=\"300\" data-height=\"200\" aria-label=\"Casa Voros | Sz\u00e1ll\u00e1s Targu Secueisc\" role=\"img\" ><\/div>\n\t\t\t\t\t\t\t\t\t\t\t<div class=\"elementor-gallery-item__overlay\"><\/div>\n\t\t\t\t\t\t\t\t\t\t\t\t\t\t<\/a>\n\t\t\t\t\t\t\t<a class=\"e-gallery-item elementor-gallery-item elementor-animated-content\" href=\"https:\/\/targusecuiesc.eu\/wp-content\/uploads\/2022\/05\/MAT9103-scaled.jpg\" data-elementor-open-lightbox=\"yes\" data-elementor-lightbox-slideshow=\"f7bdf46\" data-elementor-lightbox-title=\"Casa Voros | Cazare Targu Secueisc\" data-e-action-hash=\"#elementor-action%3Aaction%3Dlightbox%26settings%3DeyJpZCI6MzcyLCJ1cmwiOiJodHRwczpcL1wvdGFyZ3VzZWN1aWVzYy5ldVwvd3AtY29udGVudFwvdXBsb2Fkc1wvMjAyMlwvMDVcL01BVDkxMDMtc2NhbGVkLmpwZyIsInNsaWRlc2hvdyI6ImY3YmRmNDYifQ%3D%3D\">\n\t\t\t\t\t<div class=\"e-gallery-image elementor-gallery-item__image\" data-thumbnail=\"https:\/\/targusecuiesc.eu\/wp-content\/uploads\/2022\/05\/MAT9103-300x200.jpg\" data-width=\"300\" data-height=\"200\" aria-label=\"Casa Voros | Sz\u00e1ll\u00e1s Targu Secueisc\" role=\"img\" ><\/div>\n\t\t\t\t\t\t\t\t\t\t\t<div class=\"elementor-gallery-item__overlay\"><\/div>\n\t\t\t\t\t\t\t\t\t\t\t\t\t\t<\/a>\n\t\t\t\t\t\t\t<a class=\"e-gallery-item elementor-gallery-item elementor-animated-content\" href=\"https:\/\/targusecuiesc.eu\/wp-content\/uploads\/2022\/05\/MAT9102-scaled.jpg\" data-elementor-open-lightbox=\"yes\" data-elementor-lightbox-slideshow=\"f7bdf46\" data-elementor-lightbox-title=\"Casa Voros | Cazare Targu Secueisc\" data-e-action-hash=\"#elementor-action%3Aaction%3Dlightbox%26settings%3DeyJpZCI6MzcxLCJ1cmwiOiJodHRwczpcL1wvdGFyZ3VzZWN1aWVzYy5ldVwvd3AtY29udGVudFwvdXBsb2Fkc1wvMjAyMlwvMDVcL01BVDkxMDItc2NhbGVkLmpwZyIsInNsaWRlc2hvdyI6ImY3YmRmNDYifQ%3D%3D\">\n\t\t\t\t\t<div class=\"e-gallery-image elementor-gallery-item__image\" data-thumbnail=\"https:\/\/targusecuiesc.eu\/wp-content\/uploads\/2022\/05\/MAT9102-300x200.jpg\" data-width=\"300\" data-height=\"200\" aria-label=\"Casa Voros | Sz\u00e1ll\u00e1s Targu Secueisc\" role=\"img\" ><\/div>\n\t\t\t\t\t\t\t\t\t\t\t<div class=\"elementor-gallery-item__overlay\"><\/div>\n\t\t\t\t\t\t\t\t\t\t\t\t\t\t<\/a>\n\t\t\t\t\t\t\t<a class=\"e-gallery-item elementor-gallery-item elementor-animated-content\" href=\"https:\/\/targusecuiesc.eu\/wp-content\/uploads\/2022\/05\/MAT9085-scaled.jpg\" data-elementor-open-lightbox=\"yes\" data-elementor-lightbox-slideshow=\"f7bdf46\" data-elementor-lightbox-title=\"Casa Voros | Cazare Targu Secueisc\" data-e-action-hash=\"#elementor-action%3Aaction%3Dlightbox%26settings%3DeyJpZCI6MzY2LCJ1cmwiOiJodHRwczpcL1wvdGFyZ3VzZWN1aWVzYy5ldVwvd3AtY29udGVudFwvdXBsb2Fkc1wvMjAyMlwvMDVcL01BVDkwODUtc2NhbGVkLmpwZyIsInNsaWRlc2hvdyI6ImY3YmRmNDYifQ%3D%3D\">\n\t\t\t\t\t<div class=\"e-gallery-image elementor-gallery-item__image\" data-thumbnail=\"https:\/\/targusecuiesc.eu\/wp-content\/uploads\/2022\/05\/MAT9085-scaled.jpg\" data-width=\"300\" data-height=\"200\" aria-label=\"Casa Voros | Sz\u00e1ll\u00e1s Targu Secueisc\" role=\"img\" ><\/div>\n\t\t\t\t\t\t\t\t\t\t\t<div class=\"elementor-gallery-item__overlay\"><\/div>\n\t\t\t\t\t\t\t\t\t\t\t\t\t\t<\/a>\n\t\t\t\t\t\t\t<a class=\"e-gallery-item elementor-gallery-item elementor-animated-content\" href=\"https:\/\/targusecuiesc.eu\/wp-content\/uploads\/2022\/05\/MAT9084-1-scaled.jpg\" data-elementor-open-lightbox=\"yes\" data-elementor-lightbox-slideshow=\"f7bdf46\" data-elementor-lightbox-title=\"Casa Voros | Cazare Targu Secueisc\" data-e-action-hash=\"#elementor-action%3Aaction%3Dlightbox%26settings%3DeyJpZCI6MzY1LCJ1cmwiOiJodHRwczpcL1wvdGFyZ3VzZWN1aWVzYy5ldVwvd3AtY29udGVudFwvdXBsb2Fkc1wvMjAyMlwvMDVcL01BVDkwODQtMS1zY2FsZWQuanBnIiwic2xpZGVzaG93IjoiZjdiZGY0NiJ9\">\n\t\t\t\t\t<div class=\"e-gallery-image elementor-gallery-item__image\" data-thumbnail=\"https:\/\/targusecuiesc.eu\/wp-content\/uploads\/2022\/05\/MAT9084-1-scaled.jpg\" data-width=\"300\" data-height=\"200\" aria-label=\"Casa Voros | Sz\u00e1ll\u00e1s Targu Secueisc\" role=\"img\" ><\/div>\n\t\t\t\t\t\t\t\t\t\t\t<div class=\"elementor-gallery-item__overlay\"><\/div>\n\t\t\t\t\t\t\t\t\t\t\t\t\t\t<\/a>\n\t\t\t\t\t\t\t<a class=\"e-gallery-item elementor-gallery-item elementor-animated-content\" href=\"https:\/\/targusecuiesc.eu\/wp-content\/uploads\/2022\/05\/MAT9080-scaled.jpg\" data-elementor-open-lightbox=\"yes\" data-elementor-lightbox-slideshow=\"f7bdf46\" data-elementor-lightbox-title=\"Casa Voros | Cazare Targu Secueisc\" data-e-action-hash=\"#elementor-action%3Aaction%3Dlightbox%26settings%3DeyJpZCI6MzY0LCJ1cmwiOiJodHRwczpcL1wvdGFyZ3VzZWN1aWVzYy5ldVwvd3AtY29udGVudFwvdXBsb2Fkc1wvMjAyMlwvMDVcL01BVDkwODAtc2NhbGVkLmpwZyIsInNsaWRlc2hvdyI6ImY3YmRmNDYifQ%3D%3D\">\n\t\t\t\t\t<div class=\"e-gallery-image elementor-gallery-item__image\" data-thumbnail=\"https:\/\/targusecuiesc.eu\/wp-content\/uploads\/2022\/05\/MAT9080-scaled.jpg\" data-width=\"300\" data-height=\"200\" aria-label=\"Casa Voros | Sz\u00e1ll\u00e1s Targu Secueisc\" role=\"img\" ><\/div>\n\t\t\t\t\t\t\t\t\t\t\t<div class=\"elementor-gallery-item__overlay\"><\/div>\n\t\t\t\t\t\t\t\t\t\t\t\t\t\t<\/a>\n\t\t\t\t\t\t\t<a class=\"e-gallery-item elementor-gallery-item elementor-animated-content\" href=\"https:\/\/targusecuiesc.eu\/wp-content\/uploads\/2022\/05\/MAT9079-scaled.jpg\" data-elementor-open-lightbox=\"yes\" data-elementor-lightbox-slideshow=\"f7bdf46\" data-elementor-lightbox-title=\"Casa Voros | Cazare Targu Secueisc\" data-e-action-hash=\"#elementor-action%3Aaction%3Dlightbox%26settings%3DeyJpZCI6MzYzLCJ1cmwiOiJodHRwczpcL1wvdGFyZ3VzZWN1aWVzYy5ldVwvd3AtY29udGVudFwvdXBsb2Fkc1wvMjAyMlwvMDVcL01BVDkwNzktc2NhbGVkLmpwZyIsInNsaWRlc2hvdyI6ImY3YmRmNDYifQ%3D%3D\">\n\t\t\t\t\t<div class=\"e-gallery-image elementor-gallery-item__image\" data-thumbnail=\"https:\/\/targusecuiesc.eu\/wp-content\/uploads\/2022\/05\/MAT9079-scaled.jpg\" data-width=\"300\" data-height=\"200\" aria-label=\"Casa Voros | Sz\u00e1ll\u00e1s Targu Secueisc\" role=\"img\" ><\/div>\n\t\t\t\t\t\t\t\t\t\t\t<div class=\"elementor-gallery-item__overlay\"><\/div>\n\t\t\t\t\t\t\t\t\t\t\t\t\t\t<\/a>\n\t\t\t\t\t\t\t<a class=\"e-gallery-item elementor-gallery-item elementor-animated-content\" href=\"https:\/\/targusecuiesc.eu\/wp-content\/uploads\/2022\/05\/MAT6506-1-scaled.jpg\" data-elementor-open-lightbox=\"yes\" data-elementor-lightbox-slideshow=\"f7bdf46\" data-elementor-lightbox-title=\"Casa Voros | Cazare Targu Secueisc\" data-e-action-hash=\"#elementor-action%3Aaction%3Dlightbox%26settings%3DeyJpZCI6MzQ3LCJ1cmwiOiJodHRwczpcL1wvdGFyZ3VzZWN1aWVzYy5ldVwvd3AtY29udGVudFwvdXBsb2Fkc1wvMjAyMlwvMDVcL01BVDY1MDYtMS1zY2FsZWQuanBnIiwic2xpZGVzaG93IjoiZjdiZGY0NiJ9\">\n\t\t\t\t\t<div class=\"e-gallery-image elementor-gallery-item__image\" data-thumbnail=\"https:\/\/targusecuiesc.eu\/wp-content\/uploads\/2022\/05\/MAT6506-1-scaled.jpg\" data-width=\"300\" data-height=\"200\" aria-label=\"Casa Voros | Sz\u00e1ll\u00e1s Targu Secueisc\" role=\"img\" ><\/div>\n\t\t\t\t\t\t\t\t\t\t\t<div class=\"elementor-gallery-item__overlay\"><\/div>\n\t\t\t\t\t\t\t\t\t\t\t\t\t\t<\/a>\n\t\t\t\t\t\t\t<a class=\"e-gallery-item elementor-gallery-item elementor-animated-content\" href=\"https:\/\/targusecuiesc.eu\/wp-content\/uploads\/2022\/05\/MAT6505-scaled.jpg\" data-elementor-open-lightbox=\"yes\" data-elementor-lightbox-slideshow=\"f7bdf46\" data-elementor-lightbox-title=\"Casa Voros | Cazare Targu Secueisc\" data-e-action-hash=\"#elementor-action%3Aaction%3Dlightbox%26settings%3DeyJpZCI6MzQ2LCJ1cmwiOiJodHRwczpcL1wvdGFyZ3VzZWN1aWVzYy5ldVwvd3AtY29udGVudFwvdXBsb2Fkc1wvMjAyMlwvMDVcL01BVDY1MDUtc2NhbGVkLmpwZyIsInNsaWRlc2hvdyI6ImY3YmRmNDYifQ%3D%3D\">\n\t\t\t\t\t<div class=\"e-gallery-image elementor-gallery-item__image\" data-thumbnail=\"https:\/\/targusecuiesc.eu\/wp-content\/uploads\/2022\/05\/MAT6505-scaled.jpg\" data-width=\"300\" data-height=\"200\" aria-label=\"Casa Voros | Sz\u00e1ll\u00e1s Targu Secueisc\" role=\"img\" ><\/div>\n\t\t\t\t\t\t\t\t\t\t\t<div class=\"elementor-gallery-item__overlay\"><\/div>\n\t\t\t\t\t\t\t\t\t\t\t\t\t\t<\/a>\n\t\t\t\t\t\t\t<a class=\"e-gallery-item elementor-gallery-item elementor-animated-content\" href=\"https:\/\/targusecuiesc.eu\/wp-content\/uploads\/2022\/05\/MAT6503-scaled.jpg\" data-elementor-open-lightbox=\"yes\" data-elementor-lightbox-slideshow=\"f7bdf46\" data-elementor-lightbox-title=\"Casa Voros | Cazare Targu Secueisc\" data-e-action-hash=\"#elementor-action%3Aaction%3Dlightbox%26settings%3DeyJpZCI6MzQ1LCJ1cmwiOiJodHRwczpcL1wvdGFyZ3VzZWN1aWVzYy5ldVwvd3AtY29udGVudFwvdXBsb2Fkc1wvMjAyMlwvMDVcL01BVDY1MDMtc2NhbGVkLmpwZyIsInNsaWRlc2hvdyI6ImY3YmRmNDYifQ%3D%3D\">\n\t\t\t\t\t<div class=\"e-gallery-image elementor-gallery-item__image\" data-thumbnail=\"https:\/\/targusecuiesc.eu\/wp-content\/uploads\/2022\/05\/MAT6503-scaled.jpg\" data-width=\"300\" data-height=\"200\" aria-label=\"Casa Voros | Sz\u00e1ll\u00e1s Targu Secueisc\" role=\"img\" ><\/div>\n\t\t\t\t\t\t\t\t\t\t\t<div class=\"elementor-gallery-item__overlay\"><\/div>\n\t\t\t\t\t\t\t\t\t\t\t\t\t\t<\/a>\n\t\t\t\t\t\t\t<a class=\"e-gallery-item elementor-gallery-item elementor-animated-content\" href=\"https:\/\/targusecuiesc.eu\/wp-content\/uploads\/2022\/05\/MAT6502-1-scaled.jpg\" data-elementor-open-lightbox=\"yes\" data-elementor-lightbox-slideshow=\"f7bdf46\" data-elementor-lightbox-title=\"Casa Voros | Cazare Targu Secueisc\" data-e-action-hash=\"#elementor-action%3Aaction%3Dlightbox%26settings%3DeyJpZCI6MzQ0LCJ1cmwiOiJodHRwczpcL1wvdGFyZ3VzZWN1aWVzYy5ldVwvd3AtY29udGVudFwvdXBsb2Fkc1wvMjAyMlwvMDVcL01BVDY1MDItMS1zY2FsZWQuanBnIiwic2xpZGVzaG93IjoiZjdiZGY0NiJ9\">\n\t\t\t\t\t<div class=\"e-gallery-image elementor-gallery-item__image\" data-thumbnail=\"https:\/\/targusecuiesc.eu\/wp-content\/uploads\/2022\/05\/MAT6502-1-scaled.jpg\" data-width=\"300\" data-height=\"200\" aria-label=\"Casa Voros | Sz\u00e1ll\u00e1s Targu Secueisc\" role=\"img\" ><\/div>\n\t\t\t\t\t\t\t\t\t\t\t<div class=\"elementor-gallery-item__overlay\"><\/div>\n\t\t\t\t\t\t\t\t\t\t\t\t\t\t<\/a>\n\t\t\t\t\t\t\t<a class=\"e-gallery-item elementor-gallery-item elementor-animated-content\" href=\"https:\/\/targusecuiesc.eu\/wp-content\/uploads\/2022\/05\/MAT6501-scaled.jpg\" data-elementor-open-lightbox=\"yes\" data-elementor-lightbox-slideshow=\"f7bdf46\" data-elementor-lightbox-title=\"Casa Voros | Cazare Targu Secueisc\" data-e-action-hash=\"#elementor-action%3Aaction%3Dlightbox%26settings%3DeyJpZCI6MzQwLCJ1cmwiOiJodHRwczpcL1wvdGFyZ3VzZWN1aWVzYy5ldVwvd3AtY29udGVudFwvdXBsb2Fkc1wvMjAyMlwvMDVcL01BVDY1MDEtc2NhbGVkLmpwZyIsInNsaWRlc2hvdyI6ImY3YmRmNDYifQ%3D%3D\">\n\t\t\t\t\t<div class=\"e-gallery-image elementor-gallery-item__image\" data-thumbnail=\"https:\/\/targusecuiesc.eu\/wp-content\/uploads\/2022\/05\/MAT6501-scaled.jpg\" data-width=\"300\" data-height=\"200\" aria-label=\"Casa Voros | Sz\u00e1ll\u00e1s Targu Secueisc\" role=\"img\" ><\/div>\n\t\t\t\t\t\t\t\t\t\t\t<div class=\"elementor-gallery-item__overlay\"><\/div>\n\t\t\t\t\t\t\t\t\t\t\t\t\t\t<\/a>\n\t\t\t\t\t\t\t<a class=\"e-gallery-item elementor-gallery-item elementor-animated-content\" href=\"https:\/\/targusecuiesc.eu\/wp-content\/uploads\/2022\/05\/MAT6500-scaled.jpg\" data-elementor-open-lightbox=\"yes\" data-elementor-lightbox-slideshow=\"f7bdf46\" data-elementor-lightbox-title=\"Casa Voros | Cazare Targu Secueisc\" data-e-action-hash=\"#elementor-action%3Aaction%3Dlightbox%26settings%3DeyJpZCI6MzM5LCJ1cmwiOiJodHRwczpcL1wvdGFyZ3VzZWN1aWVzYy5ldVwvd3AtY29udGVudFwvdXBsb2Fkc1wvMjAyMlwvMDVcL01BVDY1MDAtc2NhbGVkLmpwZyIsInNsaWRlc2hvdyI6ImY3YmRmNDYifQ%3D%3D\">\n\t\t\t\t\t<div class=\"e-gallery-image elementor-gallery-item__image\" data-thumbnail=\"https:\/\/targusecuiesc.eu\/wp-content\/uploads\/2022\/05\/MAT6500-300x200.jpg\" data-width=\"300\" data-height=\"200\" aria-label=\"Casa Voros | Sz\u00e1ll\u00e1s Targu Secueisc\" role=\"img\" ><\/div>\n\t\t\t\t\t\t\t\t\t\t\t<div class=\"elementor-gallery-item__overlay\"><\/div>\n\t\t\t\t\t\t\t\t\t\t\t\t\t\t<\/a>\n\t\t\t\t\t\t\t<a class=\"e-gallery-item elementor-gallery-item elementor-animated-content\" href=\"https:\/\/targusecuiesc.eu\/wp-content\/uploads\/2022\/05\/MAT6499-scaled.jpg\" data-elementor-open-lightbox=\"yes\" data-elementor-lightbox-slideshow=\"f7bdf46\" data-elementor-lightbox-title=\"Casa Voros | Cazare Targu Secueisc\" data-e-action-hash=\"#elementor-action%3Aaction%3Dlightbox%26settings%3DeyJpZCI6MzM4LCJ1cmwiOiJodHRwczpcL1wvdGFyZ3VzZWN1aWVzYy5ldVwvd3AtY29udGVudFwvdXBsb2Fkc1wvMjAyMlwvMDVcL01BVDY0OTktc2NhbGVkLmpwZyIsInNsaWRlc2hvdyI6ImY3YmRmNDYifQ%3D%3D\">\n\t\t\t\t\t<div class=\"e-gallery-image elementor-gallery-item__image\" data-thumbnail=\"https:\/\/targusecuiesc.eu\/wp-content\/uploads\/2022\/05\/MAT6499-300x200.jpg\" data-width=\"300\" data-height=\"200\" aria-label=\"Casa Voros | Sz\u00e1ll\u00e1s Targu Secueisc\" role=\"img\" ><\/div>\n\t\t\t\t\t\t\t\t\t\t\t<div class=\"elementor-gallery-item__overlay\"><\/div>\n\t\t\t\t\t\t\t\t\t\t\t\t\t\t<\/a>\n\t\t\t\t\t\t\t<a class=\"e-gallery-item elementor-gallery-item elementor-animated-content\" href=\"https:\/\/targusecuiesc.eu\/wp-content\/uploads\/2022\/05\/MAT6495-scaled.jpg\" data-elementor-open-lightbox=\"yes\" data-elementor-lightbox-slideshow=\"f7bdf46\" data-elementor-lightbox-title=\"Casa Voros | Cazare Targu Secueisc\" data-e-action-hash=\"#elementor-action%3Aaction%3Dlightbox%26settings%3DeyJpZCI6MzM3LCJ1cmwiOiJodHRwczpcL1wvdGFyZ3VzZWN1aWVzYy5ldVwvd3AtY29udGVudFwvdXBsb2Fkc1wvMjAyMlwvMDVcL01BVDY0OTUtc2NhbGVkLmpwZyIsInNsaWRlc2hvdyI6ImY3YmRmNDYifQ%3D%3D\">\n\t\t\t\t\t<div class=\"e-gallery-image elementor-gallery-item__image\" data-thumbnail=\"https:\/\/targusecuiesc.eu\/wp-content\/uploads\/2022\/05\/MAT6495-scaled.jpg\" data-width=\"300\" data-height=\"200\" aria-label=\"Casa Voros | Sz\u00e1ll\u00e1s Targu Secueisc\" role=\"img\" ><\/div>\n\t\t\t\t\t\t\t\t\t\t\t<div class=\"elementor-gallery-item__overlay\"><\/div>\n\t\t\t\t\t\t\t\t\t\t\t\t\t\t<\/a>\n\t\t\t\t\t\t\t<a class=\"e-gallery-item elementor-gallery-item elementor-animated-content\" href=\"https:\/\/targusecuiesc.eu\/wp-content\/uploads\/2022\/05\/MAT6494-1-scaled-e1662661653126.jpg\" data-elementor-open-lightbox=\"yes\" data-elementor-lightbox-slideshow=\"f7bdf46\" data-elementor-lightbox-title=\"pensiunea Voros\" data-e-action-hash=\"#elementor-action%3Aaction%3Dlightbox%26settings%3DeyJpZCI6MzM1LCJ1cmwiOiJodHRwczpcL1wvdGFyZ3VzZWN1aWVzYy5ldVwvd3AtY29udGVudFwvdXBsb2Fkc1wvMjAyMlwvMDVcL01BVDY0OTQtMS1zY2FsZWQtZTE2NjI2NjE2NTMxMjYuanBnIiwic2xpZGVzaG93IjoiZjdiZGY0NiJ9\">\n\t\t\t\t\t<div class=\"e-gallery-image elementor-gallery-item__image\" data-thumbnail=\"https:\/\/targusecuiesc.eu\/wp-content\/uploads\/2022\/05\/MAT6494-1-scaled-e1662661653126.jpg\" data-width=\"300\" data-height=\"200\" aria-label=\"Voros vend\u00e9gh\u00e1z\" role=\"img\" ><\/div>\n\t\t\t\t\t\t\t\t\t\t\t<div class=\"elementor-gallery-item__overlay\"><\/div>\n\t\t\t\t\t\t\t\t\t\t\t\t\t\t<\/a>\n\t\t\t\t\t\t\t<a class=\"e-gallery-item elementor-gallery-item elementor-animated-content\" href=\"https:\/\/targusecuiesc.eu\/wp-content\/uploads\/2022\/05\/MAT5652-scaled.jpg\" data-elementor-open-lightbox=\"yes\" data-elementor-lightbox-slideshow=\"f7bdf46\" data-elementor-lightbox-title=\"_MAT5652\" data-e-action-hash=\"#elementor-action%3Aaction%3Dlightbox%26settings%3DeyJpZCI6MzI5LCJ1cmwiOiJodHRwczpcL1wvdGFyZ3VzZWN1aWVzYy5ldVwvd3AtY29udGVudFwvdXBsb2Fkc1wvMjAyMlwvMDVcL01BVDU2NTItc2NhbGVkLmpwZyIsInNsaWRlc2hvdyI6ImY3YmRmNDYifQ%3D%3D\">\n\t\t\t\t\t<div class=\"e-gallery-image elementor-gallery-item__image\" data-thumbnail=\"https:\/\/targusecuiesc.eu\/wp-content\/uploads\/2022\/05\/MAT5652-scaled.jpg\" data-width=\"300\" data-height=\"200\" aria-label=\"\" role=\"img\" ><\/div>\n\t\t\t\t\t\t\t\t\t\t\t<div class=\"elementor-gallery-item__overlay\"><\/div>\n\t\t\t\t\t\t\t\t\t\t\t\t\t\t<\/a>\n\t\t\t\t\t\t\t<a class=\"e-gallery-item elementor-gallery-item elementor-animated-content\" href=\"https:\/\/targusecuiesc.eu\/wp-content\/uploads\/2022\/05\/MAT5653-scaled.jpg\" data-elementor-open-lightbox=\"yes\" data-elementor-lightbox-slideshow=\"f7bdf46\" data-elementor-lightbox-title=\"_MAT5653\" data-e-action-hash=\"#elementor-action%3Aaction%3Dlightbox%26settings%3DeyJpZCI6MzMwLCJ1cmwiOiJodHRwczpcL1wvdGFyZ3VzZWN1aWVzYy5ldVwvd3AtY29udGVudFwvdXBsb2Fkc1wvMjAyMlwvMDVcL01BVDU2NTMtc2NhbGVkLmpwZyIsInNsaWRlc2hvdyI6ImY3YmRmNDYifQ%3D%3D\">\n\t\t\t\t\t<div class=\"e-gallery-image elementor-gallery-item__image\" data-thumbnail=\"https:\/\/targusecuiesc.eu\/wp-content\/uploads\/2022\/05\/MAT5653-scaled.jpg\" data-width=\"300\" data-height=\"200\" aria-label=\"\" role=\"img\" ><\/div>\n\t\t\t\t\t\t\t\t\t\t\t<div class=\"elementor-gallery-item__overlay\"><\/div>\n\t\t\t\t\t\t\t\t\t\t\t\t\t\t<\/a>\n\t\t\t\t\t\t\t<a class=\"e-gallery-item elementor-gallery-item elementor-animated-content\" href=\"https:\/\/targusecuiesc.eu\/wp-content\/uploads\/2022\/05\/MAT5657-scaled.jpg\" data-elementor-open-lightbox=\"yes\" data-elementor-lightbox-slideshow=\"f7bdf46\" data-elementor-lightbox-title=\"_MAT5657\" data-e-action-hash=\"#elementor-action%3Aaction%3Dlightbox%26settings%3DeyJpZCI6MzMxLCJ1cmwiOiJodHRwczpcL1wvdGFyZ3VzZWN1aWVzYy5ldVwvd3AtY29udGVudFwvdXBsb2Fkc1wvMjAyMlwvMDVcL01BVDU2NTctc2NhbGVkLmpwZyIsInNsaWRlc2hvdyI6ImY3YmRmNDYifQ%3D%3D\">\n\t\t\t\t\t<div class=\"e-gallery-image elementor-gallery-item__image\" data-thumbnail=\"https:\/\/targusecuiesc.eu\/wp-content\/uploads\/2022\/05\/MAT5657-scaled.jpg\" data-width=\"300\" data-height=\"200\" aria-label=\"\" role=\"img\" ><\/div>\n\t\t\t\t\t\t\t\t\t\t\t<div class=\"elementor-gallery-item__overlay\"><\/div>\n\t\t\t\t\t\t\t\t\t\t\t\t\t\t<\/a>\n\t\t\t\t\t\t\t<a class=\"e-gallery-item elementor-gallery-item elementor-animated-content\" href=\"https:\/\/targusecuiesc.eu\/wp-content\/uploads\/2022\/05\/MAT5658-scaled.jpg\" data-elementor-open-lightbox=\"yes\" data-elementor-lightbox-slideshow=\"f7bdf46\" data-elementor-lightbox-title=\"_MAT5658\" data-e-action-hash=\"#elementor-action%3Aaction%3Dlightbox%26settings%3DeyJpZCI6MzMyLCJ1cmwiOiJodHRwczpcL1wvdGFyZ3VzZWN1aWVzYy5ldVwvd3AtY29udGVudFwvdXBsb2Fkc1wvMjAyMlwvMDVcL01BVDU2NTgtc2NhbGVkLmpwZyIsInNsaWRlc2hvdyI6ImY3YmRmNDYifQ%3D%3D\">\n\t\t\t\t\t<div class=\"e-gallery-image elementor-gallery-item__image\" data-thumbnail=\"https:\/\/targusecuiesc.eu\/wp-content\/uploads\/2022\/05\/MAT5658-scaled.jpg\" data-width=\"300\" data-height=\"200\" aria-label=\"\" role=\"img\" ><\/div>\n\t\t\t\t\t\t\t\t\t\t\t<div class=\"elementor-gallery-item__overlay\"><\/div>\n\t\t\t\t\t\t\t\t\t\t\t\t\t\t<\/a>\n\t\t\t\t\t\t\t<a class=\"e-gallery-item elementor-gallery-item elementor-animated-content\" href=\"https:\/\/targusecuiesc.eu\/wp-content\/uploads\/2022\/05\/MAT5660-scaled.jpg\" data-elementor-open-lightbox=\"yes\" data-elementor-lightbox-slideshow=\"f7bdf46\" data-elementor-lightbox-title=\"_MAT5660\" data-e-action-hash=\"#elementor-action%3Aaction%3Dlightbox%26settings%3DeyJpZCI6MzMzLCJ1cmwiOiJodHRwczpcL1wvdGFyZ3VzZWN1aWVzYy5ldVwvd3AtY29udGVudFwvdXBsb2Fkc1wvMjAyMlwvMDVcL01BVDU2NjAtc2NhbGVkLmpwZyIsInNsaWRlc2hvdyI6ImY3YmRmNDYifQ%3D%3D\">\n\t\t\t\t\t<div class=\"e-gallery-image elementor-gallery-item__image\" data-thumbnail=\"https:\/\/targusecuiesc.eu\/wp-content\/uploads\/2022\/05\/MAT5660-scaled.jpg\" data-width=\"300\" data-height=\"200\" aria-label=\"\" role=\"img\" ><\/div>\n\t\t\t\t\t\t\t\t\t\t\t<div class=\"elementor-gallery-item__overlay\"><\/div>\n\t\t\t\t\t\t\t\t\t\t\t\t\t\t<\/a>\n\t\t\t\t\t\t\t<a class=\"e-gallery-item elementor-gallery-item elementor-animated-content\" href=\"https:\/\/targusecuiesc.eu\/wp-content\/uploads\/2022\/05\/MAT5661-1-scaled.jpg\" data-elementor-open-lightbox=\"yes\" data-elementor-lightbox-slideshow=\"f7bdf46\" data-elementor-lightbox-title=\"Cazare targu secuiesc\" data-e-action-hash=\"#elementor-action%3Aaction%3Dlightbox%26settings%3DeyJpZCI6MzM0LCJ1cmwiOiJodHRwczpcL1wvdGFyZ3VzZWN1aWVzYy5ldVwvd3AtY29udGVudFwvdXBsb2Fkc1wvMjAyMlwvMDVcL01BVDU2NjEtMS1zY2FsZWQuanBnIiwic2xpZGVzaG93IjoiZjdiZGY0NiJ9\">\n\t\t\t\t\t<div class=\"e-gallery-image elementor-gallery-item__image\" data-thumbnail=\"https:\/\/targusecuiesc.eu\/wp-content\/uploads\/2022\/05\/MAT5661-1-scaled.jpg\" data-width=\"300\" data-height=\"200\" aria-label=\"\" role=\"img\" ><\/div>\n\t\t\t\t\t\t\t\t\t\t\t<div class=\"elementor-gallery-item__overlay\"><\/div>\n\t\t\t\t\t\t\t\t\t\t\t\t\t\t<\/a>\n\t\t\t\t\t<\/div>\n\t\t\t\t\t<\/div>\n\t\t\t\t\t<\/div>\n\t\t<\/div>\n\t\t\t\t\t<\/div>\n\t\t<\/section>\n\t\t\t\t<section class=\"elementor-section elementor-top-section elementor-element elementor-element-bb5d5b9 elementor-section-boxed elementor-section-height-default elementor-section-height-default\" data-id=\"bb5d5b9\" data-element_type=\"section\" data-e-type=\"section\">\n\t\t\t\t\t\t<div class=\"elementor-container elementor-column-gap-default\">\n\t\t\t\t\t<div class=\"elementor-column elementor-col-100 elementor-top-column elementor-element elementor-element-3f51166\" data-id=\"3f51166\" data-element_type=\"column\" data-e-type=\"column\">\n\t\t\t<div class=\"elementor-widget-wrap elementor-element-populated\">\n\t\t\t\t\t\t<div class=\"elementor-element elementor-element-1d1953c elementor-widget elementor-widget-text-editor\" data-id=\"1d1953c\" data-element_type=\"widget\" data-e-type=\"widget\" data-widget_type=\"text-editor.default\">\n\t\t\t\t\t\t\t\t\t<p>A marosv\u00e1s\u00e1rhelyi V\u00f6r\u00f6s Panzi\u00f3 k\u00e9nyelmes sz\u00e1ll\u00e1st k\u00edn\u00e1l autentikus vid\u00e9ki k\u00f6rnyezetben. Erd\u00e9ly sz\u00edv\u00e9ben tal\u00e1lhat\u00f3, \u00e9s t\u00f6k\u00e9letes azok sz\u00e1m\u00e1ra, akik pihenni \u00e9s felfedezni szeretn\u00e9k a r\u00e9gi\u00f3 term\u00e9szeti sz\u00e9ps\u00e9geit.<\/p><p>A vend\u00e9gh\u00e1z t\u00e1gas \u00e9s k\u00e9nyelmes, rusztikus st\u00edlusban berendezett szob\u00e1kkal rendelkezik. Minden szoba saj\u00e1t f\u00fcrd\u0151szob\u00e1val, TV-vel \u00e9s ingyenes internet-hozz\u00e1f\u00e9r\u00e9ssel rendelkezik.<\/p>\t\t\t\t\t\t\t\t<\/div>\n\t\t\t\t\t<\/div>\n\t\t<\/div>\n\t\t\t\t\t<\/div>\n\t\t<\/section>\n\t\t\t\t<\/div>","protected":false},"excerpt":{"rendered":"<p>Pensiunea Voros Casa (pensiunea) V\u00f6r\u00f6s se afl\u0103 \u00een centrul istoric al ora\u015fului (T\u00e2rgu Secuiesc) \u00eentr-o cl\u0103dire monument istoric construit\u0103 \u00een secolul al XVIII-lea. Casa V\u00f6r\u00f6s i\u021bi ofer\u0103 o loca\u021bie perfect\u0103 \u0219i un ambient placut in centrul ora\u0219ului T\u00e2rgu Secuiesc. Este situat Pia\u021ba G\u00e1bor \u00c1ron, aflat\u0103 in inima ora\u0219ului, aproape de principalele atrac\u021bii turistice \u0219i cafenele, [&hellip;]<\/p>\n","protected":false},"author":1,"featured_media":0,"parent":0,"menu_order":0,"comment_status":"closed","ping_status":"closed","template":"","meta":{"ocean_post_layout":"","ocean_both_sidebars_style":"","ocean_both_sidebars_content_width":0,"ocean_both_sidebars_sidebars_width":0,"ocean_sidebar":"","ocean_second_sidebar":"","ocean_disable_margins":"enable","ocean_add_body_class":"","ocean_shortcode_before_top_bar":"","ocean_shortcode_after_top_bar":"","ocean_shortcode_before_header":"","ocean_shortcode_after_header":"","ocean_has_shortcode":"","ocean_shortcode_after_title":"","ocean_shortcode_before_footer_widgets":"","ocean_shortcode_after_footer_widgets":"","ocean_shortcode_before_footer_bottom":"","ocean_shortcode_after_footer_bottom":"","ocean_display_top_bar":"default","ocean_display_header":"default","ocean_header_style":"","ocean_center_header_left_menu":"","ocean_custom_header_template":"","ocean_custom_logo":0,"ocean_custom_retina_logo":0,"ocean_custom_logo_max_width":0,"ocean_custom_logo_tablet_max_width":0,"ocean_custom_logo_mobile_max_width":0,"ocean_custom_logo_max_height":0,"ocean_custom_logo_tablet_max_height":0,"ocean_custom_logo_mobile_max_height":0,"ocean_header_custom_menu":"","ocean_menu_typo_font_family":"","ocean_menu_typo_font_subset":"","ocean_menu_typo_font_size":0,"ocean_menu_typo_font_size_tablet":0,"ocean_menu_typo_font_size_mobile":0,"ocean_menu_typo_font_size_unit":"px","ocean_menu_typo_font_weight":"","ocean_menu_typo_font_weight_tablet":"","ocean_menu_typo_font_weight_mobile":"","ocean_menu_typo_transform":"","ocean_menu_typo_transform_tablet":"","ocean_menu_typo_transform_mobile":"","ocean_menu_typo_line_height":0,"ocean_menu_typo_line_height_tablet":0,"ocean_menu_typo_line_height_mobile":0,"ocean_menu_typo_line_height_unit":"","ocean_menu_typo_spacing":0,"ocean_menu_typo_spacing_tablet":0,"ocean_menu_typo_spacing_mobile":0,"ocean_menu_typo_spacing_unit":"","ocean_menu_link_color":"","ocean_menu_link_color_hover":"","ocean_menu_link_color_active":"","ocean_menu_link_background":"","ocean_menu_link_hover_background":"","ocean_menu_link_active_background":"","ocean_menu_social_links_bg":"","ocean_menu_social_hover_links_bg":"","ocean_menu_social_links_color":"","ocean_menu_social_hover_links_color":"","ocean_disable_title":"default","ocean_disable_heading":"default","ocean_post_title":"","ocean_post_subheading":"","ocean_post_title_style":"","ocean_post_title_background_color":"","ocean_post_title_background":0,"ocean_post_title_bg_image_position":"","ocean_post_title_bg_image_attachment":"","ocean_post_title_bg_image_repeat":"","ocean_post_title_bg_image_size":"","ocean_post_title_height":0,"ocean_post_title_bg_overlay":0.5,"ocean_post_title_bg_overlay_color":"","ocean_disable_breadcrumbs":"default","ocean_breadcrumbs_color":"","ocean_breadcrumbs_separator_color":"","ocean_breadcrumbs_links_color":"","ocean_breadcrumbs_links_hover_color":"","ocean_display_footer_widgets":"default","ocean_display_footer_bottom":"default","ocean_custom_footer_template":"","_joinchat":[],"footnotes":""},"class_list":["post-307","page","type-page","status-publish","hentry","entry"],"yoast_head":"<!-- This site is optimized with the Yoast SEO plugin v27.5 - https:\/\/yoast.com\/product\/yoast-seo-wordpress\/ -->\n<title>Pensiunea Voros - Cazare \u00een T\u00e2rgu Secueisc<\/title>\n<meta name=\"robots\" content=\"index, follow, max-snippet:-1, max-image-preview:large, max-video-preview:-1\" \/>\n<link rel=\"canonical\" href=\"https:\/\/targusecuiesc.eu\/hu\/voros-panzio\/\" \/>\n<meta property=\"og:locale\" content=\"hu_HU\" \/>\n<meta property=\"og:type\" content=\"article\" \/>\n<meta property=\"og:title\" content=\"Pensiunea Voros - Cazare \u00een T\u00e2rgu Secueisc\" \/>\n<meta property=\"og:description\" content=\"Pensiunea Voros Casa (pensiunea) V\u00f6r\u00f6s se afl\u0103 \u00een centrul istoric al ora\u015fului (T\u00e2rgu Secuiesc) \u00eentr-o cl\u0103dire monument istoric construit\u0103 \u00een secolul al XVIII-lea. Casa V\u00f6r\u00f6s i\u021bi ofer\u0103 o loca\u021bie perfect\u0103 \u0219i un ambient placut in centrul ora\u0219ului T\u00e2rgu Secuiesc. Este situat Pia\u021ba G\u00e1bor \u00c1ron, aflat\u0103 in inima ora\u0219ului, aproape de principalele atrac\u021bii turistice \u0219i cafenele, [&hellip;]\" \/>\n<meta property=\"og:url\" content=\"https:\/\/targusecuiesc.eu\/hu\/voros-panzio\/\" \/>\n<meta property=\"og:site_name\" content=\"Cazare \u00een T\u00e2rgu Secueisc\" \/>\n<meta property=\"article:modified_time\" content=\"2023-01-06T14:07:42+00:00\" \/>\n<meta property=\"og:image\" content=\"https:\/\/targusecuiesc.eu\/wp-content\/uploads\/2022\/09\/cazare-targu-secuiesc-_-pensiunea-voros.jpg\" \/>\n\t<meta property=\"og:image:width\" content=\"1024\" \/>\n\t<meta property=\"og:image:height\" content=\"683\" \/>\n\t<meta property=\"og:image:type\" content=\"image\/jpeg\" \/>\n<meta name=\"twitter:card\" content=\"summary_large_image\" \/>\n<meta name=\"twitter:label1\" content=\"Becs\u00fclt olvas\u00e1si id\u0151\" \/>\n\t<meta name=\"twitter:data1\" content=\"5 perc\" \/>\n<script type=\"application\/ld+json\" class=\"yoast-schema-graph\">{\"@context\":\"https:\\\/\\\/schema.org\",\"@graph\":[{\"@type\":\"WebPage\",\"@id\":\"https:\\\/\\\/targusecuiesc.eu\\\/pensiunea-voros\\\/\",\"url\":\"https:\\\/\\\/targusecuiesc.eu\\\/pensiunea-voros\\\/\",\"name\":\"Pensiunea Voros - Cazare \u00een T\u00e2rgu Secueisc\",\"isPartOf\":{\"@id\":\"https:\\\/\\\/targusecuiesc.eu\\\/#website\"},\"primaryImageOfPage\":{\"@id\":\"https:\\\/\\\/targusecuiesc.eu\\\/pensiunea-voros\\\/#primaryimage\"},\"image\":{\"@id\":\"https:\\\/\\\/targusecuiesc.eu\\\/pensiunea-voros\\\/#primaryimage\"},\"thumbnailUrl\":\"https:\\\/\\\/targusecuiesc.eu\\\/wp-content\\\/uploads\\\/2022\\\/05\\\/Voros-logo1.png\",\"datePublished\":\"2022-05-19T12:50:59+00:00\",\"dateModified\":\"2023-01-06T14:07:42+00:00\",\"breadcrumb\":{\"@id\":\"https:\\\/\\\/targusecuiesc.eu\\\/pensiunea-voros\\\/#breadcrumb\"},\"inLanguage\":\"hu\",\"potentialAction\":[{\"@type\":\"ReadAction\",\"target\":[\"https:\\\/\\\/targusecuiesc.eu\\\/pensiunea-voros\\\/\"]}]},{\"@type\":\"ImageObject\",\"inLanguage\":\"hu\",\"@id\":\"https:\\\/\\\/targusecuiesc.eu\\\/pensiunea-voros\\\/#primaryimage\",\"url\":\"https:\\\/\\\/targusecuiesc.eu\\\/wp-content\\\/uploads\\\/2022\\\/05\\\/Voros-logo1.png\",\"contentUrl\":\"https:\\\/\\\/targusecuiesc.eu\\\/wp-content\\\/uploads\\\/2022\\\/05\\\/Voros-logo1.png\"},{\"@type\":\"BreadcrumbList\",\"@id\":\"https:\\\/\\\/targusecuiesc.eu\\\/pensiunea-voros\\\/#breadcrumb\",\"itemListElement\":[{\"@type\":\"ListItem\",\"position\":1,\"name\":\"Prima pagin\u0103\",\"item\":\"https:\\\/\\\/targusecuiesc.eu\\\/\"},{\"@type\":\"ListItem\",\"position\":2,\"name\":\"Pensiunea Voros\"}]},{\"@type\":\"WebSite\",\"@id\":\"https:\\\/\\\/targusecuiesc.eu\\\/#website\",\"url\":\"https:\\\/\\\/targusecuiesc.eu\\\/\",\"name\":\"Cazare \u00een T\u00e2rgu Secueisc\",\"description\":\"Te afli \u00een c\u0103utarea unui loc potrivit de cazare \u00een T\u00e2rgu Secuiesc?\",\"publisher\":{\"@id\":\"https:\\\/\\\/targusecuiesc.eu\\\/#organization\"},\"alternateName\":\"Te afli in cautarea unui loc potrivit de cazare in Targu Secuiesc?\",\"potentialAction\":[{\"@type\":\"SearchAction\",\"target\":{\"@type\":\"EntryPoint\",\"urlTemplate\":\"https:\\\/\\\/targusecuiesc.eu\\\/?s={search_term_string}\"},\"query-input\":{\"@type\":\"PropertyValueSpecification\",\"valueRequired\":true,\"valueName\":\"search_term_string\"}}],\"inLanguage\":\"hu\"},{\"@type\":\"Organization\",\"@id\":\"https:\\\/\\\/targusecuiesc.eu\\\/#organization\",\"name\":\"Cazare \u00een T\u00e2rgu Secueisc\",\"alternateName\":\"Te afli in cautarea unui loc potrivit de cazare in Targu Secuiesc?\",\"url\":\"https:\\\/\\\/targusecuiesc.eu\\\/\",\"logo\":{\"@type\":\"ImageObject\",\"inLanguage\":\"hu\",\"@id\":\"https:\\\/\\\/targusecuiesc.eu\\\/#\\\/schema\\\/logo\\\/image\\\/\",\"url\":\"https:\\\/\\\/targusecuiesc.eu\\\/wp-content\\\/uploads\\\/2022\\\/05\\\/cropped-targu-secuiesc-1-e1653031917947.png\",\"contentUrl\":\"https:\\\/\\\/targusecuiesc.eu\\\/wp-content\\\/uploads\\\/2022\\\/05\\\/cropped-targu-secuiesc-1-e1653031917947.png\",\"width\":512,\"height\":512,\"caption\":\"Cazare \u00een T\u00e2rgu Secueisc\"},\"image\":{\"@id\":\"https:\\\/\\\/targusecuiesc.eu\\\/#\\\/schema\\\/logo\\\/image\\\/\"}}]}<\/script>\n<!-- \/ Yoast SEO plugin. -->","yoast_head_json":{"title":"Voros Panzi\u00f3 - Sz\u00e1ll\u00e1s K\u00e9zdiv\u00e1s\u00e1rhelyen","robots":{"index":"index","follow":"follow","max-snippet":"max-snippet:-1","max-image-preview":"max-image-preview:large","max-video-preview":"max-video-preview:-1"},"canonical":"https:\/\/targusecuiesc.eu\/hu\/voros-panzio\/","og_locale":"hu_HU","og_type":"article","og_title":"Pensiunea Voros - Cazare \u00een T\u00e2rgu Secueisc","og_description":"Pensiunea Voros Casa (pensiunea) V\u00f6r\u00f6s se afl\u0103 \u00een centrul istoric al ora\u015fului (T\u00e2rgu Secuiesc) \u00eentr-o cl\u0103dire monument istoric construit\u0103 \u00een secolul al XVIII-lea. Casa V\u00f6r\u00f6s i\u021bi ofer\u0103 o loca\u021bie perfect\u0103 \u0219i un ambient placut in centrul ora\u0219ului T\u00e2rgu Secuiesc. Este situat Pia\u021ba G\u00e1bor \u00c1ron, aflat\u0103 in inima ora\u0219ului, aproape de principalele atrac\u021bii turistice \u0219i cafenele, [&hellip;]","og_url":"https:\/\/targusecuiesc.eu\/hu\/voros-panzio\/","og_site_name":"Cazare \u00een T\u00e2rgu Secueisc","article_modified_time":"2023-01-06T14:07:42+00:00","og_image":[{"width":1024,"height":683,"url":"https:\/\/targusecuiesc.eu\/wp-content\/uploads\/2022\/09\/cazare-targu-secuiesc-_-pensiunea-voros.jpg","type":"image\/jpeg"}],"twitter_card":"summary_large_image","twitter_misc":{"Becs\u00fclt olvas\u00e1si id\u0151":"5 perc"},"schema":{"@context":"https:\/\/schema.org","@graph":[{"@type":"WebPage","@id":"https:\/\/targusecuiesc.eu\/pensiunea-voros\/","url":"https:\/\/targusecuiesc.eu\/pensiunea-voros\/","name":"Voros Panzi\u00f3 - Sz\u00e1ll\u00e1s K\u00e9zdiv\u00e1s\u00e1rhelyen","isPartOf":{"@id":"https:\/\/targusecuiesc.eu\/#website"},"primaryImageOfPage":{"@id":"https:\/\/targusecuiesc.eu\/pensiunea-voros\/#primaryimage"},"image":{"@id":"https:\/\/targusecuiesc.eu\/pensiunea-voros\/#primaryimage"},"thumbnailUrl":"https:\/\/targusecuiesc.eu\/wp-content\/uploads\/2022\/05\/Voros-logo1.png","datePublished":"2022-05-19T12:50:59+00:00","dateModified":"2023-01-06T14:07:42+00:00","breadcrumb":{"@id":"https:\/\/targusecuiesc.eu\/pensiunea-voros\/#breadcrumb"},"inLanguage":"hu","potentialAction":[{"@type":"ReadAction","target":["https:\/\/targusecuiesc.eu\/pensiunea-voros\/"]}]},{"@type":"ImageObject","inLanguage":"hu","@id":"https:\/\/targusecuiesc.eu\/pensiunea-voros\/#primaryimage","url":"https:\/\/targusecuiesc.eu\/wp-content\/uploads\/2022\/05\/Voros-logo1.png","contentUrl":"https:\/\/targusecuiesc.eu\/wp-content\/uploads\/2022\/05\/Voros-logo1.png"},{"@type":"BreadcrumbList","@id":"https:\/\/targusecuiesc.eu\/pensiunea-voros\/#breadcrumb","itemListElement":[{"@type":"ListItem","position":1,"name":"Prima pagin\u0103","item":"https:\/\/targusecuiesc.eu\/"},{"@type":"ListItem","position":2,"name":"Pensiunea Voros"}]},{"@type":"WebSite","@id":"https:\/\/targusecuiesc.eu\/#website","url":"https:\/\/targusecuiesc.eu\/","name":"Sz\u00e1ll\u00e1s K\u00e9zdiv\u00e1s\u00e1rhelyen","description":"Megfelel\u0151 sz\u00e1ll\u00e1st keres K\u00e9zdiv\u00e1s\u00e1rhelyen?","publisher":{"@id":"https:\/\/targusecuiesc.eu\/#organization"},"alternateName":"Te afli in cautarea unui loc potrivit de cazare in Targu Secuiesc?","potentialAction":[{"@type":"SearchAction","target":{"@type":"EntryPoint","urlTemplate":"https:\/\/targusecuiesc.eu\/?s={search_term_string}"},"query-input":{"@type":"PropertyValueSpecification","valueRequired":true,"valueName":"search_term_string"}}],"inLanguage":"hu"},{"@type":"Organization","@id":"https:\/\/targusecuiesc.eu\/#organization","name":"Sz\u00e1ll\u00e1s K\u00e9zdiv\u00e1s\u00e1rhelyen","alternateName":"Te afli in cautarea unui loc potrivit de cazare in Targu Secuiesc?","url":"https:\/\/targusecuiesc.eu\/","logo":{"@type":"ImageObject","inLanguage":"hu","@id":"https:\/\/targusecuiesc.eu\/#\/schema\/logo\/image\/","url":"https:\/\/targusecuiesc.eu\/wp-content\/uploads\/2022\/05\/cropped-targu-secuiesc-1-e1653031917947.png","contentUrl":"https:\/\/targusecuiesc.eu\/wp-content\/uploads\/2022\/05\/cropped-targu-secuiesc-1-e1653031917947.png","width":512,"height":512,"caption":"Cazare \u00een T\u00e2rgu Secueisc"},"image":{"@id":"https:\/\/targusecuiesc.eu\/#\/schema\/logo\/image\/"}}]}},"_links":{"self":[{"href":"https:\/\/targusecuiesc.eu\/hu\/wp-json\/wp\/v2\/pages\/307","targetHints":{"allow":["GET"]}}],"collection":[{"href":"https:\/\/targusecuiesc.eu\/hu\/wp-json\/wp\/v2\/pages"}],"about":[{"href":"https:\/\/targusecuiesc.eu\/hu\/wp-json\/wp\/v2\/types\/page"}],"author":[{"embeddable":true,"href":"https:\/\/targusecuiesc.eu\/hu\/wp-json\/wp\/v2\/users\/1"}],"replies":[{"embeddable":true,"href":"https:\/\/targusecuiesc.eu\/hu\/wp-json\/wp\/v2\/comments?post=307"}],"version-history":[{"count":0,"href":"https:\/\/targusecuiesc.eu\/hu\/wp-json\/wp\/v2\/pages\/307\/revisions"}],"wp:attachment":[{"href":"https:\/\/targusecuiesc.eu\/hu\/wp-json\/wp\/v2\/media?parent=307"}],"curies":[{"name":"wp","href":"https:\/\/api.w.org\/{rel}","templated":true}]}}