{"id":1889,"date":"2022-11-20T13:59:40","date_gmt":"2022-11-20T11:59:40","guid":{"rendered":"https:\/\/targusecuiesc.eu\/?page_id=1889"},"modified":"2025-02-26T06:52:32","modified_gmt":"2025-02-26T04:52:32","slug":"latnivalok","status":"publish","type":"page","link":"https:\/\/targusecuiesc.eu\/hu\/de-vazut\/","title":{"rendered":"L\u00e1tni"},"content":{"rendered":"<div data-elementor-type=\"wp-page\" data-elementor-id=\"1889\" class=\"elementor elementor-1889\" data-elementor-post-type=\"page\">\n\t\t\t\t\t\t<section class=\"elementor-section elementor-top-section elementor-element elementor-element-4842e87 elementor-section-boxed elementor-section-height-default elementor-section-height-default\" data-id=\"4842e87\" data-element_type=\"section\" data-e-type=\"section\">\n\t\t\t\t\t\t<div class=\"elementor-container elementor-column-gap-default\">\n\t\t\t\t\t<div class=\"elementor-column elementor-col-100 elementor-top-column elementor-element elementor-element-bd1682a\" data-id=\"bd1682a\" data-element_type=\"column\" data-e-type=\"column\">\n\t\t\t<div class=\"elementor-widget-wrap elementor-element-populated\">\n\t\t\t\t\t\t<div class=\"elementor-element elementor-element-08b65c4 elementor-headline--style-highlight elementor-widget elementor-widget-animated-headline\" data-id=\"08b65c4\" data-element_type=\"widget\" data-e-type=\"widget\" data-settings=\"{&quot;marker&quot;:&quot;underline&quot;,&quot;highlighted_text&quot;:&quot;T\\u00e2rgu Secuiesc\\u200b&quot;,&quot;headline_style&quot;:&quot;highlight&quot;,&quot;loop&quot;:&quot;yes&quot;,&quot;highlight_animation_duration&quot;:1200,&quot;highlight_iteration_delay&quot;:8000}\" data-widget_type=\"animated-headline.default\">\n\t\t\t\t\t\t\t<h3 class=\"elementor-headline\">\n\t\t\t\t\t<span class=\"elementor-headline-plain-text elementor-headline-text-wrapper\">L\u00e1tnival\u00f3k <\/span>\n\t\t\t\t<span class=\"elementor-headline-dynamic-wrapper elementor-headline-text-wrapper\">\n\t\t\t\t\t<span class=\"elementor-headline-dynamic-text elementor-headline-text-active\">K\u00e9zdiv\u00e1s\u00e1rhelyen<\/span>\n\t\t\t\t<\/span>\n\t\t\t\t<\/h3>\n\t\t\t\t\t\t<\/div>\n\t\t\t\t\t<\/div>\n\t\t<\/div>\n\t\t\t\t\t<\/div>\n\t\t<\/section>\n\t\t\t\t<section class=\"elementor-section elementor-top-section elementor-element elementor-element-c3b4e7f elementor-section-boxed elementor-section-height-default elementor-section-height-default\" data-id=\"c3b4e7f\" data-element_type=\"section\" data-e-type=\"section\">\n\t\t\t\t\t\t<div class=\"elementor-container elementor-column-gap-default\">\n\t\t\t\t\t<div class=\"elementor-column elementor-col-50 elementor-top-column elementor-element elementor-element-aa9db5b\" data-id=\"aa9db5b\" data-element_type=\"column\" data-e-type=\"column\">\n\t\t\t<div class=\"elementor-widget-wrap elementor-element-populated\">\n\t\t\t\t\t\t<div class=\"elementor-element elementor-element-c1ecfb3 elementor-widget elementor-widget-image\" data-id=\"c1ecfb3\" data-element_type=\"widget\" data-e-type=\"widget\" data-widget_type=\"image.default\">\n\t\t\t\t\t\t\t\t\t\t\t\t<figure class=\"wp-caption\">\n\t\t\t\t\t\t\t\t\t\t\t<a href=\"https:\/\/targusecuiesc.eu\/hu\/2025\/02\/16\/kezdivasarhely-az-udvarterek-varosa\/\">\n\t\t\t\t\t\t\t<img fetchpriority=\"high\" decoding=\"async\" width=\"1024\" height=\"1024\" src=\"https:\/\/targusecuiesc.eu\/wp-content\/uploads\/2022\/11\/Curtile-_-targu-secuiesc.jpg\" class=\"attachment-large size-large wp-image-1905\" alt=\"\" srcset=\"https:\/\/targusecuiesc.eu\/wp-content\/uploads\/2022\/11\/Curtile-_-targu-secuiesc.jpg 1024w, https:\/\/targusecuiesc.eu\/wp-content\/uploads\/2022\/11\/Curtile-_-targu-secuiesc-300x300.jpg 300w, https:\/\/targusecuiesc.eu\/wp-content\/uploads\/2022\/11\/Curtile-_-targu-secuiesc-150x150.jpg 150w, https:\/\/targusecuiesc.eu\/wp-content\/uploads\/2022\/11\/Curtile-_-targu-secuiesc-768x768.jpg 768w, https:\/\/targusecuiesc.eu\/wp-content\/uploads\/2022\/11\/Curtile-_-targu-secuiesc-12x12.jpg 12w, https:\/\/targusecuiesc.eu\/wp-content\/uploads\/2022\/11\/Curtile-_-targu-secuiesc-600x600.jpg 600w, https:\/\/targusecuiesc.eu\/wp-content\/uploads\/2022\/11\/Curtile-_-targu-secuiesc-100x100.jpg 100w\" sizes=\"(max-width: 1024px) 100vw, 1024px\" \/>\t\t\t\t\t\t\t\t<\/a>\n\t\t\t\t\t\t\t\t\t\t\t<figcaption class=\"widget-image-caption wp-caption-text\">Udvarterek<\/figcaption>\n\t\t\t\t\t\t\t\t\t\t<\/figure>\n\t\t\t\t\t\t\t\t\t<\/div>\n\t\t\t\t\t<\/div>\n\t\t<\/div>\n\t\t\t\t<div class=\"elementor-column elementor-col-50 elementor-top-column elementor-element elementor-element-b9dfd37\" data-id=\"b9dfd37\" data-element_type=\"column\" data-e-type=\"column\">\n\t\t\t<div class=\"elementor-widget-wrap elementor-element-populated\">\n\t\t\t\t\t\t<div class=\"elementor-element elementor-element-e7958e8 elementor-widget elementor-widget-image\" data-id=\"e7958e8\" data-element_type=\"widget\" data-e-type=\"widget\" data-widget_type=\"image.default\">\n\t\t\t\t\t\t\t\t\t\t\t\t<figure class=\"wp-caption\">\n\t\t\t\t\t\t\t\t\t\t<img decoding=\"async\" width=\"768\" height=\"768\" data-src=\"https:\/\/targusecuiesc.eu\/wp-content\/uploads\/2022\/11\/centrul-orasului-targu-secuiesc-1-768x768.jpg\" class=\"attachment-medium_large size-medium_large wp-image-1904 lazyload\" alt=\"\" data-srcset=\"https:\/\/targusecuiesc.eu\/wp-content\/uploads\/2022\/11\/centrul-orasului-targu-secuiesc-1-768x768.jpg 768w, https:\/\/targusecuiesc.eu\/wp-content\/uploads\/2022\/11\/centrul-orasului-targu-secuiesc-1-300x300.jpg 300w, https:\/\/targusecuiesc.eu\/wp-content\/uploads\/2022\/11\/centrul-orasului-targu-secuiesc-1-150x150.jpg 150w, https:\/\/targusecuiesc.eu\/wp-content\/uploads\/2022\/11\/centrul-orasului-targu-secuiesc-1-12x12.jpg 12w, https:\/\/targusecuiesc.eu\/wp-content\/uploads\/2022\/11\/centrul-orasului-targu-secuiesc-1-600x600.jpg 600w, https:\/\/targusecuiesc.eu\/wp-content\/uploads\/2022\/11\/centrul-orasului-targu-secuiesc-1-100x100.jpg 100w, https:\/\/targusecuiesc.eu\/wp-content\/uploads\/2022\/11\/centrul-orasului-targu-secuiesc-1.jpg 1024w\" data-sizes=\"(max-width: 768px) 100vw, 768px\" src=\"data:image\/svg+xml;base64,PHN2ZyB3aWR0aD0iMSIgaGVpZ2h0PSIxIiB4bWxucz0iaHR0cDovL3d3dy53My5vcmcvMjAwMC9zdmciPjwvc3ZnPg==\" style=\"--smush-placeholder-width: 768px; --smush-placeholder-aspect-ratio: 768\/768;\" \/>\t\t\t\t\t\t\t\t\t\t\t<figcaption class=\"widget-image-caption wp-caption-text\"> A k\u00f6zpont \u00e9p\u00edt\u00e9si st\u00edlusa<\/figcaption>\n\t\t\t\t\t\t\t\t\t\t<\/figure>\n\t\t\t\t\t\t\t\t\t<\/div>\n\t\t\t\t\t<\/div>\n\t\t<\/div>\n\t\t\t\t\t<\/div>\n\t\t<\/section>\n\t\t\t\t<section class=\"elementor-section elementor-top-section elementor-element elementor-element-2fc80f7 elementor-section-boxed elementor-section-height-default elementor-section-height-default\" data-id=\"2fc80f7\" data-element_type=\"section\" data-e-type=\"section\">\n\t\t\t\t\t\t<div class=\"elementor-container elementor-column-gap-default\">\n\t\t\t\t\t<div class=\"elementor-column elementor-col-50 elementor-top-column elementor-element elementor-element-58956b8\" data-id=\"58956b8\" data-element_type=\"column\" data-e-type=\"column\">\n\t\t\t<div class=\"elementor-widget-wrap elementor-element-populated\">\n\t\t\t\t\t\t<div class=\"elementor-element elementor-element-aafb9d3 elementor-widget elementor-widget-image\" data-id=\"aafb9d3\" data-element_type=\"widget\" data-e-type=\"widget\" data-widget_type=\"image.default\">\n\t\t\t\t\t\t\t\t\t\t\t\t<figure class=\"wp-caption\">\n\t\t\t\t\t\t\t\t\t\t\t<a href=\"https:\/\/targusecuiesc.eu\/hu\/2023\/01\/21\/aron-gabor-2\/\">\n\t\t\t\t\t\t\t<img decoding=\"async\" width=\"1024\" height=\"1024\" data-src=\"https:\/\/targusecuiesc.eu\/wp-content\/uploads\/2022\/11\/statuia-lui-Gabor-Aron.jpg\" class=\"attachment-large size-large wp-image-1911 lazyload\" alt=\"\" data-srcset=\"https:\/\/targusecuiesc.eu\/wp-content\/uploads\/2022\/11\/statuia-lui-Gabor-Aron.jpg 1024w, https:\/\/targusecuiesc.eu\/wp-content\/uploads\/2022\/11\/statuia-lui-Gabor-Aron-300x300.jpg 300w, https:\/\/targusecuiesc.eu\/wp-content\/uploads\/2022\/11\/statuia-lui-Gabor-Aron-150x150.jpg 150w, https:\/\/targusecuiesc.eu\/wp-content\/uploads\/2022\/11\/statuia-lui-Gabor-Aron-768x768.jpg 768w, https:\/\/targusecuiesc.eu\/wp-content\/uploads\/2022\/11\/statuia-lui-Gabor-Aron-12x12.jpg 12w, https:\/\/targusecuiesc.eu\/wp-content\/uploads\/2022\/11\/statuia-lui-Gabor-Aron-600x600.jpg 600w, https:\/\/targusecuiesc.eu\/wp-content\/uploads\/2022\/11\/statuia-lui-Gabor-Aron-100x100.jpg 100w\" data-sizes=\"(max-width: 1024px) 100vw, 1024px\" src=\"data:image\/svg+xml;base64,PHN2ZyB3aWR0aD0iMSIgaGVpZ2h0PSIxIiB4bWxucz0iaHR0cDovL3d3dy53My5vcmcvMjAwMC9zdmciPjwvc3ZnPg==\" style=\"--smush-placeholder-width: 1024px; --smush-placeholder-aspect-ratio: 1024\/1024;\" \/>\t\t\t\t\t\t\t\t<\/a>\n\t\t\t\t\t\t\t\t\t\t\t<figcaption class=\"widget-image-caption wp-caption-text\">G\u00e1bor \u00c1ron szobra<\/figcaption>\n\t\t\t\t\t\t\t\t\t\t<\/figure>\n\t\t\t\t\t\t\t\t\t<\/div>\n\t\t\t\t\t<\/div>\n\t\t<\/div>\n\t\t\t\t<div class=\"elementor-column elementor-col-50 elementor-top-column elementor-element elementor-element-905aa90\" data-id=\"905aa90\" data-element_type=\"column\" data-e-type=\"column\">\n\t\t\t<div class=\"elementor-widget-wrap elementor-element-populated\">\n\t\t\t\t\t\t<div class=\"elementor-element elementor-element-c9280c4 elementor-widget elementor-widget-image\" data-id=\"c9280c4\" data-element_type=\"widget\" data-e-type=\"widget\" data-widget_type=\"image.default\">\n\t\t\t\t\t\t\t\t\t\t\t\t<figure class=\"wp-caption\">\n\t\t\t\t\t\t\t\t\t\t\t<a href=\"https:\/\/targusecuiesc.eu\/hu\/2023\/01\/21\/biserica-reformata-din-targu-secuiesc\/\">\n\t\t\t\t\t\t\t<img decoding=\"async\" width=\"1024\" height=\"1024\" data-src=\"https:\/\/targusecuiesc.eu\/wp-content\/uploads\/2022\/11\/biserica-reformatica-Targu-Secuiesc.jpg\" class=\"attachment-large size-large wp-image-1915 lazyload\" alt=\"reform\u00e1tus templom | Targu Secuiesc\" data-srcset=\"https:\/\/targusecuiesc.eu\/wp-content\/uploads\/2022\/11\/biserica-reformatica-Targu-Secuiesc.jpg 1024w, https:\/\/targusecuiesc.eu\/wp-content\/uploads\/2022\/11\/biserica-reformatica-Targu-Secuiesc-300x300.jpg 300w, https:\/\/targusecuiesc.eu\/wp-content\/uploads\/2022\/11\/biserica-reformatica-Targu-Secuiesc-150x150.jpg 150w, https:\/\/targusecuiesc.eu\/wp-content\/uploads\/2022\/11\/biserica-reformatica-Targu-Secuiesc-768x768.jpg 768w, https:\/\/targusecuiesc.eu\/wp-content\/uploads\/2022\/11\/biserica-reformatica-Targu-Secuiesc-12x12.jpg 12w, https:\/\/targusecuiesc.eu\/wp-content\/uploads\/2022\/11\/biserica-reformatica-Targu-Secuiesc-600x600.jpg 600w, https:\/\/targusecuiesc.eu\/wp-content\/uploads\/2022\/11\/biserica-reformatica-Targu-Secuiesc-100x100.jpg 100w\" data-sizes=\"(max-width: 1024px) 100vw, 1024px\" src=\"data:image\/svg+xml;base64,PHN2ZyB3aWR0aD0iMSIgaGVpZ2h0PSIxIiB4bWxucz0iaHR0cDovL3d3dy53My5vcmcvMjAwMC9zdmciPjwvc3ZnPg==\" style=\"--smush-placeholder-width: 1024px; --smush-placeholder-aspect-ratio: 1024\/1024;\" \/>\t\t\t\t\t\t\t\t<\/a>\n\t\t\t\t\t\t\t\t\t\t\t<figcaption class=\"widget-image-caption wp-caption-text\">Reform\u00e1tus templom<\/figcaption>\n\t\t\t\t\t\t\t\t\t\t<\/figure>\n\t\t\t\t\t\t\t\t\t<\/div>\n\t\t\t\t\t<\/div>\n\t\t<\/div>\n\t\t\t\t\t<\/div>\n\t\t<\/section>\n\t\t\t\t<section class=\"elementor-section elementor-top-section elementor-element elementor-element-643d160 elementor-section-boxed elementor-section-height-default elementor-section-height-default\" data-id=\"643d160\" data-element_type=\"section\" data-e-type=\"section\">\n\t\t\t\t\t\t<div class=\"elementor-container elementor-column-gap-default\">\n\t\t\t\t\t<div class=\"elementor-column elementor-col-50 elementor-top-column elementor-element elementor-element-2bab90b\" data-id=\"2bab90b\" data-element_type=\"column\" data-e-type=\"column\">\n\t\t\t<div class=\"elementor-widget-wrap elementor-element-populated\">\n\t\t\t\t\t\t<div class=\"elementor-element elementor-element-0035182 elementor-widget elementor-widget-image\" data-id=\"0035182\" data-element_type=\"widget\" data-e-type=\"widget\" data-widget_type=\"image.default\">\n\t\t\t\t\t\t\t\t\t\t\t\t<figure class=\"wp-caption\">\n\t\t\t\t\t\t\t\t\t\t<img decoding=\"async\" width=\"1024\" height=\"1024\" data-src=\"https:\/\/targusecuiesc.eu\/wp-content\/uploads\/2022\/11\/parcul-Molnar-Jozsias.jpg\" class=\"attachment-large size-large wp-image-1919 lazyload\" alt=\"Moln\u00e1r J\u00f3zsi\u00e1s park\" data-srcset=\"https:\/\/targusecuiesc.eu\/wp-content\/uploads\/2022\/11\/parcul-Molnar-Jozsias.jpg 1024w, https:\/\/targusecuiesc.eu\/wp-content\/uploads\/2022\/11\/parcul-Molnar-Jozsias-300x300.jpg 300w, https:\/\/targusecuiesc.eu\/wp-content\/uploads\/2022\/11\/parcul-Molnar-Jozsias-150x150.jpg 150w, https:\/\/targusecuiesc.eu\/wp-content\/uploads\/2022\/11\/parcul-Molnar-Jozsias-768x768.jpg 768w, https:\/\/targusecuiesc.eu\/wp-content\/uploads\/2022\/11\/parcul-Molnar-Jozsias-12x12.jpg 12w, https:\/\/targusecuiesc.eu\/wp-content\/uploads\/2022\/11\/parcul-Molnar-Jozsias-600x600.jpg 600w, https:\/\/targusecuiesc.eu\/wp-content\/uploads\/2022\/11\/parcul-Molnar-Jozsias-100x100.jpg 100w\" data-sizes=\"(max-width: 1024px) 100vw, 1024px\" src=\"data:image\/svg+xml;base64,PHN2ZyB3aWR0aD0iMSIgaGVpZ2h0PSIxIiB4bWxucz0iaHR0cDovL3d3dy53My5vcmcvMjAwMC9zdmciPjwvc3ZnPg==\" style=\"--smush-placeholder-width: 1024px; --smush-placeholder-aspect-ratio: 1024\/1024;\" \/>\t\t\t\t\t\t\t\t\t\t\t<figcaption class=\"widget-image-caption wp-caption-text\">Moln\u00e1r J\u00f3zsi\u00e1s park<\/figcaption>\n\t\t\t\t\t\t\t\t\t\t<\/figure>\n\t\t\t\t\t\t\t\t\t<\/div>\n\t\t\t\t\t<\/div>\n\t\t<\/div>\n\t\t\t\t<div class=\"elementor-column elementor-col-50 elementor-top-column elementor-element elementor-element-cf46d2e\" data-id=\"cf46d2e\" data-element_type=\"column\" data-e-type=\"column\">\n\t\t\t<div class=\"elementor-widget-wrap elementor-element-populated\">\n\t\t\t\t\t\t<div class=\"elementor-element elementor-element-f1445d1 elementor-widget elementor-widget-image\" data-id=\"f1445d1\" data-element_type=\"widget\" data-e-type=\"widget\" data-widget_type=\"image.default\">\n\t\t\t\t\t\t\t\t\t\t\t\t<figure class=\"wp-caption\">\n\t\t\t\t\t\t\t\t\t\t<img decoding=\"async\" width=\"1024\" height=\"1024\" data-src=\"https:\/\/targusecuiesc.eu\/wp-content\/uploads\/2022\/11\/targu-secuiesc-.jpg\" class=\"attachment-large size-large wp-image-1921 lazyload\" alt=\"targu secuiesc\" data-srcset=\"https:\/\/targusecuiesc.eu\/wp-content\/uploads\/2022\/11\/targu-secuiesc-.jpg 1024w, https:\/\/targusecuiesc.eu\/wp-content\/uploads\/2022\/11\/targu-secuiesc--300x300.jpg 300w, https:\/\/targusecuiesc.eu\/wp-content\/uploads\/2022\/11\/targu-secuiesc--150x150.jpg 150w, https:\/\/targusecuiesc.eu\/wp-content\/uploads\/2022\/11\/targu-secuiesc--768x768.jpg 768w, https:\/\/targusecuiesc.eu\/wp-content\/uploads\/2022\/11\/targu-secuiesc--12x12.jpg 12w, https:\/\/targusecuiesc.eu\/wp-content\/uploads\/2022\/11\/targu-secuiesc--600x600.jpg 600w, https:\/\/targusecuiesc.eu\/wp-content\/uploads\/2022\/11\/targu-secuiesc--100x100.jpg 100w\" data-sizes=\"(max-width: 1024px) 100vw, 1024px\" src=\"data:image\/svg+xml;base64,PHN2ZyB3aWR0aD0iMSIgaGVpZ2h0PSIxIiB4bWxucz0iaHR0cDovL3d3dy53My5vcmcvMjAwMC9zdmciPjwvc3ZnPg==\" style=\"--smush-placeholder-width: 1024px; --smush-placeholder-aspect-ratio: 1024\/1024;\" \/>\t\t\t\t\t\t\t\t\t\t\t<figcaption class=\"widget-image-caption wp-caption-text\">H\u00edress\u00e9gek Csarnoka<\/figcaption>\n\t\t\t\t\t\t\t\t\t\t<\/figure>\n\t\t\t\t\t\t\t\t\t<\/div>\n\t\t\t\t\t<\/div>\n\t\t<\/div>\n\t\t\t\t\t<\/div>\n\t\t<\/section>\n\t\t\t\t<section class=\"elementor-section elementor-top-section elementor-element elementor-element-bcdfc19 elementor-section-boxed elementor-section-height-default elementor-section-height-default\" data-id=\"bcdfc19\" data-element_type=\"section\" data-e-type=\"section\">\n\t\t\t\t\t\t<div class=\"elementor-container elementor-column-gap-default\">\n\t\t\t\t\t<div class=\"elementor-column elementor-col-100 elementor-top-column elementor-element elementor-element-ce4e606\" data-id=\"ce4e606\" data-element_type=\"column\" data-e-type=\"column\">\n\t\t\t<div class=\"elementor-widget-wrap elementor-element-populated\">\n\t\t\t\t\t\t<div class=\"elementor-element elementor-element-9a76c94 elementor-widget elementor-widget-spacer\" data-id=\"9a76c94\" data-element_type=\"widget\" data-e-type=\"widget\" data-widget_type=\"spacer.default\">\n\t\t\t\t\t\t\t<div class=\"elementor-spacer\">\n\t\t\t<div class=\"elementor-spacer-inner\"><\/div>\n\t\t<\/div>\n\t\t\t\t\t\t<\/div>\n\t\t\t\t<div class=\"elementor-element elementor-element-5505551 elementor-headline--style-highlight elementor-widget elementor-widget-animated-headline\" data-id=\"5505551\" data-element_type=\"widget\" data-e-type=\"widget\" data-settings=\"{&quot;marker&quot;:&quot;underline&quot;,&quot;highlighted_text&quot;:&quot;T\\u00e2rgu Secuiesc\\u200b&quot;,&quot;headline_style&quot;:&quot;highlight&quot;,&quot;loop&quot;:&quot;yes&quot;,&quot;highlight_animation_duration&quot;:1200,&quot;highlight_iteration_delay&quot;:8000}\" data-widget_type=\"animated-headline.default\">\n\t\t\t\t\t\t\t<h3 class=\"elementor-headline translation-block\">L\u00e1tnival\u00f3k a v\u00e1ros k\u00f6rny\u00e9k\u00e9n<\/h3>\n\t\t\t\t\t\t<\/div>\n\t\t\t\t\t<\/div>\n\t\t<\/div>\n\t\t\t\t\t<\/div>\n\t\t<\/section>\n\t\t\t\t<section class=\"elementor-section elementor-top-section elementor-element elementor-element-bf4e046 elementor-section-boxed elementor-section-height-default elementor-section-height-default\" data-id=\"bf4e046\" data-element_type=\"section\" data-e-type=\"section\">\n\t\t\t\t\t\t<div class=\"elementor-container elementor-column-gap-default\">\n\t\t\t\t\t<div class=\"elementor-column elementor-col-50 elementor-top-column elementor-element elementor-element-4fff81d\" data-id=\"4fff81d\" data-element_type=\"column\" data-e-type=\"column\">\n\t\t\t<div class=\"elementor-widget-wrap elementor-element-populated\">\n\t\t\t\t\t\t<div class=\"elementor-element elementor-element-9668301 elementor-widget elementor-widget-image\" data-id=\"9668301\" data-element_type=\"widget\" data-e-type=\"widget\" data-widget_type=\"image.default\">\n\t\t\t\t\t\t\t\t\t\t\t\t<figure class=\"wp-caption\">\n\t\t\t\t\t\t\t\t\t\t\t<a href=\"https:\/\/targusecuiesc.eu\/hu\/2025\/02\/22\/lacul-sfanta-ana-o-calatorie-in-timp\/\">\n\t\t\t\t\t\t\t<img decoding=\"async\" width=\"1024\" height=\"1024\" data-src=\"https:\/\/targusecuiesc.eu\/wp-content\/uploads\/2022\/11\/lacul-Sfanta-Ana.jpg\" class=\"attachment-large size-large wp-image-1929 lazyload\" alt=\"Szent Anna-t\u00f3\" data-srcset=\"https:\/\/targusecuiesc.eu\/wp-content\/uploads\/2022\/11\/lacul-Sfanta-Ana.jpg 1024w, https:\/\/targusecuiesc.eu\/wp-content\/uploads\/2022\/11\/lacul-Sfanta-Ana-300x300.jpg 300w, https:\/\/targusecuiesc.eu\/wp-content\/uploads\/2022\/11\/lacul-Sfanta-Ana-150x150.jpg 150w, https:\/\/targusecuiesc.eu\/wp-content\/uploads\/2022\/11\/lacul-Sfanta-Ana-768x768.jpg 768w, https:\/\/targusecuiesc.eu\/wp-content\/uploads\/2022\/11\/lacul-Sfanta-Ana-12x12.jpg 12w, https:\/\/targusecuiesc.eu\/wp-content\/uploads\/2022\/11\/lacul-Sfanta-Ana-600x600.jpg 600w, https:\/\/targusecuiesc.eu\/wp-content\/uploads\/2022\/11\/lacul-Sfanta-Ana-100x100.jpg 100w\" data-sizes=\"(max-width: 1024px) 100vw, 1024px\" src=\"data:image\/svg+xml;base64,PHN2ZyB3aWR0aD0iMSIgaGVpZ2h0PSIxIiB4bWxucz0iaHR0cDovL3d3dy53My5vcmcvMjAwMC9zdmciPjwvc3ZnPg==\" style=\"--smush-placeholder-width: 1024px; --smush-placeholder-aspect-ratio: 1024\/1024;\" \/>\t\t\t\t\t\t\t\t<\/a>\n\t\t\t\t\t\t\t\t\t\t\t<figcaption class=\"widget-image-caption wp-caption-text\">Szent Anna-t\u00f3<\/figcaption>\n\t\t\t\t\t\t\t\t\t\t<\/figure>\n\t\t\t\t\t\t\t\t\t<\/div>\n\t\t\t\t\t<\/div>\n\t\t<\/div>\n\t\t\t\t<div class=\"elementor-column elementor-col-50 elementor-top-column elementor-element elementor-element-b05ff81\" data-id=\"b05ff81\" data-element_type=\"column\" data-e-type=\"column\">\n\t\t\t<div class=\"elementor-widget-wrap elementor-element-populated\">\n\t\t\t\t\t\t<div class=\"elementor-element elementor-element-d4f6384 elementor-widget elementor-widget-image\" data-id=\"d4f6384\" data-element_type=\"widget\" data-e-type=\"widget\" data-widget_type=\"image.default\">\n\t\t\t\t\t\t\t\t\t\t\t\t<figure class=\"wp-caption\">\n\t\t\t\t\t\t\t\t\t\t<img decoding=\"async\" width=\"1024\" height=\"1024\" data-src=\"https:\/\/targusecuiesc.eu\/wp-content\/uploads\/2022\/11\/tinovul-Mohos.jpg\" class=\"attachment-large size-large wp-image-1933 lazyload\" alt=\"tinovul Moulds\" data-srcset=\"https:\/\/targusecuiesc.eu\/wp-content\/uploads\/2022\/11\/tinovul-Mohos.jpg 1024w, https:\/\/targusecuiesc.eu\/wp-content\/uploads\/2022\/11\/tinovul-Mohos-300x300.jpg 300w, https:\/\/targusecuiesc.eu\/wp-content\/uploads\/2022\/11\/tinovul-Mohos-150x150.jpg 150w, https:\/\/targusecuiesc.eu\/wp-content\/uploads\/2022\/11\/tinovul-Mohos-768x768.jpg 768w, https:\/\/targusecuiesc.eu\/wp-content\/uploads\/2022\/11\/tinovul-Mohos-12x12.jpg 12w, https:\/\/targusecuiesc.eu\/wp-content\/uploads\/2022\/11\/tinovul-Mohos-600x600.jpg 600w, https:\/\/targusecuiesc.eu\/wp-content\/uploads\/2022\/11\/tinovul-Mohos-100x100.jpg 100w\" data-sizes=\"(max-width: 1024px) 100vw, 1024px\" src=\"data:image\/svg+xml;base64,PHN2ZyB3aWR0aD0iMSIgaGVpZ2h0PSIxIiB4bWxucz0iaHR0cDovL3d3dy53My5vcmcvMjAwMC9zdmciPjwvc3ZnPg==\" style=\"--smush-placeholder-width: 1024px; --smush-placeholder-aspect-ratio: 1024\/1024;\" \/>\t\t\t\t\t\t\t\t\t\t\t<figcaption class=\"widget-image-caption wp-caption-text\">Mohos-t\u0151zegalap<\/figcaption>\n\t\t\t\t\t\t\t\t\t\t<\/figure>\n\t\t\t\t\t\t\t\t\t<\/div>\n\t\t\t\t\t<\/div>\n\t\t<\/div>\n\t\t\t\t\t<\/div>\n\t\t<\/section>\n\t\t\t\t<section class=\"elementor-section elementor-top-section elementor-element elementor-element-83e8123 elementor-section-boxed elementor-section-height-default elementor-section-height-default\" data-id=\"83e8123\" data-element_type=\"section\" data-e-type=\"section\">\n\t\t\t\t\t\t<div class=\"elementor-container elementor-column-gap-default\">\n\t\t\t\t\t<div class=\"elementor-column elementor-col-50 elementor-top-column elementor-element elementor-element-53ae760\" data-id=\"53ae760\" data-element_type=\"column\" data-e-type=\"column\">\n\t\t\t<div class=\"elementor-widget-wrap elementor-element-populated\">\n\t\t\t\t\t\t<div class=\"elementor-element elementor-element-95a611b elementor-widget elementor-widget-image\" data-id=\"95a611b\" data-element_type=\"widget\" data-e-type=\"widget\" data-widget_type=\"image.default\">\n\t\t\t\t\t\t\t\t\t\t\t\t<figure class=\"wp-caption\">\n\t\t\t\t\t\t\t\t\t\t\t<a href=\"https:\/\/targusecuiesc.eu\/hu\/2025\/02\/25\/baia-fetelor-apor\/\">\n\t\t\t\t\t\t\t<img decoding=\"async\" width=\"1024\" height=\"1024\" data-src=\"https:\/\/targusecuiesc.eu\/wp-content\/uploads\/2022\/11\/baile-fetelor-Apor.jpg\" class=\"attachment-large size-large wp-image-1939 lazyload\" alt=\"Apor l\u00e1nyok t\u00e1nca\" data-srcset=\"https:\/\/targusecuiesc.eu\/wp-content\/uploads\/2022\/11\/baile-fetelor-Apor.jpg 1024w, https:\/\/targusecuiesc.eu\/wp-content\/uploads\/2022\/11\/baile-fetelor-Apor-300x300.jpg 300w, https:\/\/targusecuiesc.eu\/wp-content\/uploads\/2022\/11\/baile-fetelor-Apor-150x150.jpg 150w, https:\/\/targusecuiesc.eu\/wp-content\/uploads\/2022\/11\/baile-fetelor-Apor-768x768.jpg 768w, https:\/\/targusecuiesc.eu\/wp-content\/uploads\/2022\/11\/baile-fetelor-Apor-12x12.jpg 12w, https:\/\/targusecuiesc.eu\/wp-content\/uploads\/2022\/11\/baile-fetelor-Apor-600x600.jpg 600w, https:\/\/targusecuiesc.eu\/wp-content\/uploads\/2022\/11\/baile-fetelor-Apor-100x100.jpg 100w\" data-sizes=\"(max-width: 1024px) 100vw, 1024px\" src=\"data:image\/svg+xml;base64,PHN2ZyB3aWR0aD0iMSIgaGVpZ2h0PSIxIiB4bWxucz0iaHR0cDovL3d3dy53My5vcmcvMjAwMC9zdmciPjwvc3ZnPg==\" style=\"--smush-placeholder-width: 1024px; --smush-placeholder-aspect-ratio: 1024\/1024;\" \/>\t\t\t\t\t\t\t\t<\/a>\n\t\t\t\t\t\t\t\t\t\t\t<figcaption class=\"widget-image-caption wp-caption-text\">Apor l\u00e1nyok fered\u0151je<\/figcaption>\n\t\t\t\t\t\t\t\t\t\t<\/figure>\n\t\t\t\t\t\t\t\t\t<\/div>\n\t\t\t\t\t<\/div>\n\t\t<\/div>\n\t\t\t\t<div class=\"elementor-column elementor-col-50 elementor-top-column elementor-element elementor-element-ce18752\" data-id=\"ce18752\" data-element_type=\"column\" data-e-type=\"column\">\n\t\t\t<div class=\"elementor-widget-wrap elementor-element-populated\">\n\t\t\t\t\t\t<div class=\"elementor-element elementor-element-6f75f05 elementor-widget elementor-widget-image\" data-id=\"6f75f05\" data-element_type=\"widget\" data-e-type=\"widget\" data-widget_type=\"image.default\">\n\t\t\t\t\t\t\t\t\t\t\t\t<figure class=\"wp-caption\">\n\t\t\t\t\t\t\t\t\t\t<img decoding=\"async\" width=\"1024\" height=\"1024\" data-src=\"https:\/\/targusecuiesc.eu\/wp-content\/uploads\/2022\/11\/lacul-padureni.jpg\" class=\"attachment-large size-large wp-image-1940 lazyload\" alt=\"padureni t\u00f3\" data-srcset=\"https:\/\/targusecuiesc.eu\/wp-content\/uploads\/2022\/11\/lacul-padureni.jpg 1024w, https:\/\/targusecuiesc.eu\/wp-content\/uploads\/2022\/11\/lacul-padureni-300x300.jpg 300w, https:\/\/targusecuiesc.eu\/wp-content\/uploads\/2022\/11\/lacul-padureni-150x150.jpg 150w, https:\/\/targusecuiesc.eu\/wp-content\/uploads\/2022\/11\/lacul-padureni-768x768.jpg 768w, https:\/\/targusecuiesc.eu\/wp-content\/uploads\/2022\/11\/lacul-padureni-12x12.jpg 12w, https:\/\/targusecuiesc.eu\/wp-content\/uploads\/2022\/11\/lacul-padureni-600x600.jpg 600w, https:\/\/targusecuiesc.eu\/wp-content\/uploads\/2022\/11\/lacul-padureni-100x100.jpg 100w\" data-sizes=\"(max-width: 1024px) 100vw, 1024px\" src=\"data:image\/svg+xml;base64,PHN2ZyB3aWR0aD0iMSIgaGVpZ2h0PSIxIiB4bWxucz0iaHR0cDovL3d3dy53My5vcmcvMjAwMC9zdmciPjwvc3ZnPg==\" style=\"--smush-placeholder-width: 1024px; --smush-placeholder-aspect-ratio: 1024\/1024;\" \/>\t\t\t\t\t\t\t\t\t\t\t<figcaption class=\"widget-image-caption wp-caption-text\">Beseny\u0151i-t\u00f3<\/figcaption>\n\t\t\t\t\t\t\t\t\t\t<\/figure>\n\t\t\t\t\t\t\t\t\t<\/div>\n\t\t\t\t\t<\/div>\n\t\t<\/div>\n\t\t\t\t\t<\/div>\n\t\t<\/section>\n\t\t\t\t<section class=\"elementor-section elementor-top-section elementor-element elementor-element-d5d3a0a elementor-section-boxed elementor-section-height-default elementor-section-height-default\" data-id=\"d5d3a0a\" data-element_type=\"section\" data-e-type=\"section\">\n\t\t\t\t\t\t<div class=\"elementor-container elementor-column-gap-default\">\n\t\t\t\t\t<div class=\"elementor-column elementor-col-100 elementor-top-column elementor-element elementor-element-6941fd1\" data-id=\"6941fd1\" data-element_type=\"column\" data-e-type=\"column\">\n\t\t\t<div class=\"elementor-widget-wrap elementor-element-populated\">\n\t\t\t\t\t\t<div class=\"elementor-element elementor-element-fbb321f elementor-widget elementor-widget-text-editor\" data-id=\"fbb321f\" data-element_type=\"widget\" data-e-type=\"widget\" data-widget_type=\"text-editor.default\">\n\t\t\t\t\t\t\t\t\t<p data-pm-slice=\"1 1 []\"><a href=\"https:\/\/targusecuiesc.eu\/hu\/\">K\u00e9zdiv\u00e1s\u00e1rhely felett \u00e9s nemcsak.<\/a> (rom\u00e1nul Targu Secuiesc, n\u00e9met\u00fcl Sz\u00e9kely Neumarkt) k\u00f6zs\u00e9g Kov\u00e1szna megy\u00e9ben, Erd\u00e9lyben, Rom\u00e1ni\u00e1ban, amely a T\u00e2rgu Secuiesc (sz\u00e9khely) telep\u00fcl\u00e9sb\u0151l \u00e9s Lunga k\u00f6zs\u00e9gb\u0151l \u00e1ll. Lakoss\u00e1ga 18 082 f\u0151 (2011), a megye m\u00e1sodik legnagyobb v\u00e1rosi k\u00f6zpontja Sepsiszentgy\u00f6rgy (Sf\u00e2ntu Gheorghe) sz\u00e9khelye ut\u00e1n.<\/p><p data-pm-slice=\"1 1 []\"><a href=\"https:\/\/ro.wikipedia.org\/wiki\/T%C3%A2rgu_Secuiesc\">K\u00e9zdiv\u00e1s\u00e1rhely felett \u00e9s nemcsak.<\/a> egy t\u00f6rt\u00e9nelemmel \u00e9s kult\u00far\u00e1val teli v\u00e1ros, amely remek hely a l\u00e1togat\u00e1sra \u00e9s felfedez\u00e9sre. Sz\u00e1mos park \u00e9s z\u00f6ldter\u00fclet is tal\u00e1lhat\u00f3, ahol a helyiek \u00e9s a turist\u00e1k \u00e9lvezhetik a v\u00e1ros term\u00e9szeti sz\u00e9ps\u00e9g\u00e9t, \u00e9s k\u00fcl\u00f6nf\u00e9le szabadt\u00e9ri tev\u00e9kenys\u00e9geket folytathatnak. Mindezeknek k\u00f6sz\u00f6nhet\u0151en K\u00e9zdiv\u00e1s\u00e1rhely egy egyedi \u00e9s \u00e9l\u00e9nk v\u00e1ros, amelyet \u00e9rdemes felfedezni!<\/p><p data-pm-slice=\"1 1 []\">K\u00e9zdiv\u00e1s\u00e1rhely els\u0151 \u00edr\u00e1sos eml\u00edt\u00e9se 1407-b\u0151l sz\u00e1rmazik, majd 1427-ben Zsigmond kir\u00e1ly v\u00e1s\u00e1rv\u00e1ross\u00e1 nyilv\u00e1n\u00edtotta Torjav\u00e1s\u00e1ra n\u00e9ven. A k\u00f6z\u00e9pkorban jelent\u0151s k\u00e9zm\u0171iparral rendelkezett. Egyik saj\u00e1toss\u00e1ga, hogy a f\u0151teret k\u00f6r\u00fclvev\u0151 h\u00e1zak kapui val\u00f3j\u00e1ban egy-egy utca, \u00fagynevezett bels\u0151 udvar v\u00e9gpontjai. B\u00e1r r\u00e9gebbi forr\u00e1sok 73 ilyen bels\u0151 udvart eml\u00edtenek, ma 72 l\u00e9tezik. T\u00e2rgu Secuiesc a c\u00e9hek, a csizmadi\u00e1k \u00e9s a bels\u0151 udvarok v\u00e1rosak\u00e9nt ismert. Orb\u00e1n Bal\u00e1zs a H\u00e1romsz\u00e9k P\u00e1rizs\u00e1nak nevezte.<\/p><p data-pm-slice=\"1 1 []\"><strong>A v\u00e1ros f\u00f6tere<\/strong><\/p><p><strong>K\u00e9zdiv\u00e1s\u00e1rhely f\u0151ter\u00e9nek \u00e9p\u00edt\u00e9szeti st\u00edlusa<\/strong><\/p><p>A 19. sz\u00e1zad v\u00e9g\u00e9n \u00e9s a 20. sz\u00e1zad elej\u00e9n \u00e9p\u00edt\u0151mesterek, k\u0151m\u0171vesek, lakatosok, kov\u00e1csok \u00e9s asztalosok dolgoztak K\u00e9zdiv\u00e1s\u00e1rhely \u00fajj\u00e1\u00e9p\u00edt\u00e9s\u00e9n az 1834-es t\u0171zv\u00e9sz ut\u00e1n. A ma G\u00e1bor \u00c1ron t\u00e9ren \u00e1ll\u00f3 \u00e9p\u00fcletek t\u00f6bbs\u00e9ge a 19. sz\u00e1zad m\u00e1sodik fel\u00e9ben \u00e9s a 20. sz\u00e1zad elej\u00e9n \u00e9p\u00fclt. Kev\u00e9s mester neve ismert, akik ezeknek az \u00e9p\u00fcleteknek a kov\u00e1csoltvas d\u00edsz\u00edt\u00e9seit k\u00e9sz\u00edtett\u00e9k, b\u00e1r sok ilyen munka fennmaradt a v\u00e1rosban. Lev\u00e9lt\u00e1ri dokumentumok alapj\u00e1n felt\u00e9telezhet\u0151, hogy ezeket a munk\u00e1kat Szab\u00f3 M\u00f3zes \u00e9s Istv\u00e1n lakatosmesterek (apa \u00e9s fia) v\u00e9gezt\u00e9k. A Vigad\u00f3 d\u00e9li oldal\u00e1n tal\u00e1lhat\u00f3 kov\u00e1csoltvas kaput Szab\u00f3 M\u00f3zes k\u00e9sz\u00edtette. A 19. sz\u00e1zad v\u00e9g\u00e9n a t\u00e9r k\u00e9p\u00e9t n\u00e9gyzetes tetej\u0171 \u00e9p\u00fcletek, f\u00e9lig er\u0151d\u00edtett falak \u00e9s torn\u00e1cos fah\u00e1zak hat\u00e1rozt\u00e1k meg, melyek n\u00e9pi barokk elemeket hordoztak, de id\u0151vel elt\u0171ntek.<\/p><p><strong>Udvarterek<\/strong><\/p><p>K\u00e9zdiv\u00e1s\u00e1rhely egy hossz\u00fak\u00e1s, trap\u00e9z alak\u00fa v\u00e1s\u00e1rt\u00e9ren alakult ki. Az els\u0151 telepesek telkeket kaptak e t\u00e9r k\u00f6r\u00fcl, mindegyiket egyenl\u0151 m\u00e9retben \u00e9s viszonylag keskeny form\u00e1ban. A v\u00e1s\u00e1rok idej\u00e9n k\u00f6zvetlen\u00fcl h\u00e1zuk vagy m\u0171hely\u00fck el\u0151tt \u00e1rulhatt\u00e1k port\u00e9k\u00e1ikat. A mai napig fennmaradtak ezek a telkek a k\u00f6zponti t\u00e9r k\u00f6r\u00fcl, amelyeket bels\u0151 udvaroknak neveznek, \u00e9s ezek hat\u00e1rozz\u00e1k meg a v\u00e1ros jellegzetess\u00e9g\u00e9t. T\u00f6bbs\u00e9g\u00fck a f\u0151t\u00e9rt\u0151l indul, de k\u00e9s\u0151bb egy k\u00fcls\u0151 gy\u0171r\u0171 is kialakult, amely m\u00e1r szab\u00e1lytalanabb elrendez\u00e9st mutat.  \n\nEzek az udvarok keskeny sik\u00e1torok, amelyek sz\u00e9less\u00e9ge 2-4 m\u00e9ter, hosszuk pedig 25 \u00e9s 180 m\u00e9ter k\u00f6z\u00f6tt v\u00e1ltozik. A k\u00e9zm\u0171vesek \u00e9letm\u00f3dja \u00e9s a sz\u00e9kely \u00f6r\u00f6kl\u00e9si t\u00f6rv\u00e9ny magyar\u00e1zza ezen udvarok kialakul\u00e1s\u00e1t. A sz\u00fcl\u0151i tulajdonokat egyenl\u0151en osztott\u00e1k fel a gyermekek k\u00f6z\u00f6tt, \u00edgy a csal\u00e1dok a keskeny telkek hossza ment\u00e9n b\u0151v\u00edtett\u00e9k h\u00e1zaikat. Ez magyar\u00e1zza azokat az udvarokat, amelyeket az ott \u00e9l\u0151 csal\u00e1dok nevei ut\u00e1n neveztek el, mint p\u00e9ld\u00e1ul a Jancs\u00f3k, Csisz\u00e1rok, Baloghok, Kov\u00e1csok, R\u00e1czok, Sz\u0151cs\u00f6k.  \n\n1851 ut\u00e1n, amikor a sz\u00e9kely \u00f6r\u00f6kl\u00e9si t\u00f6rv\u00e9nyt elt\u00f6r\u00f6lt\u00e9k, m\u00e1s szem\u00e9lyek is csatlakozhattak a bels\u0151 udvarok k\u00f6z\u00f6ss\u00e9g\u00e9hez, \u00edgy az eredeti csal\u00e1dnevek fokozatosan h\u00e1tt\u00e9rbe szorultak, \u00e9s hely\u00fcket sorsz\u00e1mok vett\u00e9k \u00e1t.<\/p><p>\u00a0<\/p>\t\t\t\t\t\t\t\t<\/div>\n\t\t\t\t\t<\/div>\n\t\t<\/div>\n\t\t\t\t\t<\/div>\n\t\t<\/section>\n\t\t\t\t<section class=\"elementor-section elementor-top-section elementor-element elementor-element-e68f1e9 elementor-section-boxed elementor-section-height-default elementor-section-height-default\" data-id=\"e68f1e9\" data-element_type=\"section\" data-e-type=\"section\">\n\t\t\t\t\t\t<div class=\"elementor-container elementor-column-gap-default\">\n\t\t\t\t\t<div class=\"elementor-column elementor-col-100 elementor-top-column elementor-element elementor-element-61858aa\" data-id=\"61858aa\" data-element_type=\"column\" data-e-type=\"column\">\n\t\t\t<div class=\"elementor-widget-wrap elementor-element-populated\">\n\t\t\t\t\t\t<div class=\"elementor-element elementor-element-8dab705 elementor-widget elementor-widget-text-editor\" data-id=\"8dab705\" data-element_type=\"widget\" data-e-type=\"widget\" data-widget_type=\"text-editor.default\">\n\t\t\t\t\t\t\t\t\t<p data-pm-slice=\"1 1 []\"><strong>G\u00e1bor \u00c1ron szobor<\/strong><\/p><p>A sz\u00e9kely feltal\u00e1l\u00f3, G\u00e1bor \u00c1ron \u00e1gy\u00fa\u00f6nt\u0151 \u00e9s t\u00fcz\u00e9r volt az 1848-1849-es forradalom idej\u00e9n, \u00e9s a k\u00f6k\u00f6si csatamez\u0151n vesztette \u00e9let\u00e9t. Az \u00e1ltala k\u00e9sz\u00edtett bronz\u00e1gy\u00fak fontos szerepet j\u00e1tszottak a forradalomban. Vezet\u00e9se alatt K\u00e9zdiv\u00e1s\u00e1rhelyen egy jelent\u0151s fegyvergy\u00e1rt\u00f3 m\u0171hely m\u0171k\u00f6d\u00f6tt.<\/p><p><strong>Vigad\u00f3 - M\u0171vel\u0151d\u00e9si H\u00e1z<\/strong><\/p><p>A f\u0151t\u00e9r nyugati oldal\u00e1n tal\u00e1lhat\u00f3 az egykori Vigad\u00f3 Sz\u00e1ll\u00f3, amelyet 1903 \u00e9s 1904 k\u00f6z\u00f6tt \u00e9p\u00edtettek, \u00e9s ma m\u0171vel\u0151d\u00e9si h\u00e1zk\u00e9nt m\u0171k\u00f6dik. Az \u00e9p\u00fclet homlokzat\u00e1t egy k\u00f6zponti rizalit uralja, amelyet h\u00e1romsz\u00f6glet\u0171 oromzat koron\u00e1z, \u00e9s a v\u00e1ros 1902-es c\u00edmer\u00e9vel van d\u00edsz\u00edtve. A sz\u00ednh\u00e1zterem 400 f\u00e9r\u0151helyes, m\u00edg a konferenciaterem 150 f\u0151 befogad\u00e1s\u00e1ra alkalmas.<\/p><p><strong>Polg\u00e1rmesteri hivatal<\/strong><\/p><p>A f\u0151t\u00e9r \u00e9szaki oldal\u00e1n tal\u00e1lhat\u00f3 a jelenlegi v\u00e1rosh\u00e1za \u00e9p\u00fclete, egy k\u00e9tszintes, szecesszi\u00f3s st\u00edlus\u00fa \u00e9p\u00edtm\u00e9ny, amelyet 1907-ben emeltek, eredetileg takar\u00e9kp\u00e9nzt\u00e1ri sz\u00e9kh\u00e1zk\u00e9nt. A v\u00e1rosh\u00e1za homlokzat\u00e1n a **\u201eKiseg\u00edt\u0151 Takar\u00e9kp\u00e9nzt\u00e1r R\u00e9szv\u00e9nyt\u00e1rsas\u00e1g\u201d** felirat \u00e9s a kereskedelem szimb\u00f3lumak\u00e9nt ismert Merk\u00far-fej embl\u00e9m\u00e1ja l\u00e1that\u00f3. Ez a f\u0151t\u00e9r egyik legnagyobb \u00e9s legjelent\u0151sebb \u00e9p\u00fclete.<\/p><p><strong>Incze L\u00e1szl\u00f3 C\u00e9ht\u00f6rt\u00e9neti M\u00fazeum<\/strong><\/p><p>A f\u0151t\u00e9r legr\u00e9gebbi \u00e9p\u00fclete egykor a v\u00e1rosh\u00e1za volt, ma pedig a **C\u00e9ht\u00f6rt\u00e9neti M\u00fazeumnak** ad otthont, amely leny\u0171g\u00f6z\u0151 gy\u0171jtem\u00e9nyeket mutat be a hagyom\u00e1nyos k\u00e9zm\u0171ves mesters\u00e9gekr\u0151l. Az \u00e1lland\u00f3 ki\u00e1ll\u00edt\u00e1son megtekinthet\u0151k a fazekasok, csizmadi\u00e1k, t\u00edm\u00e1rok, lakatosok, cukr\u00e1szok, szab\u00f3k \u00e9s m\u00e1s helyi mesterek \u00e1ltal haszn\u00e1lt szersz\u00e1mok \u00e9s eszk\u00f6z\u00f6k.  \n\nA m\u00fazeumban tal\u00e1lhat\u00f3 **G\u00e1bor \u00c1ron h\u00edres \u00e1gy\u00faj\u00e1nak egy 1971-ben k\u00e9sz\u00fclt replik\u00e1ja**, miut\u00e1n az eredetit Bukarestbe sz\u00e1ll\u00edtott\u00e1k. Egy m\u00e1sik k\u00fcl\u00f6nleges gy\u0171jtem\u00e9ny a **n\u00e9pviseletes bab\u00e1k kollekci\u00f3ja**, amely Erd\u00e9ly \u00e9s a Cs\u00e1ng\u00f3f\u00f6ld hagyom\u00e1nyos \u00f6lt\u00f6zeteit mutatja be.<\/p>\t\t\t\t\t\t\t\t<\/div>\n\t\t\t\t\t<\/div>\n\t\t<\/div>\n\t\t\t\t\t<\/div>\n\t\t<\/section>\n\t\t\t\t<\/div>","protected":false},"excerpt":{"rendered":"<p>De v\u0103zut \u00een T\u00e2rgu Secuiesc\u200b Curtile Stilul de construc\u0163ie al centrului statuia lui Gabor Aron Biserica Reformatica parcul Molnar Jozsias Hall of fame De v\u0103zut \u00een apropiera ora\u0219ului T\u00e2rgu Secuiesc\u200b lacul Sfanta Ana Tinovul Mohos Baile fetelor Apor lacul Padureni T\u00e2rgu Secuiesc (\u00een maghiar\u0103 K\u00e9zdiv\u00e1s\u00e1rhely, \u00een german\u0103 Szekler Neumarkt) este un municipiu \u00een jude\u021bul Covasna, [&hellip;]<\/p>\n","protected":false},"author":1,"featured_media":0,"parent":0,"menu_order":0,"comment_status":"closed","ping_status":"closed","template":"","meta":{"ocean_post_layout":"","ocean_both_sidebars_style":"","ocean_both_sidebars_content_width":0,"ocean_both_sidebars_sidebars_width":0,"ocean_sidebar":"","ocean_second_sidebar":"","ocean_disable_margins":"enable","ocean_add_body_class":"","ocean_shortcode_before_top_bar":"","ocean_shortcode_after_top_bar":"","ocean_shortcode_before_header":"","ocean_shortcode_after_header":"","ocean_has_shortcode":"","ocean_shortcode_after_title":"","ocean_shortcode_before_footer_widgets":"","ocean_shortcode_after_footer_widgets":"","ocean_shortcode_before_footer_bottom":"","ocean_shortcode_after_footer_bottom":"","ocean_display_top_bar":"default","ocean_display_header":"default","ocean_header_style":"","ocean_center_header_left_menu":"","ocean_custom_header_template":"","ocean_custom_logo":0,"ocean_custom_retina_logo":0,"ocean_custom_logo_max_width":0,"ocean_custom_logo_tablet_max_width":0,"ocean_custom_logo_mobile_max_width":0,"ocean_custom_logo_max_height":0,"ocean_custom_logo_tablet_max_height":0,"ocean_custom_logo_mobile_max_height":0,"ocean_header_custom_menu":"","ocean_menu_typo_font_family":"","ocean_menu_typo_font_subset":"","ocean_menu_typo_font_size":0,"ocean_menu_typo_font_size_tablet":0,"ocean_menu_typo_font_size_mobile":0,"ocean_menu_typo_font_size_unit":"px","ocean_menu_typo_font_weight":"","ocean_menu_typo_font_weight_tablet":"","ocean_menu_typo_font_weight_mobile":"","ocean_menu_typo_transform":"","ocean_menu_typo_transform_tablet":"","ocean_menu_typo_transform_mobile":"","ocean_menu_typo_line_height":0,"ocean_menu_typo_line_height_tablet":0,"ocean_menu_typo_line_height_mobile":0,"ocean_menu_typo_line_height_unit":"","ocean_menu_typo_spacing":0,"ocean_menu_typo_spacing_tablet":0,"ocean_menu_typo_spacing_mobile":0,"ocean_menu_typo_spacing_unit":"","ocean_menu_link_color":"","ocean_menu_link_color_hover":"","ocean_menu_link_color_active":"","ocean_menu_link_background":"","ocean_menu_link_hover_background":"","ocean_menu_link_active_background":"","ocean_menu_social_links_bg":"","ocean_menu_social_hover_links_bg":"","ocean_menu_social_links_color":"","ocean_menu_social_hover_links_color":"","ocean_disable_title":"default","ocean_disable_heading":"default","ocean_post_title":"","ocean_post_subheading":"","ocean_post_title_style":"","ocean_post_title_background_color":"","ocean_post_title_background":0,"ocean_post_title_bg_image_position":"","ocean_post_title_bg_image_attachment":"","ocean_post_title_bg_image_repeat":"","ocean_post_title_bg_image_size":"","ocean_post_title_height":0,"ocean_post_title_bg_overlay":0.5,"ocean_post_title_bg_overlay_color":"","ocean_disable_breadcrumbs":"default","ocean_breadcrumbs_color":"","ocean_breadcrumbs_separator_color":"","ocean_breadcrumbs_links_color":"","ocean_breadcrumbs_links_hover_color":"","ocean_display_footer_widgets":"default","ocean_display_footer_bottom":"default","ocean_custom_footer_template":"","_joinchat":[],"footnotes":""},"class_list":["post-1889","page","type-page","status-publish","hentry","entry"],"yoast_head":"<!-- This site is optimized with the Yoast SEO plugin v27.3 - https:\/\/yoast.com\/product\/yoast-seo-wordpress\/ -->\n<title>De vazut - Cazare \u00een T\u00e2rgu Secueisc<\/title>\n<meta name=\"description\" content=\"De vazut in Targu Secuiesc\" \/>\n<meta name=\"robots\" content=\"index, follow, max-snippet:-1, max-image-preview:large, max-video-preview:-1\" \/>\n<link rel=\"canonical\" href=\"https:\/\/targusecuiesc.eu\/hu\/latnivalok\/\" \/>\n<meta property=\"og:locale\" content=\"hu_HU\" \/>\n<meta property=\"og:type\" content=\"article\" \/>\n<meta property=\"og:title\" content=\"De vazut - Cazare \u00een T\u00e2rgu Secueisc\" \/>\n<meta property=\"og:description\" content=\"De vazut in Targu Secuiesc\" \/>\n<meta property=\"og:url\" content=\"https:\/\/targusecuiesc.eu\/hu\/latnivalok\/\" \/>\n<meta property=\"og:site_name\" content=\"Cazare \u00een T\u00e2rgu Secueisc\" \/>\n<meta property=\"article:modified_time\" content=\"2025-02-26T04:52:32+00:00\" \/>\n<meta property=\"og:image\" content=\"https:\/\/targusecuiesc.eu\/wp-content\/uploads\/2022\/11\/Curtile-_-targu-secuiesc.jpg\" \/>\n\t<meta property=\"og:image:width\" content=\"1024\" \/>\n\t<meta property=\"og:image:height\" content=\"1024\" \/>\n\t<meta property=\"og:image:type\" content=\"image\/jpeg\" \/>\n<meta name=\"twitter:card\" content=\"summary_large_image\" \/>\n<meta name=\"twitter:label1\" content=\"Becs\u00fclt olvas\u00e1si id\u0151\" \/>\n\t<meta name=\"twitter:data1\" content=\"7 perc\" \/>\n<script type=\"application\/ld+json\" class=\"yoast-schema-graph\">{\"@context\":\"https:\\\/\\\/schema.org\",\"@graph\":[{\"@type\":\"WebPage\",\"@id\":\"https:\\\/\\\/targusecuiesc.eu\\\/de-vazut\\\/\",\"url\":\"https:\\\/\\\/targusecuiesc.eu\\\/de-vazut\\\/\",\"name\":\"De vazut - Cazare \u00een T\u00e2rgu Secueisc\",\"isPartOf\":{\"@id\":\"https:\\\/\\\/targusecuiesc.eu\\\/#website\"},\"primaryImageOfPage\":{\"@id\":\"https:\\\/\\\/targusecuiesc.eu\\\/de-vazut\\\/#primaryimage\"},\"image\":{\"@id\":\"https:\\\/\\\/targusecuiesc.eu\\\/de-vazut\\\/#primaryimage\"},\"thumbnailUrl\":\"https:\\\/\\\/targusecuiesc.eu\\\/wp-content\\\/uploads\\\/2022\\\/11\\\/Curtile-_-targu-secuiesc.jpg\",\"datePublished\":\"2022-11-20T11:59:40+00:00\",\"dateModified\":\"2025-02-26T04:52:32+00:00\",\"description\":\"De vazut in Targu Secuiesc\",\"breadcrumb\":{\"@id\":\"https:\\\/\\\/targusecuiesc.eu\\\/de-vazut\\\/#breadcrumb\"},\"inLanguage\":\"hu\",\"potentialAction\":[{\"@type\":\"ReadAction\",\"target\":[\"https:\\\/\\\/targusecuiesc.eu\\\/de-vazut\\\/\"]}]},{\"@type\":\"ImageObject\",\"inLanguage\":\"hu\",\"@id\":\"https:\\\/\\\/targusecuiesc.eu\\\/de-vazut\\\/#primaryimage\",\"url\":\"https:\\\/\\\/targusecuiesc.eu\\\/wp-content\\\/uploads\\\/2022\\\/11\\\/Curtile-_-targu-secuiesc.jpg\",\"contentUrl\":\"https:\\\/\\\/targusecuiesc.eu\\\/wp-content\\\/uploads\\\/2022\\\/11\\\/Curtile-_-targu-secuiesc.jpg\"},{\"@type\":\"BreadcrumbList\",\"@id\":\"https:\\\/\\\/targusecuiesc.eu\\\/de-vazut\\\/#breadcrumb\",\"itemListElement\":[{\"@type\":\"ListItem\",\"position\":1,\"name\":\"Prima pagin\u0103\",\"item\":\"https:\\\/\\\/targusecuiesc.eu\\\/\"},{\"@type\":\"ListItem\",\"position\":2,\"name\":\"De vazut\"}]},{\"@type\":\"WebSite\",\"@id\":\"https:\\\/\\\/targusecuiesc.eu\\\/#website\",\"url\":\"https:\\\/\\\/targusecuiesc.eu\\\/\",\"name\":\"Cazare \u00een T\u00e2rgu Secueisc\",\"description\":\"Te afli \u00een c\u0103utarea unui loc potrivit de cazare \u00een T\u00e2rgu Secuiesc?\",\"publisher\":{\"@id\":\"https:\\\/\\\/targusecuiesc.eu\\\/#organization\"},\"alternateName\":\"Te afli in cautarea unui loc potrivit de cazare in Targu Secuiesc?\",\"potentialAction\":[{\"@type\":\"SearchAction\",\"target\":{\"@type\":\"EntryPoint\",\"urlTemplate\":\"https:\\\/\\\/targusecuiesc.eu\\\/?s={search_term_string}\"},\"query-input\":{\"@type\":\"PropertyValueSpecification\",\"valueRequired\":true,\"valueName\":\"search_term_string\"}}],\"inLanguage\":\"hu\"},{\"@type\":\"Organization\",\"@id\":\"https:\\\/\\\/targusecuiesc.eu\\\/#organization\",\"name\":\"Cazare \u00een T\u00e2rgu Secueisc\",\"alternateName\":\"Te afli in cautarea unui loc potrivit de cazare in Targu Secuiesc?\",\"url\":\"https:\\\/\\\/targusecuiesc.eu\\\/\",\"logo\":{\"@type\":\"ImageObject\",\"inLanguage\":\"hu\",\"@id\":\"https:\\\/\\\/targusecuiesc.eu\\\/#\\\/schema\\\/logo\\\/image\\\/\",\"url\":\"https:\\\/\\\/targusecuiesc.eu\\\/wp-content\\\/uploads\\\/2022\\\/05\\\/cropped-targu-secuiesc-1-e1653031917947.png\",\"contentUrl\":\"https:\\\/\\\/targusecuiesc.eu\\\/wp-content\\\/uploads\\\/2022\\\/05\\\/cropped-targu-secuiesc-1-e1653031917947.png\",\"width\":512,\"height\":512,\"caption\":\"Cazare \u00een T\u00e2rgu Secueisc\"},\"image\":{\"@id\":\"https:\\\/\\\/targusecuiesc.eu\\\/#\\\/schema\\\/logo\\\/image\\\/\"}}]}<\/script>\n<!-- \/ Yoast SEO plugin. -->","yoast_head_json":{"title":"L\u00e1tnival\u00f3k K\u00e9zdiv\u00e1s\u00e1rhelyen","description":"L\u00e1tnival\u00f3k Targu Secuiesc","robots":{"index":"index","follow":"follow","max-snippet":"max-snippet:-1","max-image-preview":"max-image-preview:large","max-video-preview":"max-video-preview:-1"},"canonical":"https:\/\/targusecuiesc.eu\/hu\/latnivalok\/","og_locale":"hu_HU","og_type":"article","og_title":"De vazut - Cazare \u00een T\u00e2rgu Secueisc","og_description":"De vazut in Targu Secuiesc","og_url":"https:\/\/targusecuiesc.eu\/hu\/latnivalok\/","og_site_name":"Cazare \u00een T\u00e2rgu Secueisc","article_modified_time":"2025-02-26T04:52:32+00:00","og_image":[{"width":1024,"height":1024,"url":"https:\/\/targusecuiesc.eu\/wp-content\/uploads\/2022\/11\/Curtile-_-targu-secuiesc.jpg","type":"image\/jpeg"}],"twitter_card":"summary_large_image","twitter_misc":{"Becs\u00fclt olvas\u00e1si id\u0151":"7 perc"},"schema":{"@context":"https:\/\/schema.org","@graph":[{"@type":"WebPage","@id":"https:\/\/targusecuiesc.eu\/de-vazut\/","url":"https:\/\/targusecuiesc.eu\/de-vazut\/","name":"L\u00e1tnival\u00f3k K\u00e9zdiv\u00e1s\u00e1rhelyen","isPartOf":{"@id":"https:\/\/targusecuiesc.eu\/#website"},"primaryImageOfPage":{"@id":"https:\/\/targusecuiesc.eu\/de-vazut\/#primaryimage"},"image":{"@id":"https:\/\/targusecuiesc.eu\/de-vazut\/#primaryimage"},"thumbnailUrl":"https:\/\/targusecuiesc.eu\/wp-content\/uploads\/2022\/11\/Curtile-_-targu-secuiesc.jpg","datePublished":"2022-11-20T11:59:40+00:00","dateModified":"2025-02-26T04:52:32+00:00","description":"L\u00e1tnival\u00f3k Targu Secuiesc","breadcrumb":{"@id":"https:\/\/targusecuiesc.eu\/de-vazut\/#breadcrumb"},"inLanguage":"hu","potentialAction":[{"@type":"ReadAction","target":["https:\/\/targusecuiesc.eu\/de-vazut\/"]}]},{"@type":"ImageObject","inLanguage":"hu","@id":"https:\/\/targusecuiesc.eu\/de-vazut\/#primaryimage","url":"https:\/\/targusecuiesc.eu\/wp-content\/uploads\/2022\/11\/Curtile-_-targu-secuiesc.jpg","contentUrl":"https:\/\/targusecuiesc.eu\/wp-content\/uploads\/2022\/11\/Curtile-_-targu-secuiesc.jpg"},{"@type":"BreadcrumbList","@id":"https:\/\/targusecuiesc.eu\/de-vazut\/#breadcrumb","itemListElement":[{"@type":"ListItem","position":1,"name":"Prima pagin\u0103","item":"https:\/\/targusecuiesc.eu\/"},{"@type":"ListItem","position":2,"name":"De vazut"}]},{"@type":"WebSite","@id":"https:\/\/targusecuiesc.eu\/#website","url":"https:\/\/targusecuiesc.eu\/","name":"Sz\u00e1ll\u00e1s K\u00e9zdiv\u00e1s\u00e1rhelyen","description":"Megfelel\u0151 sz\u00e1ll\u00e1st keres K\u00e9zdiv\u00e1s\u00e1rhelyen?","publisher":{"@id":"https:\/\/targusecuiesc.eu\/#organization"},"alternateName":"Te afli in cautarea unui loc potrivit de cazare in Targu Secuiesc?","potentialAction":[{"@type":"SearchAction","target":{"@type":"EntryPoint","urlTemplate":"https:\/\/targusecuiesc.eu\/?s={search_term_string}"},"query-input":{"@type":"PropertyValueSpecification","valueRequired":true,"valueName":"search_term_string"}}],"inLanguage":"hu"},{"@type":"Organization","@id":"https:\/\/targusecuiesc.eu\/#organization","name":"Sz\u00e1ll\u00e1s K\u00e9zdiv\u00e1s\u00e1rhelyen","alternateName":"Te afli in cautarea unui loc potrivit de cazare in Targu Secuiesc?","url":"https:\/\/targusecuiesc.eu\/","logo":{"@type":"ImageObject","inLanguage":"hu","@id":"https:\/\/targusecuiesc.eu\/#\/schema\/logo\/image\/","url":"https:\/\/targusecuiesc.eu\/wp-content\/uploads\/2022\/05\/cropped-targu-secuiesc-1-e1653031917947.png","contentUrl":"https:\/\/targusecuiesc.eu\/wp-content\/uploads\/2022\/05\/cropped-targu-secuiesc-1-e1653031917947.png","width":512,"height":512,"caption":"Cazare \u00een T\u00e2rgu Secueisc"},"image":{"@id":"https:\/\/targusecuiesc.eu\/#\/schema\/logo\/image\/"}}]}},"_links":{"self":[{"href":"https:\/\/targusecuiesc.eu\/hu\/wp-json\/wp\/v2\/pages\/1889","targetHints":{"allow":["GET"]}}],"collection":[{"href":"https:\/\/targusecuiesc.eu\/hu\/wp-json\/wp\/v2\/pages"}],"about":[{"href":"https:\/\/targusecuiesc.eu\/hu\/wp-json\/wp\/v2\/types\/page"}],"author":[{"embeddable":true,"href":"https:\/\/targusecuiesc.eu\/hu\/wp-json\/wp\/v2\/users\/1"}],"replies":[{"embeddable":true,"href":"https:\/\/targusecuiesc.eu\/hu\/wp-json\/wp\/v2\/comments?post=1889"}],"version-history":[{"count":0,"href":"https:\/\/targusecuiesc.eu\/hu\/wp-json\/wp\/v2\/pages\/1889\/revisions"}],"wp:attachment":[{"href":"https:\/\/targusecuiesc.eu\/hu\/wp-json\/wp\/v2\/media?parent=1889"}],"curies":[{"name":"wp","href":"https:\/\/api.w.org\/{rel}","templated":true}]}}