{"id":1889,"date":"2022-11-20T13:59:40","date_gmt":"2022-11-20T11:59:40","guid":{"rendered":"https:\/\/targusecuiesc.eu\/?page_id=1889"},"modified":"2025-02-26T06:52:32","modified_gmt":"2025-02-26T04:52:32","slug":"de-vazut","status":"publish","type":"page","link":"https:\/\/targusecuiesc.eu\/de\/de-vazut\/","title":{"rendered":"Zu sehen"},"content":{"rendered":"<div data-elementor-type=\"wp-page\" data-elementor-id=\"1889\" class=\"elementor elementor-1889\" data-elementor-post-type=\"page\">\n\t\t\t\t\t\t<section class=\"elementor-section elementor-top-section elementor-element elementor-element-4842e87 elementor-section-boxed elementor-section-height-default elementor-section-height-default\" data-id=\"4842e87\" data-element_type=\"section\" data-e-type=\"section\">\n\t\t\t\t\t\t<div class=\"elementor-container elementor-column-gap-default\">\n\t\t\t\t\t<div class=\"elementor-column elementor-col-100 elementor-top-column elementor-element elementor-element-bd1682a\" data-id=\"bd1682a\" data-element_type=\"column\" data-e-type=\"column\">\n\t\t\t<div class=\"elementor-widget-wrap elementor-element-populated\">\n\t\t\t\t\t\t<div class=\"elementor-element elementor-element-08b65c4 elementor-headline--style-highlight elementor-widget elementor-widget-animated-headline\" data-id=\"08b65c4\" data-element_type=\"widget\" data-e-type=\"widget\" data-settings=\"{&quot;marker&quot;:&quot;underline&quot;,&quot;highlighted_text&quot;:&quot;T\\u00e2rgu Secuiesc\\u200b&quot;,&quot;headline_style&quot;:&quot;highlight&quot;,&quot;loop&quot;:&quot;yes&quot;,&quot;highlight_animation_duration&quot;:1200,&quot;highlight_iteration_delay&quot;:8000}\" data-widget_type=\"animated-headline.default\">\n\t\t\t\t\t\t\t<h3 class=\"elementor-headline\">\n\t\t\t\t\t<span class=\"elementor-headline-plain-text elementor-headline-text-wrapper\">Zu sehen in <\/span>\n\t\t\t\t<span class=\"elementor-headline-dynamic-wrapper elementor-headline-text-wrapper\">\n\t\t\t\t\t<span class=\"elementor-headline-dynamic-text elementor-headline-text-active\">Sekler Neumarkt<\/span>\n\t\t\t\t<\/span>\n\t\t\t\t<\/h3>\n\t\t\t\t\t\t<\/div>\n\t\t\t\t\t<\/div>\n\t\t<\/div>\n\t\t\t\t\t<\/div>\n\t\t<\/section>\n\t\t\t\t<section class=\"elementor-section elementor-top-section elementor-element elementor-element-c3b4e7f elementor-section-boxed elementor-section-height-default elementor-section-height-default\" data-id=\"c3b4e7f\" data-element_type=\"section\" data-e-type=\"section\">\n\t\t\t\t\t\t<div class=\"elementor-container elementor-column-gap-default\">\n\t\t\t\t\t<div class=\"elementor-column elementor-col-50 elementor-top-column elementor-element elementor-element-aa9db5b\" data-id=\"aa9db5b\" data-element_type=\"column\" data-e-type=\"column\">\n\t\t\t<div class=\"elementor-widget-wrap elementor-element-populated\">\n\t\t\t\t\t\t<div class=\"elementor-element elementor-element-c1ecfb3 elementor-widget elementor-widget-image\" data-id=\"c1ecfb3\" data-element_type=\"widget\" data-e-type=\"widget\" data-widget_type=\"image.default\">\n\t\t\t\t\t\t\t\t\t\t\t\t<figure class=\"wp-caption\">\n\t\t\t\t\t\t\t\t\t\t\t<a href=\"https:\/\/targusecuiesc.eu\/de\/2025\/02\/16\/kezdivasarhely-az-udvarterek-varosa\/\">\n\t\t\t\t\t\t\t<img fetchpriority=\"high\" decoding=\"async\" width=\"1024\" height=\"1024\" src=\"https:\/\/targusecuiesc.eu\/wp-content\/uploads\/2022\/11\/Curtile-_-targu-secuiesc.jpg\" class=\"attachment-large size-large wp-image-1905\" alt=\"\" srcset=\"https:\/\/targusecuiesc.eu\/wp-content\/uploads\/2022\/11\/Curtile-_-targu-secuiesc.jpg 1024w, https:\/\/targusecuiesc.eu\/wp-content\/uploads\/2022\/11\/Curtile-_-targu-secuiesc-300x300.jpg 300w, https:\/\/targusecuiesc.eu\/wp-content\/uploads\/2022\/11\/Curtile-_-targu-secuiesc-150x150.jpg 150w, https:\/\/targusecuiesc.eu\/wp-content\/uploads\/2022\/11\/Curtile-_-targu-secuiesc-768x768.jpg 768w, https:\/\/targusecuiesc.eu\/wp-content\/uploads\/2022\/11\/Curtile-_-targu-secuiesc-12x12.jpg 12w, https:\/\/targusecuiesc.eu\/wp-content\/uploads\/2022\/11\/Curtile-_-targu-secuiesc-600x600.jpg 600w, https:\/\/targusecuiesc.eu\/wp-content\/uploads\/2022\/11\/Curtile-_-targu-secuiesc-100x100.jpg 100w\" sizes=\"(max-width: 1024px) 100vw, 1024px\" \/>\t\t\t\t\t\t\t\t<\/a>\n\t\t\t\t\t\t\t\t\t\t\t<figcaption class=\"widget-image-caption wp-caption-text\">Curtile<\/figcaption>\n\t\t\t\t\t\t\t\t\t\t<\/figure>\n\t\t\t\t\t\t\t\t\t<\/div>\n\t\t\t\t\t<\/div>\n\t\t<\/div>\n\t\t\t\t<div class=\"elementor-column elementor-col-50 elementor-top-column elementor-element elementor-element-b9dfd37\" data-id=\"b9dfd37\" data-element_type=\"column\" data-e-type=\"column\">\n\t\t\t<div class=\"elementor-widget-wrap elementor-element-populated\">\n\t\t\t\t\t\t<div class=\"elementor-element elementor-element-e7958e8 elementor-widget elementor-widget-image\" data-id=\"e7958e8\" data-element_type=\"widget\" data-e-type=\"widget\" data-widget_type=\"image.default\">\n\t\t\t\t\t\t\t\t\t\t\t\t<figure class=\"wp-caption\">\n\t\t\t\t\t\t\t\t\t\t<img decoding=\"async\" width=\"768\" height=\"768\" data-src=\"https:\/\/targusecuiesc.eu\/wp-content\/uploads\/2022\/11\/centrul-orasului-targu-secuiesc-1-768x768.jpg\" class=\"attachment-medium_large size-medium_large wp-image-1904 lazyload\" alt=\"\" data-srcset=\"https:\/\/targusecuiesc.eu\/wp-content\/uploads\/2022\/11\/centrul-orasului-targu-secuiesc-1-768x768.jpg 768w, https:\/\/targusecuiesc.eu\/wp-content\/uploads\/2022\/11\/centrul-orasului-targu-secuiesc-1-300x300.jpg 300w, https:\/\/targusecuiesc.eu\/wp-content\/uploads\/2022\/11\/centrul-orasului-targu-secuiesc-1-150x150.jpg 150w, https:\/\/targusecuiesc.eu\/wp-content\/uploads\/2022\/11\/centrul-orasului-targu-secuiesc-1-12x12.jpg 12w, https:\/\/targusecuiesc.eu\/wp-content\/uploads\/2022\/11\/centrul-orasului-targu-secuiesc-1-600x600.jpg 600w, https:\/\/targusecuiesc.eu\/wp-content\/uploads\/2022\/11\/centrul-orasului-targu-secuiesc-1-100x100.jpg 100w, https:\/\/targusecuiesc.eu\/wp-content\/uploads\/2022\/11\/centrul-orasului-targu-secuiesc-1.jpg 1024w\" data-sizes=\"(max-width: 768px) 100vw, 768px\" src=\"data:image\/svg+xml;base64,PHN2ZyB3aWR0aD0iMSIgaGVpZ2h0PSIxIiB4bWxucz0iaHR0cDovL3d3dy53My5vcmcvMjAwMC9zdmciPjwvc3ZnPg==\" style=\"--smush-placeholder-width: 768px; --smush-placeholder-aspect-ratio: 768\/768;\" \/>\t\t\t\t\t\t\t\t\t\t\t<figcaption class=\"widget-image-caption wp-caption-text\"> Die Bauweise des Zentrums<\/figcaption>\n\t\t\t\t\t\t\t\t\t\t<\/figure>\n\t\t\t\t\t\t\t\t\t<\/div>\n\t\t\t\t\t<\/div>\n\t\t<\/div>\n\t\t\t\t\t<\/div>\n\t\t<\/section>\n\t\t\t\t<section class=\"elementor-section elementor-top-section elementor-element elementor-element-2fc80f7 elementor-section-boxed elementor-section-height-default elementor-section-height-default\" data-id=\"2fc80f7\" data-element_type=\"section\" data-e-type=\"section\">\n\t\t\t\t\t\t<div class=\"elementor-container elementor-column-gap-default\">\n\t\t\t\t\t<div class=\"elementor-column elementor-col-50 elementor-top-column elementor-element elementor-element-58956b8\" data-id=\"58956b8\" data-element_type=\"column\" data-e-type=\"column\">\n\t\t\t<div class=\"elementor-widget-wrap elementor-element-populated\">\n\t\t\t\t\t\t<div class=\"elementor-element elementor-element-aafb9d3 elementor-widget elementor-widget-image\" data-id=\"aafb9d3\" data-element_type=\"widget\" data-e-type=\"widget\" data-widget_type=\"image.default\">\n\t\t\t\t\t\t\t\t\t\t\t\t<figure class=\"wp-caption\">\n\t\t\t\t\t\t\t\t\t\t\t<a href=\"https:\/\/targusecuiesc.eu\/de\/2023\/01\/21\/aron-gabor\/\">\n\t\t\t\t\t\t\t<img decoding=\"async\" width=\"1024\" height=\"1024\" data-src=\"https:\/\/targusecuiesc.eu\/wp-content\/uploads\/2022\/11\/statuia-lui-Gabor-Aron.jpg\" class=\"attachment-large size-large wp-image-1911 lazyload\" alt=\"\" data-srcset=\"https:\/\/targusecuiesc.eu\/wp-content\/uploads\/2022\/11\/statuia-lui-Gabor-Aron.jpg 1024w, https:\/\/targusecuiesc.eu\/wp-content\/uploads\/2022\/11\/statuia-lui-Gabor-Aron-300x300.jpg 300w, https:\/\/targusecuiesc.eu\/wp-content\/uploads\/2022\/11\/statuia-lui-Gabor-Aron-150x150.jpg 150w, https:\/\/targusecuiesc.eu\/wp-content\/uploads\/2022\/11\/statuia-lui-Gabor-Aron-768x768.jpg 768w, https:\/\/targusecuiesc.eu\/wp-content\/uploads\/2022\/11\/statuia-lui-Gabor-Aron-12x12.jpg 12w, https:\/\/targusecuiesc.eu\/wp-content\/uploads\/2022\/11\/statuia-lui-Gabor-Aron-600x600.jpg 600w, https:\/\/targusecuiesc.eu\/wp-content\/uploads\/2022\/11\/statuia-lui-Gabor-Aron-100x100.jpg 100w\" data-sizes=\"(max-width: 1024px) 100vw, 1024px\" src=\"data:image\/svg+xml;base64,PHN2ZyB3aWR0aD0iMSIgaGVpZ2h0PSIxIiB4bWxucz0iaHR0cDovL3d3dy53My5vcmcvMjAwMC9zdmciPjwvc3ZnPg==\" style=\"--smush-placeholder-width: 1024px; --smush-placeholder-aspect-ratio: 1024\/1024;\" \/>\t\t\t\t\t\t\t\t<\/a>\n\t\t\t\t\t\t\t\t\t\t\t<figcaption class=\"widget-image-caption wp-caption-text\">Statue von Gabor Aron<\/figcaption>\n\t\t\t\t\t\t\t\t\t\t<\/figure>\n\t\t\t\t\t\t\t\t\t<\/div>\n\t\t\t\t\t<\/div>\n\t\t<\/div>\n\t\t\t\t<div class=\"elementor-column elementor-col-50 elementor-top-column elementor-element elementor-element-905aa90\" data-id=\"905aa90\" data-element_type=\"column\" data-e-type=\"column\">\n\t\t\t<div class=\"elementor-widget-wrap elementor-element-populated\">\n\t\t\t\t\t\t<div class=\"elementor-element elementor-element-c9280c4 elementor-widget elementor-widget-image\" data-id=\"c9280c4\" data-element_type=\"widget\" data-e-type=\"widget\" data-widget_type=\"image.default\">\n\t\t\t\t\t\t\t\t\t\t\t\t<figure class=\"wp-caption\">\n\t\t\t\t\t\t\t\t\t\t\t<a href=\"https:\/\/targusecuiesc.eu\/de\/2023\/01\/21\/biserica-reformata-din-targu-secuiesc\/\">\n\t\t\t\t\t\t\t<img decoding=\"async\" width=\"1024\" height=\"1024\" data-src=\"https:\/\/targusecuiesc.eu\/wp-content\/uploads\/2022\/11\/biserica-reformatica-Targu-Secuiesc.jpg\" class=\"attachment-large size-large wp-image-1915 lazyload\" alt=\"Reformierte Kirche | Targu Secuiesc\" data-srcset=\"https:\/\/targusecuiesc.eu\/wp-content\/uploads\/2022\/11\/biserica-reformatica-Targu-Secuiesc.jpg 1024w, https:\/\/targusecuiesc.eu\/wp-content\/uploads\/2022\/11\/biserica-reformatica-Targu-Secuiesc-300x300.jpg 300w, https:\/\/targusecuiesc.eu\/wp-content\/uploads\/2022\/11\/biserica-reformatica-Targu-Secuiesc-150x150.jpg 150w, https:\/\/targusecuiesc.eu\/wp-content\/uploads\/2022\/11\/biserica-reformatica-Targu-Secuiesc-768x768.jpg 768w, https:\/\/targusecuiesc.eu\/wp-content\/uploads\/2022\/11\/biserica-reformatica-Targu-Secuiesc-12x12.jpg 12w, https:\/\/targusecuiesc.eu\/wp-content\/uploads\/2022\/11\/biserica-reformatica-Targu-Secuiesc-600x600.jpg 600w, https:\/\/targusecuiesc.eu\/wp-content\/uploads\/2022\/11\/biserica-reformatica-Targu-Secuiesc-100x100.jpg 100w\" data-sizes=\"(max-width: 1024px) 100vw, 1024px\" src=\"data:image\/svg+xml;base64,PHN2ZyB3aWR0aD0iMSIgaGVpZ2h0PSIxIiB4bWxucz0iaHR0cDovL3d3dy53My5vcmcvMjAwMC9zdmciPjwvc3ZnPg==\" style=\"--smush-placeholder-width: 1024px; --smush-placeholder-aspect-ratio: 1024\/1024;\" \/>\t\t\t\t\t\t\t\t<\/a>\n\t\t\t\t\t\t\t\t\t\t\t<figcaption class=\"widget-image-caption wp-caption-text\">Reformierte Kirche<\/figcaption>\n\t\t\t\t\t\t\t\t\t\t<\/figure>\n\t\t\t\t\t\t\t\t\t<\/div>\n\t\t\t\t\t<\/div>\n\t\t<\/div>\n\t\t\t\t\t<\/div>\n\t\t<\/section>\n\t\t\t\t<section class=\"elementor-section elementor-top-section elementor-element elementor-element-643d160 elementor-section-boxed elementor-section-height-default elementor-section-height-default\" data-id=\"643d160\" data-element_type=\"section\" data-e-type=\"section\">\n\t\t\t\t\t\t<div class=\"elementor-container elementor-column-gap-default\">\n\t\t\t\t\t<div class=\"elementor-column elementor-col-50 elementor-top-column elementor-element elementor-element-2bab90b\" data-id=\"2bab90b\" data-element_type=\"column\" data-e-type=\"column\">\n\t\t\t<div class=\"elementor-widget-wrap elementor-element-populated\">\n\t\t\t\t\t\t<div class=\"elementor-element elementor-element-0035182 elementor-widget elementor-widget-image\" data-id=\"0035182\" data-element_type=\"widget\" data-e-type=\"widget\" data-widget_type=\"image.default\">\n\t\t\t\t\t\t\t\t\t\t\t\t<figure class=\"wp-caption\">\n\t\t\t\t\t\t\t\t\t\t<img decoding=\"async\" width=\"1024\" height=\"1024\" data-src=\"https:\/\/targusecuiesc.eu\/wp-content\/uploads\/2022\/11\/parcul-Molnar-Jozsias.jpg\" class=\"attachment-large size-large wp-image-1919 lazyload\" alt=\"Molnar Jozsias Park\" data-srcset=\"https:\/\/targusecuiesc.eu\/wp-content\/uploads\/2022\/11\/parcul-Molnar-Jozsias.jpg 1024w, https:\/\/targusecuiesc.eu\/wp-content\/uploads\/2022\/11\/parcul-Molnar-Jozsias-300x300.jpg 300w, https:\/\/targusecuiesc.eu\/wp-content\/uploads\/2022\/11\/parcul-Molnar-Jozsias-150x150.jpg 150w, https:\/\/targusecuiesc.eu\/wp-content\/uploads\/2022\/11\/parcul-Molnar-Jozsias-768x768.jpg 768w, https:\/\/targusecuiesc.eu\/wp-content\/uploads\/2022\/11\/parcul-Molnar-Jozsias-12x12.jpg 12w, https:\/\/targusecuiesc.eu\/wp-content\/uploads\/2022\/11\/parcul-Molnar-Jozsias-600x600.jpg 600w, https:\/\/targusecuiesc.eu\/wp-content\/uploads\/2022\/11\/parcul-Molnar-Jozsias-100x100.jpg 100w\" data-sizes=\"(max-width: 1024px) 100vw, 1024px\" src=\"data:image\/svg+xml;base64,PHN2ZyB3aWR0aD0iMSIgaGVpZ2h0PSIxIiB4bWxucz0iaHR0cDovL3d3dy53My5vcmcvMjAwMC9zdmciPjwvc3ZnPg==\" style=\"--smush-placeholder-width: 1024px; --smush-placeholder-aspect-ratio: 1024\/1024;\" \/>\t\t\t\t\t\t\t\t\t\t\t<figcaption class=\"widget-image-caption wp-caption-text\">Molnar Jozsias Park<\/figcaption>\n\t\t\t\t\t\t\t\t\t\t<\/figure>\n\t\t\t\t\t\t\t\t\t<\/div>\n\t\t\t\t\t<\/div>\n\t\t<\/div>\n\t\t\t\t<div class=\"elementor-column elementor-col-50 elementor-top-column elementor-element elementor-element-cf46d2e\" data-id=\"cf46d2e\" data-element_type=\"column\" data-e-type=\"column\">\n\t\t\t<div class=\"elementor-widget-wrap elementor-element-populated\">\n\t\t\t\t\t\t<div class=\"elementor-element elementor-element-f1445d1 elementor-widget elementor-widget-image\" data-id=\"f1445d1\" data-element_type=\"widget\" data-e-type=\"widget\" data-widget_type=\"image.default\">\n\t\t\t\t\t\t\t\t\t\t\t\t<figure class=\"wp-caption\">\n\t\t\t\t\t\t\t\t\t\t<img decoding=\"async\" width=\"1024\" height=\"1024\" data-src=\"https:\/\/targusecuiesc.eu\/wp-content\/uploads\/2022\/11\/targu-secuiesc-.jpg\" class=\"attachment-large size-large wp-image-1921 lazyload\" alt=\"targu secuiesc\" data-srcset=\"https:\/\/targusecuiesc.eu\/wp-content\/uploads\/2022\/11\/targu-secuiesc-.jpg 1024w, https:\/\/targusecuiesc.eu\/wp-content\/uploads\/2022\/11\/targu-secuiesc--300x300.jpg 300w, https:\/\/targusecuiesc.eu\/wp-content\/uploads\/2022\/11\/targu-secuiesc--150x150.jpg 150w, https:\/\/targusecuiesc.eu\/wp-content\/uploads\/2022\/11\/targu-secuiesc--768x768.jpg 768w, https:\/\/targusecuiesc.eu\/wp-content\/uploads\/2022\/11\/targu-secuiesc--12x12.jpg 12w, https:\/\/targusecuiesc.eu\/wp-content\/uploads\/2022\/11\/targu-secuiesc--600x600.jpg 600w, https:\/\/targusecuiesc.eu\/wp-content\/uploads\/2022\/11\/targu-secuiesc--100x100.jpg 100w\" data-sizes=\"(max-width: 1024px) 100vw, 1024px\" src=\"data:image\/svg+xml;base64,PHN2ZyB3aWR0aD0iMSIgaGVpZ2h0PSIxIiB4bWxucz0iaHR0cDovL3d3dy53My5vcmcvMjAwMC9zdmciPjwvc3ZnPg==\" style=\"--smush-placeholder-width: 1024px; --smush-placeholder-aspect-ratio: 1024\/1024;\" \/>\t\t\t\t\t\t\t\t\t\t\t<figcaption class=\"widget-image-caption wp-caption-text\">Ruhmeshalle<\/figcaption>\n\t\t\t\t\t\t\t\t\t\t<\/figure>\n\t\t\t\t\t\t\t\t\t<\/div>\n\t\t\t\t\t<\/div>\n\t\t<\/div>\n\t\t\t\t\t<\/div>\n\t\t<\/section>\n\t\t\t\t<section class=\"elementor-section elementor-top-section elementor-element elementor-element-bcdfc19 elementor-section-boxed elementor-section-height-default elementor-section-height-default\" data-id=\"bcdfc19\" data-element_type=\"section\" data-e-type=\"section\">\n\t\t\t\t\t\t<div class=\"elementor-container elementor-column-gap-default\">\n\t\t\t\t\t<div class=\"elementor-column elementor-col-100 elementor-top-column elementor-element elementor-element-ce4e606\" data-id=\"ce4e606\" data-element_type=\"column\" data-e-type=\"column\">\n\t\t\t<div class=\"elementor-widget-wrap elementor-element-populated\">\n\t\t\t\t\t\t<div class=\"elementor-element elementor-element-9a76c94 elementor-widget elementor-widget-spacer\" data-id=\"9a76c94\" data-element_type=\"widget\" data-e-type=\"widget\" data-widget_type=\"spacer.default\">\n\t\t\t\t\t\t\t<div class=\"elementor-spacer\">\n\t\t\t<div class=\"elementor-spacer-inner\"><\/div>\n\t\t<\/div>\n\t\t\t\t\t\t<\/div>\n\t\t\t\t<div class=\"elementor-element elementor-element-5505551 elementor-headline--style-highlight elementor-widget elementor-widget-animated-headline\" data-id=\"5505551\" data-element_type=\"widget\" data-e-type=\"widget\" data-settings=\"{&quot;marker&quot;:&quot;underline&quot;,&quot;highlighted_text&quot;:&quot;T\\u00e2rgu Secuiesc\\u200b&quot;,&quot;headline_style&quot;:&quot;highlight&quot;,&quot;loop&quot;:&quot;yes&quot;,&quot;highlight_animation_duration&quot;:1200,&quot;highlight_iteration_delay&quot;:8000}\" data-widget_type=\"animated-headline.default\">\n\t\t\t\t\t\t\t<h3 class=\"elementor-headline translation-block\"><span class=\"elementor-headline-plain-text elementor-headline-text-wrapper\">De v\u0103zut \u00een apropiera ora\u0219ului<\/span> <span class=\"elementor-headline-dynamic-wrapper elementor-headline-text-wrapper\"> <span class=\"elementor-headline-dynamic-text elementor-headline-text-active\">T\u00e2rgu Secuiesc\u200b<\/span> <svg xmlns=\"http:\/\/www.w3.org\/2000\/svg\" viewbox=\"0 0 500 150\" preserveaspectratio=\"none\"><path d=\"M7.7,145.6C109,125,299.9,116.2,401,121.3c42.1,2.2,87.6,11.8,87.3,25.7\"><\/path><\/svg><\/span><\/h3>\n\t\t\t\t\t\t<\/div>\n\t\t\t\t\t<\/div>\n\t\t<\/div>\n\t\t\t\t\t<\/div>\n\t\t<\/section>\n\t\t\t\t<section class=\"elementor-section elementor-top-section elementor-element elementor-element-bf4e046 elementor-section-boxed elementor-section-height-default elementor-section-height-default\" data-id=\"bf4e046\" data-element_type=\"section\" data-e-type=\"section\">\n\t\t\t\t\t\t<div class=\"elementor-container elementor-column-gap-default\">\n\t\t\t\t\t<div class=\"elementor-column elementor-col-50 elementor-top-column elementor-element elementor-element-4fff81d\" data-id=\"4fff81d\" data-element_type=\"column\" data-e-type=\"column\">\n\t\t\t<div class=\"elementor-widget-wrap elementor-element-populated\">\n\t\t\t\t\t\t<div class=\"elementor-element elementor-element-9668301 elementor-widget elementor-widget-image\" data-id=\"9668301\" data-element_type=\"widget\" data-e-type=\"widget\" data-widget_type=\"image.default\">\n\t\t\t\t\t\t\t\t\t\t\t\t<figure class=\"wp-caption\">\n\t\t\t\t\t\t\t\t\t\t\t<a href=\"https:\/\/targusecuiesc.eu\/de\/2025\/02\/22\/lacul-sfanta-ana-o-calatorie-in-timp\/\">\n\t\t\t\t\t\t\t<img decoding=\"async\" width=\"1024\" height=\"1024\" data-src=\"https:\/\/targusecuiesc.eu\/wp-content\/uploads\/2022\/11\/lacul-Sfanta-Ana.jpg\" class=\"attachment-large size-large wp-image-1929 lazyload\" alt=\"St. Anna See\" data-srcset=\"https:\/\/targusecuiesc.eu\/wp-content\/uploads\/2022\/11\/lacul-Sfanta-Ana.jpg 1024w, https:\/\/targusecuiesc.eu\/wp-content\/uploads\/2022\/11\/lacul-Sfanta-Ana-300x300.jpg 300w, https:\/\/targusecuiesc.eu\/wp-content\/uploads\/2022\/11\/lacul-Sfanta-Ana-150x150.jpg 150w, https:\/\/targusecuiesc.eu\/wp-content\/uploads\/2022\/11\/lacul-Sfanta-Ana-768x768.jpg 768w, https:\/\/targusecuiesc.eu\/wp-content\/uploads\/2022\/11\/lacul-Sfanta-Ana-12x12.jpg 12w, https:\/\/targusecuiesc.eu\/wp-content\/uploads\/2022\/11\/lacul-Sfanta-Ana-600x600.jpg 600w, https:\/\/targusecuiesc.eu\/wp-content\/uploads\/2022\/11\/lacul-Sfanta-Ana-100x100.jpg 100w\" data-sizes=\"(max-width: 1024px) 100vw, 1024px\" src=\"data:image\/svg+xml;base64,PHN2ZyB3aWR0aD0iMSIgaGVpZ2h0PSIxIiB4bWxucz0iaHR0cDovL3d3dy53My5vcmcvMjAwMC9zdmciPjwvc3ZnPg==\" style=\"--smush-placeholder-width: 1024px; --smush-placeholder-aspect-ratio: 1024\/1024;\" \/>\t\t\t\t\t\t\t\t<\/a>\n\t\t\t\t\t\t\t\t\t\t\t<figcaption class=\"widget-image-caption wp-caption-text\">St. Anna See<\/figcaption>\n\t\t\t\t\t\t\t\t\t\t<\/figure>\n\t\t\t\t\t\t\t\t\t<\/div>\n\t\t\t\t\t<\/div>\n\t\t<\/div>\n\t\t\t\t<div class=\"elementor-column elementor-col-50 elementor-top-column elementor-element elementor-element-b05ff81\" data-id=\"b05ff81\" data-element_type=\"column\" data-e-type=\"column\">\n\t\t\t<div class=\"elementor-widget-wrap elementor-element-populated\">\n\t\t\t\t\t\t<div class=\"elementor-element elementor-element-d4f6384 elementor-widget elementor-widget-image\" data-id=\"d4f6384\" data-element_type=\"widget\" data-e-type=\"widget\" data-widget_type=\"image.default\">\n\t\t\t\t\t\t\t\t\t\t\t\t<figure class=\"wp-caption\">\n\t\t\t\t\t\t\t\t\t\t<img decoding=\"async\" width=\"1024\" height=\"1024\" data-src=\"https:\/\/targusecuiesc.eu\/wp-content\/uploads\/2022\/11\/tinovul-Mohos.jpg\" class=\"attachment-large size-large wp-image-1933 lazyload\" alt=\"tinovul Gussformen\" data-srcset=\"https:\/\/targusecuiesc.eu\/wp-content\/uploads\/2022\/11\/tinovul-Mohos.jpg 1024w, https:\/\/targusecuiesc.eu\/wp-content\/uploads\/2022\/11\/tinovul-Mohos-300x300.jpg 300w, https:\/\/targusecuiesc.eu\/wp-content\/uploads\/2022\/11\/tinovul-Mohos-150x150.jpg 150w, https:\/\/targusecuiesc.eu\/wp-content\/uploads\/2022\/11\/tinovul-Mohos-768x768.jpg 768w, https:\/\/targusecuiesc.eu\/wp-content\/uploads\/2022\/11\/tinovul-Mohos-12x12.jpg 12w, https:\/\/targusecuiesc.eu\/wp-content\/uploads\/2022\/11\/tinovul-Mohos-600x600.jpg 600w, https:\/\/targusecuiesc.eu\/wp-content\/uploads\/2022\/11\/tinovul-Mohos-100x100.jpg 100w\" data-sizes=\"(max-width: 1024px) 100vw, 1024px\" src=\"data:image\/svg+xml;base64,PHN2ZyB3aWR0aD0iMSIgaGVpZ2h0PSIxIiB4bWxucz0iaHR0cDovL3d3dy53My5vcmcvMjAwMC9zdmciPjwvc3ZnPg==\" style=\"--smush-placeholder-width: 1024px; --smush-placeholder-aspect-ratio: 1024\/1024;\" \/>\t\t\t\t\t\t\t\t\t\t\t<figcaption class=\"widget-image-caption wp-caption-text\">Tinovul Gussformen<\/figcaption>\n\t\t\t\t\t\t\t\t\t\t<\/figure>\n\t\t\t\t\t\t\t\t\t<\/div>\n\t\t\t\t\t<\/div>\n\t\t<\/div>\n\t\t\t\t\t<\/div>\n\t\t<\/section>\n\t\t\t\t<section class=\"elementor-section elementor-top-section elementor-element elementor-element-83e8123 elementor-section-boxed elementor-section-height-default elementor-section-height-default\" data-id=\"83e8123\" data-element_type=\"section\" data-e-type=\"section\">\n\t\t\t\t\t\t<div class=\"elementor-container elementor-column-gap-default\">\n\t\t\t\t\t<div class=\"elementor-column elementor-col-50 elementor-top-column elementor-element elementor-element-53ae760\" data-id=\"53ae760\" data-element_type=\"column\" data-e-type=\"column\">\n\t\t\t<div class=\"elementor-widget-wrap elementor-element-populated\">\n\t\t\t\t\t\t<div class=\"elementor-element elementor-element-95a611b elementor-widget elementor-widget-image\" data-id=\"95a611b\" data-element_type=\"widget\" data-e-type=\"widget\" data-widget_type=\"image.default\">\n\t\t\t\t\t\t\t\t\t\t\t\t<figure class=\"wp-caption\">\n\t\t\t\t\t\t\t\t\t\t\t<a href=\"https:\/\/targusecuiesc.eu\/de\/2025\/02\/25\/baia-fetelor-apor\/\">\n\t\t\t\t\t\t\t<img decoding=\"async\" width=\"1024\" height=\"1024\" data-src=\"https:\/\/targusecuiesc.eu\/wp-content\/uploads\/2022\/11\/baile-fetelor-Apor.jpg\" class=\"attachment-large size-large wp-image-1939 lazyload\" alt=\"Tanz der Apor-M\u00e4dchen\" data-srcset=\"https:\/\/targusecuiesc.eu\/wp-content\/uploads\/2022\/11\/baile-fetelor-Apor.jpg 1024w, https:\/\/targusecuiesc.eu\/wp-content\/uploads\/2022\/11\/baile-fetelor-Apor-300x300.jpg 300w, https:\/\/targusecuiesc.eu\/wp-content\/uploads\/2022\/11\/baile-fetelor-Apor-150x150.jpg 150w, https:\/\/targusecuiesc.eu\/wp-content\/uploads\/2022\/11\/baile-fetelor-Apor-768x768.jpg 768w, https:\/\/targusecuiesc.eu\/wp-content\/uploads\/2022\/11\/baile-fetelor-Apor-12x12.jpg 12w, https:\/\/targusecuiesc.eu\/wp-content\/uploads\/2022\/11\/baile-fetelor-Apor-600x600.jpg 600w, https:\/\/targusecuiesc.eu\/wp-content\/uploads\/2022\/11\/baile-fetelor-Apor-100x100.jpg 100w\" data-sizes=\"(max-width: 1024px) 100vw, 1024px\" src=\"data:image\/svg+xml;base64,PHN2ZyB3aWR0aD0iMSIgaGVpZ2h0PSIxIiB4bWxucz0iaHR0cDovL3d3dy53My5vcmcvMjAwMC9zdmciPjwvc3ZnPg==\" style=\"--smush-placeholder-width: 1024px; --smush-placeholder-aspect-ratio: 1024\/1024;\" \/>\t\t\t\t\t\t\t\t<\/a>\n\t\t\t\t\t\t\t\t\t\t\t<figcaption class=\"widget-image-caption wp-caption-text\">Apor M\u00e4dchenb\u00e4der<\/figcaption>\n\t\t\t\t\t\t\t\t\t\t<\/figure>\n\t\t\t\t\t\t\t\t\t<\/div>\n\t\t\t\t\t<\/div>\n\t\t<\/div>\n\t\t\t\t<div class=\"elementor-column elementor-col-50 elementor-top-column elementor-element elementor-element-ce18752\" data-id=\"ce18752\" data-element_type=\"column\" data-e-type=\"column\">\n\t\t\t<div class=\"elementor-widget-wrap elementor-element-populated\">\n\t\t\t\t\t\t<div class=\"elementor-element elementor-element-6f75f05 elementor-widget elementor-widget-image\" data-id=\"6f75f05\" data-element_type=\"widget\" data-e-type=\"widget\" data-widget_type=\"image.default\">\n\t\t\t\t\t\t\t\t\t\t\t\t<figure class=\"wp-caption\">\n\t\t\t\t\t\t\t\t\t\t<img decoding=\"async\" width=\"1024\" height=\"1024\" data-src=\"https:\/\/targusecuiesc.eu\/wp-content\/uploads\/2022\/11\/lacul-padureni.jpg\" class=\"attachment-large size-large wp-image-1940 lazyload\" alt=\"Padurenei-See\" data-srcset=\"https:\/\/targusecuiesc.eu\/wp-content\/uploads\/2022\/11\/lacul-padureni.jpg 1024w, https:\/\/targusecuiesc.eu\/wp-content\/uploads\/2022\/11\/lacul-padureni-300x300.jpg 300w, https:\/\/targusecuiesc.eu\/wp-content\/uploads\/2022\/11\/lacul-padureni-150x150.jpg 150w, https:\/\/targusecuiesc.eu\/wp-content\/uploads\/2022\/11\/lacul-padureni-768x768.jpg 768w, https:\/\/targusecuiesc.eu\/wp-content\/uploads\/2022\/11\/lacul-padureni-12x12.jpg 12w, https:\/\/targusecuiesc.eu\/wp-content\/uploads\/2022\/11\/lacul-padureni-600x600.jpg 600w, https:\/\/targusecuiesc.eu\/wp-content\/uploads\/2022\/11\/lacul-padureni-100x100.jpg 100w\" data-sizes=\"(max-width: 1024px) 100vw, 1024px\" src=\"data:image\/svg+xml;base64,PHN2ZyB3aWR0aD0iMSIgaGVpZ2h0PSIxIiB4bWxucz0iaHR0cDovL3d3dy53My5vcmcvMjAwMC9zdmciPjwvc3ZnPg==\" style=\"--smush-placeholder-width: 1024px; --smush-placeholder-aspect-ratio: 1024\/1024;\" \/>\t\t\t\t\t\t\t\t\t\t\t<figcaption class=\"widget-image-caption wp-caption-text\">Padureni-See<\/figcaption>\n\t\t\t\t\t\t\t\t\t\t<\/figure>\n\t\t\t\t\t\t\t\t\t<\/div>\n\t\t\t\t\t<\/div>\n\t\t<\/div>\n\t\t\t\t\t<\/div>\n\t\t<\/section>\n\t\t\t\t<section class=\"elementor-section elementor-top-section elementor-element elementor-element-d5d3a0a elementor-section-boxed elementor-section-height-default elementor-section-height-default\" data-id=\"d5d3a0a\" data-element_type=\"section\" data-e-type=\"section\">\n\t\t\t\t\t\t<div class=\"elementor-container elementor-column-gap-default\">\n\t\t\t\t\t<div class=\"elementor-column elementor-col-100 elementor-top-column elementor-element elementor-element-6941fd1\" data-id=\"6941fd1\" data-element_type=\"column\" data-e-type=\"column\">\n\t\t\t<div class=\"elementor-widget-wrap elementor-element-populated\">\n\t\t\t\t\t\t<div class=\"elementor-element elementor-element-fbb321f elementor-widget elementor-widget-text-editor\" data-id=\"fbb321f\" data-element_type=\"widget\" data-e-type=\"widget\" data-widget_type=\"text-editor.default\">\n\t\t\t\t\t\t\t\t\t<p data-pm-slice=\"1 1 []\"><a href=\"https:\/\/targusecuiesc.eu\/de\/\">Szekler Stadt<\/a> (ungarisch K\u00e9zdiv\u00e1s\u00e1rhely, deutsch Szekler Neumarkt) ist eine Gemeinde im Kreis Covasna, Siebenb\u00fcrgen, Rum\u00e4nien, bestehend aus der Teilgemeinde T\u00e2rgu Secuiesc (Wohnort) und dem Dorf Lunga. Mit 18.082 Einwohnern (2011) ist sie nach der Gemeinde Sf\u00e2ntu Gheorghe das zweitgr\u00f6\u00dfte st\u00e4dtische Zentrum des Kreises.<\/p><p data-pm-slice=\"1 1 []\"><a href=\"https:\/\/ro.wikipedia.org\/wiki\/T%C3%A2rgu_Secuiesc\">Szekler Stadt<\/a> ist eine Stadt voller Geschichte und Kultur und ein gro\u00dfartiger Ort zum Besuchen und Entdecken. Die Stadt hat einen vielf\u00e4ltigen kulturellen Einfluss und eine reichhaltige und k\u00f6stliche K\u00fcche. Au\u00dferdem gibt es viele Parks und Gr\u00fcnfl\u00e4chen, in denen Einheimische und Touristen die nat\u00fcrliche Sch\u00f6nheit der Stadt genie\u00dfen und verschiedenen Aktivit\u00e4ten im Freien nachgehen k\u00f6nnen. Dank all dieser Merkmale ist Targu Secuiesc eine einzigartige und lebendige Stadt, die es wert ist, entdeckt zu werden!<\/p><p data-pm-slice=\"1 1 []\">T\u00e2rgu Secuiesc wurde erstmals 1407 erw\u00e4hnt, und im Jahr 1427 erkl\u00e4rte K\u00f6nig Sigismund es unter dem Namen Torjav\u00e1s\u00e1ra zur Marktstadt. Im Mittelalter hatte die Stadt eine bedeutende Handwerksindustrie. Eine ihrer Besonderheiten ist, dass die Tore der H\u00e4user, die den zentralen Platz, den ehemaligen Marktplatz, umgeben, tats\u00e4chlich die Endpunkte von Stra\u00dfen sind, die als Innenh\u00f6fe bezeichnet werden. W\u00e4hrend \u00e4ltere Quellen 73 solcher Innenh\u00f6fe erw\u00e4hnen, gibt es heute 72. T\u00e2rgu Secuiesc ist als Stadt der Z\u00fcnfte, der Schuhmacher und der Innenh\u00f6fe bekannt. Orb\u00e1n Bal\u00e1zs nannte es das \u201eParis von H\u00e1romsz\u00e9k\u201c.<\/p><p data-pm-slice=\"1 1 []\"><strong>Centrul ora\u0219ului<\/strong><\/p><p><strong>Der architektonische Stil des zentralen Platzes in Sekler Neumarkt<\/strong><\/p><p>Ende des 19. und Anfang des 20. Jahrhunderts arbeiteten Baumeister, Maurer, Schlosser, Schmiede und Tischler daran, T\u00e2rgu Secuiesc nach dem Brand von 1834 wiederaufzubauen. Die meisten der heute auf dem G\u00e1bor-\u00c1ron-Platz stehenden Geb\u00e4ude wurden in der zweiten H\u00e4lfte des 19. und zu Beginn des 20. Jahrhunderts errichtet. Nur wenige der Handwerker, die die schmiedeeisernen Verzierungen dieser Geb\u00e4ude anfertigten, sind bekannt, obwohl viele solcher Werke in der Stadt erhalten geblieben sind. Archivdokumente legen nahe, dass diese Arbeiten von den Schlossern Szab\u00f3 M\u00f3zes und Istv\u00e1n (Vater und Sohn) ausgef\u00fchrt wurden. Das schmiedeeiserne Tor an der S\u00fcdseite des Vigad\u00f3 wurde von Szab\u00f3 M\u00f3zes gefertigt. Ende des 19. Jahrhunderts wurde der Platz von Geb\u00e4uden mit Walmd\u00e4chern, halb befestigten W\u00e4nden und Holzh\u00e4usern mit Veranden dominiert, die Elemente des volkst\u00fcmlichen Barocks enthielten, jedoch nach und nach verschwanden.<\/p><p><strong>Cur\u021bile interioare<\/strong><\/p><p>T\u00e2rgu Secuiesc s-a format \u00een jurul unei pie\u021be de t\u00e2rg alungite, de form\u0103 trapezoidal\u0103. Primii coloni\u0219ti au primit loturi de teren \u00een jurul acestei pie\u021be, toate de dimensiuni egale \u0219i relativ \u00eenguste. \u00cen timpul t\u00e2rgurilor, ace\u0219tia \u00ee\u0219i puteau expune marfa direct \u00een fa\u021ba casei sau atelierului. P\u00e2n\u0103 \u00een prezent, s-au p\u0103strat aceste loturi dispuse \u00een jurul pie\u021bei centrale, numite cur\u021bi interioare, care definesc personalitatea ora\u0219ului. Cele mai multe dintre ele pornesc din pia\u021b\u0103, dar ulterior s-a format \u0219i un inel exterior, cu o dispunere mai neregulat\u0103. Aceste cur\u021bi sunt alei \u00eenguste, de 2-4 metri l\u0103\u021bime, cu lungimi variabile \u00eentre 25 \u0219i 180 de metri. Modul de via\u021b\u0103 al me\u0219te\u0219ugarilor \u0219i legea mo\u0219tenirii secuie\u0219ti explic\u0103 existen\u021ba acestor cur\u021bi. Propriet\u0103\u021bile p\u0103rinte\u0219ti erau distribuite \u00eentr-un mod egal \u00eentre copii, astfel c\u0103 familiile au extins casele pe lungimea loturilor \u00eenguste. Acest lucru explic\u0103 originea cur\u021bilor numite dup\u0103 familiile care le-au locuit, precum Jancs\u00f3k, Csisz\u00e1rok, Baloghok, Kov\u00e1csok, R\u00e1czok, Sz\u0151cs\u00f6k. Dup\u0103 1851, c\u00e2nd legea mo\u0219tenirii secuie\u0219ti a fost abrogat\u0103, \u0219i alte persoane au putut intra \u00een comunitatea cur\u021bilor interioare, astfel c\u0103 denumirile au fost \u00eenlocuite treptat cu numerot\u0103ri.<\/p><p>\u00a0<\/p>\t\t\t\t\t\t\t\t<\/div>\n\t\t\t\t\t<\/div>\n\t\t<\/div>\n\t\t\t\t\t<\/div>\n\t\t<\/section>\n\t\t\t\t<section class=\"elementor-section elementor-top-section elementor-element elementor-element-e68f1e9 elementor-section-boxed elementor-section-height-default elementor-section-height-default\" data-id=\"e68f1e9\" data-element_type=\"section\" data-e-type=\"section\">\n\t\t\t\t\t\t<div class=\"elementor-container elementor-column-gap-default\">\n\t\t\t\t\t<div class=\"elementor-column elementor-col-100 elementor-top-column elementor-element elementor-element-61858aa\" data-id=\"61858aa\" data-element_type=\"column\" data-e-type=\"column\">\n\t\t\t<div class=\"elementor-widget-wrap elementor-element-populated\">\n\t\t\t\t\t\t<div class=\"elementor-element elementor-element-8dab705 elementor-widget elementor-widget-text-editor\" data-id=\"8dab705\" data-element_type=\"widget\" data-e-type=\"widget\" data-widget_type=\"text-editor.default\">\n\t\t\t\t\t\t\t\t\t<p data-pm-slice=\"1 1 []\"><strong>Statuia lui G\u00e1bor \u00c1ron<\/strong><\/p><p>Inventatorul secui G\u00e1bor \u00c1ron a fost tunar \u0219i turn\u0103tor de tunuri \u00een timpul Revolu\u021biei din 1848-1849, pierz\u00e2ndu-\u0219i via\u021ba pe c\u00e2mpul de lupt\u0103 de la K\u00f6k\u00f6s. Tunurile de bronz realizate de el au avut un rol important \u00een Revolu\u021bie. Sub conducerea sa, la T\u00e2rgu Secuiesc a func\u021bionat un atelier semnificativ de produc\u021bie de armament.<\/p><p><strong>Vigad\u00f3 &#8211; Casa de Cultur\u0103<\/strong><\/p><p>Pe partea vestic\u0103 a pie\u021bei centrale se afl\u0103 fostul Hotel Vigad\u00f3, construit \u00eentre 1903 \u0219i 1904, care ast\u0103zi este o cas\u0103 de cultur\u0103. Fa\u021bada cl\u0103dirii este dominat\u0103 de un rizalit central cu un fronton triunghiular, decorat cu stema ora\u0219ului din 1902. Sala de teatru are 400 de locuri, iar sala de conferin\u021be poate primi 150 de persoane.<\/p><p><strong>Prim\u0103ria<\/strong><\/p><p>Pe partea nordic\u0103 a pie\u021bei centrale se afl\u0103 actuala cl\u0103dire a prim\u0103riei, o construc\u021bie \u00een stil secesionist cu dou\u0103 etaje, ridicat\u0103 \u00een 1907, ini\u021bial ca sediu al unei case de economii. Fa\u021bada prim\u0103riei prezint\u0103 inscrip\u021bia &#8222;Kiseg\u00edt\u0151 Takar\u00e9kp\u00e9nzt\u00e1r R\u00e9szv\u00e9nyt\u00e1rsas\u00e1g&#8221; \u0219i emblema cu capul lui Mercur, simbol al comer\u021bului. Este una dintre cele mai mari \u0219i importante cl\u0103diri ale pie\u021bei centrale.<\/p><p><strong>Incze L\u00e1szl\u00f3 &#8211; Muzeul Breslelor<\/strong><\/p><p>Cl\u0103direa cea mai veche a pie\u021bei centrale a fost odinioar\u0103 prim\u0103ria ora\u0219ului, iar ast\u0103zi g\u0103zduie\u0219te Muzeul Breslelor, unde sunt expuse colec\u021bii impresionante dedicate me\u0219te\u0219ugurilor tradi\u021bionale. Expozi\u021bia permanent\u0103 include unelte \u0219i echipamente folosite de olari, cizmari, pielari, l\u0103c\u0103tu\u0219i, cofetari, croitori \u0219i al\u021bi me\u0219te\u0219ugari locali. \u00cen muzeu se afl\u0103 \u0219i o replic\u0103 a celebrului tun turnat de G\u00e1bor \u00c1ron \u00een 1971, dup\u0103 ce originalul a fost transportat la Bucure\u0219ti. O alt\u0103 colec\u021bie special\u0103 a muzeului este cea de p\u0103pu\u0219i \u00eembr\u0103cate \u00een costume tradi\u021bionale din toate regiunile Transilvaniei \u0219i \u021ainutului Ceang\u0103ilor.<\/p>\t\t\t\t\t\t\t\t<\/div>\n\t\t\t\t\t<\/div>\n\t\t<\/div>\n\t\t\t\t\t<\/div>\n\t\t<\/section>\n\t\t\t\t<\/div>","protected":false},"excerpt":{"rendered":"<p>De v\u0103zut \u00een T\u00e2rgu Secuiesc\u200b Curtile Stilul de construc\u0163ie al centrului statuia lui Gabor Aron Biserica Reformatica parcul Molnar Jozsias Hall of fame De v\u0103zut \u00een apropiera ora\u0219ului T\u00e2rgu Secuiesc\u200b lacul Sfanta Ana Tinovul Mohos Baile fetelor Apor lacul Padureni T\u00e2rgu Secuiesc (\u00een maghiar\u0103 K\u00e9zdiv\u00e1s\u00e1rhely, \u00een german\u0103 Szekler Neumarkt) este un municipiu \u00een jude\u021bul Covasna, [&hellip;]<\/p>\n","protected":false},"author":1,"featured_media":0,"parent":0,"menu_order":0,"comment_status":"closed","ping_status":"closed","template":"","meta":{"ocean_post_layout":"","ocean_both_sidebars_style":"","ocean_both_sidebars_content_width":0,"ocean_both_sidebars_sidebars_width":0,"ocean_sidebar":"","ocean_second_sidebar":"","ocean_disable_margins":"enable","ocean_add_body_class":"","ocean_shortcode_before_top_bar":"","ocean_shortcode_after_top_bar":"","ocean_shortcode_before_header":"","ocean_shortcode_after_header":"","ocean_has_shortcode":"","ocean_shortcode_after_title":"","ocean_shortcode_before_footer_widgets":"","ocean_shortcode_after_footer_widgets":"","ocean_shortcode_before_footer_bottom":"","ocean_shortcode_after_footer_bottom":"","ocean_display_top_bar":"default","ocean_display_header":"default","ocean_header_style":"","ocean_center_header_left_menu":"","ocean_custom_header_template":"","ocean_custom_logo":0,"ocean_custom_retina_logo":0,"ocean_custom_logo_max_width":0,"ocean_custom_logo_tablet_max_width":0,"ocean_custom_logo_mobile_max_width":0,"ocean_custom_logo_max_height":0,"ocean_custom_logo_tablet_max_height":0,"ocean_custom_logo_mobile_max_height":0,"ocean_header_custom_menu":"","ocean_menu_typo_font_family":"","ocean_menu_typo_font_subset":"","ocean_menu_typo_font_size":0,"ocean_menu_typo_font_size_tablet":0,"ocean_menu_typo_font_size_mobile":0,"ocean_menu_typo_font_size_unit":"px","ocean_menu_typo_font_weight":"","ocean_menu_typo_font_weight_tablet":"","ocean_menu_typo_font_weight_mobile":"","ocean_menu_typo_transform":"","ocean_menu_typo_transform_tablet":"","ocean_menu_typo_transform_mobile":"","ocean_menu_typo_line_height":0,"ocean_menu_typo_line_height_tablet":0,"ocean_menu_typo_line_height_mobile":0,"ocean_menu_typo_line_height_unit":"","ocean_menu_typo_spacing":0,"ocean_menu_typo_spacing_tablet":0,"ocean_menu_typo_spacing_mobile":0,"ocean_menu_typo_spacing_unit":"","ocean_menu_link_color":"","ocean_menu_link_color_hover":"","ocean_menu_link_color_active":"","ocean_menu_link_background":"","ocean_menu_link_hover_background":"","ocean_menu_link_active_background":"","ocean_menu_social_links_bg":"","ocean_menu_social_hover_links_bg":"","ocean_menu_social_links_color":"","ocean_menu_social_hover_links_color":"","ocean_disable_title":"default","ocean_disable_heading":"default","ocean_post_title":"","ocean_post_subheading":"","ocean_post_title_style":"","ocean_post_title_background_color":"","ocean_post_title_background":0,"ocean_post_title_bg_image_position":"","ocean_post_title_bg_image_attachment":"","ocean_post_title_bg_image_repeat":"","ocean_post_title_bg_image_size":"","ocean_post_title_height":0,"ocean_post_title_bg_overlay":0.5,"ocean_post_title_bg_overlay_color":"","ocean_disable_breadcrumbs":"default","ocean_breadcrumbs_color":"","ocean_breadcrumbs_separator_color":"","ocean_breadcrumbs_links_color":"","ocean_breadcrumbs_links_hover_color":"","ocean_display_footer_widgets":"default","ocean_display_footer_bottom":"default","ocean_custom_footer_template":"","_joinchat":[],"footnotes":""},"class_list":["post-1889","page","type-page","status-publish","hentry","entry"],"yoast_head":"<!-- This site is optimized with the Yoast SEO plugin v27.3 - https:\/\/yoast.com\/product\/yoast-seo-wordpress\/ -->\n<title>De vazut - Cazare \u00een T\u00e2rgu Secueisc<\/title>\n<meta name=\"description\" content=\"De vazut in Targu Secuiesc\" \/>\n<meta name=\"robots\" content=\"index, follow, max-snippet:-1, max-image-preview:large, max-video-preview:-1\" \/>\n<link rel=\"canonical\" href=\"https:\/\/targusecuiesc.eu\/de\/de-vazut\/\" \/>\n<meta property=\"og:locale\" content=\"de_DE\" \/>\n<meta property=\"og:type\" content=\"article\" \/>\n<meta property=\"og:title\" content=\"De vazut - Cazare \u00een T\u00e2rgu Secueisc\" \/>\n<meta property=\"og:description\" content=\"De vazut in Targu Secuiesc\" \/>\n<meta property=\"og:url\" content=\"https:\/\/targusecuiesc.eu\/de\/de-vazut\/\" \/>\n<meta property=\"og:site_name\" content=\"Cazare \u00een T\u00e2rgu Secueisc\" \/>\n<meta property=\"article:modified_time\" content=\"2025-02-26T04:52:32+00:00\" \/>\n<meta property=\"og:image\" content=\"https:\/\/targusecuiesc.eu\/wp-content\/uploads\/2022\/11\/Curtile-_-targu-secuiesc.jpg\" \/>\n\t<meta property=\"og:image:width\" content=\"1024\" \/>\n\t<meta property=\"og:image:height\" content=\"1024\" \/>\n\t<meta property=\"og:image:type\" content=\"image\/jpeg\" \/>\n<meta name=\"twitter:card\" content=\"summary_large_image\" \/>\n<meta name=\"twitter:label1\" content=\"Gesch\u00e4tzte Lesezeit\" \/>\n\t<meta name=\"twitter:data1\" content=\"7\u00a0Minuten\" \/>\n<script type=\"application\/ld+json\" class=\"yoast-schema-graph\">{\"@context\":\"https:\\\/\\\/schema.org\",\"@graph\":[{\"@type\":\"WebPage\",\"@id\":\"https:\\\/\\\/targusecuiesc.eu\\\/de-vazut\\\/\",\"url\":\"https:\\\/\\\/targusecuiesc.eu\\\/de-vazut\\\/\",\"name\":\"De vazut - Cazare \u00een T\u00e2rgu Secueisc\",\"isPartOf\":{\"@id\":\"https:\\\/\\\/targusecuiesc.eu\\\/#website\"},\"primaryImageOfPage\":{\"@id\":\"https:\\\/\\\/targusecuiesc.eu\\\/de-vazut\\\/#primaryimage\"},\"image\":{\"@id\":\"https:\\\/\\\/targusecuiesc.eu\\\/de-vazut\\\/#primaryimage\"},\"thumbnailUrl\":\"https:\\\/\\\/targusecuiesc.eu\\\/wp-content\\\/uploads\\\/2022\\\/11\\\/Curtile-_-targu-secuiesc.jpg\",\"datePublished\":\"2022-11-20T11:59:40+00:00\",\"dateModified\":\"2025-02-26T04:52:32+00:00\",\"description\":\"De vazut in Targu Secuiesc\",\"breadcrumb\":{\"@id\":\"https:\\\/\\\/targusecuiesc.eu\\\/de-vazut\\\/#breadcrumb\"},\"inLanguage\":\"de\",\"potentialAction\":[{\"@type\":\"ReadAction\",\"target\":[\"https:\\\/\\\/targusecuiesc.eu\\\/de-vazut\\\/\"]}]},{\"@type\":\"ImageObject\",\"inLanguage\":\"de\",\"@id\":\"https:\\\/\\\/targusecuiesc.eu\\\/de-vazut\\\/#primaryimage\",\"url\":\"https:\\\/\\\/targusecuiesc.eu\\\/wp-content\\\/uploads\\\/2022\\\/11\\\/Curtile-_-targu-secuiesc.jpg\",\"contentUrl\":\"https:\\\/\\\/targusecuiesc.eu\\\/wp-content\\\/uploads\\\/2022\\\/11\\\/Curtile-_-targu-secuiesc.jpg\"},{\"@type\":\"BreadcrumbList\",\"@id\":\"https:\\\/\\\/targusecuiesc.eu\\\/de-vazut\\\/#breadcrumb\",\"itemListElement\":[{\"@type\":\"ListItem\",\"position\":1,\"name\":\"Prima pagin\u0103\",\"item\":\"https:\\\/\\\/targusecuiesc.eu\\\/\"},{\"@type\":\"ListItem\",\"position\":2,\"name\":\"De vazut\"}]},{\"@type\":\"WebSite\",\"@id\":\"https:\\\/\\\/targusecuiesc.eu\\\/#website\",\"url\":\"https:\\\/\\\/targusecuiesc.eu\\\/\",\"name\":\"Cazare \u00een T\u00e2rgu Secueisc\",\"description\":\"Te afli \u00een c\u0103utarea unui loc potrivit de cazare \u00een T\u00e2rgu Secuiesc?\",\"publisher\":{\"@id\":\"https:\\\/\\\/targusecuiesc.eu\\\/#organization\"},\"alternateName\":\"Te afli in cautarea unui loc potrivit de cazare in Targu Secuiesc?\",\"potentialAction\":[{\"@type\":\"SearchAction\",\"target\":{\"@type\":\"EntryPoint\",\"urlTemplate\":\"https:\\\/\\\/targusecuiesc.eu\\\/?s={search_term_string}\"},\"query-input\":{\"@type\":\"PropertyValueSpecification\",\"valueRequired\":true,\"valueName\":\"search_term_string\"}}],\"inLanguage\":\"de\"},{\"@type\":\"Organization\",\"@id\":\"https:\\\/\\\/targusecuiesc.eu\\\/#organization\",\"name\":\"Cazare \u00een T\u00e2rgu Secueisc\",\"alternateName\":\"Te afli in cautarea unui loc potrivit de cazare in Targu Secuiesc?\",\"url\":\"https:\\\/\\\/targusecuiesc.eu\\\/\",\"logo\":{\"@type\":\"ImageObject\",\"inLanguage\":\"de\",\"@id\":\"https:\\\/\\\/targusecuiesc.eu\\\/#\\\/schema\\\/logo\\\/image\\\/\",\"url\":\"https:\\\/\\\/targusecuiesc.eu\\\/wp-content\\\/uploads\\\/2022\\\/05\\\/cropped-targu-secuiesc-1-e1653031917947.png\",\"contentUrl\":\"https:\\\/\\\/targusecuiesc.eu\\\/wp-content\\\/uploads\\\/2022\\\/05\\\/cropped-targu-secuiesc-1-e1653031917947.png\",\"width\":512,\"height\":512,\"caption\":\"Cazare \u00een T\u00e2rgu Secueisc\"},\"image\":{\"@id\":\"https:\\\/\\\/targusecuiesc.eu\\\/#\\\/schema\\\/logo\\\/image\\\/\"}}]}<\/script>\n<!-- \/ Yoast SEO plugin. -->","yoast_head_json":{"title":"Muss man gesehen haben - Unterkunft in T\u00e2rgu Secueisc","description":"Zu sehen in Targu Secuiesc","robots":{"index":"index","follow":"follow","max-snippet":"max-snippet:-1","max-image-preview":"max-image-preview:large","max-video-preview":"max-video-preview:-1"},"canonical":"https:\/\/targusecuiesc.eu\/de\/de-vazut\/","og_locale":"de_DE","og_type":"article","og_title":"De vazut - Cazare \u00een T\u00e2rgu Secueisc","og_description":"De vazut in Targu Secuiesc","og_url":"https:\/\/targusecuiesc.eu\/de\/de-vazut\/","og_site_name":"Cazare \u00een T\u00e2rgu Secueisc","article_modified_time":"2025-02-26T04:52:32+00:00","og_image":[{"width":1024,"height":1024,"url":"https:\/\/targusecuiesc.eu\/wp-content\/uploads\/2022\/11\/Curtile-_-targu-secuiesc.jpg","type":"image\/jpeg"}],"twitter_card":"summary_large_image","twitter_misc":{"Gesch\u00e4tzte Lesezeit":"7\u00a0Minuten"},"schema":{"@context":"https:\/\/schema.org","@graph":[{"@type":"WebPage","@id":"https:\/\/targusecuiesc.eu\/de-vazut\/","url":"https:\/\/targusecuiesc.eu\/de-vazut\/","name":"Muss man gesehen haben - Unterkunft in T\u00e2rgu Secueisc","isPartOf":{"@id":"https:\/\/targusecuiesc.eu\/#website"},"primaryImageOfPage":{"@id":"https:\/\/targusecuiesc.eu\/de-vazut\/#primaryimage"},"image":{"@id":"https:\/\/targusecuiesc.eu\/de-vazut\/#primaryimage"},"thumbnailUrl":"https:\/\/targusecuiesc.eu\/wp-content\/uploads\/2022\/11\/Curtile-_-targu-secuiesc.jpg","datePublished":"2022-11-20T11:59:40+00:00","dateModified":"2025-02-26T04:52:32+00:00","description":"Zu sehen in Targu Secuiesc","breadcrumb":{"@id":"https:\/\/targusecuiesc.eu\/de-vazut\/#breadcrumb"},"inLanguage":"de","potentialAction":[{"@type":"ReadAction","target":["https:\/\/targusecuiesc.eu\/de-vazut\/"]}]},{"@type":"ImageObject","inLanguage":"de","@id":"https:\/\/targusecuiesc.eu\/de-vazut\/#primaryimage","url":"https:\/\/targusecuiesc.eu\/wp-content\/uploads\/2022\/11\/Curtile-_-targu-secuiesc.jpg","contentUrl":"https:\/\/targusecuiesc.eu\/wp-content\/uploads\/2022\/11\/Curtile-_-targu-secuiesc.jpg"},{"@type":"BreadcrumbList","@id":"https:\/\/targusecuiesc.eu\/de-vazut\/#breadcrumb","itemListElement":[{"@type":"ListItem","position":1,"name":"Prima pagin\u0103","item":"https:\/\/targusecuiesc.eu\/"},{"@type":"ListItem","position":2,"name":"De vazut"}]},{"@type":"WebSite","@id":"https:\/\/targusecuiesc.eu\/#website","url":"https:\/\/targusecuiesc.eu\/","name":"Unterkunft in T\u00e2rgu Secueisc","description":"Suchen Sie eine geeignete Unterkunft in Targu Secuiesc?","publisher":{"@id":"https:\/\/targusecuiesc.eu\/#organization"},"alternateName":"Te afli in cautarea unui loc potrivit de cazare in Targu Secuiesc?","potentialAction":[{"@type":"SearchAction","target":{"@type":"EntryPoint","urlTemplate":"https:\/\/targusecuiesc.eu\/?s={search_term_string}"},"query-input":{"@type":"PropertyValueSpecification","valueRequired":true,"valueName":"search_term_string"}}],"inLanguage":"de"},{"@type":"Organization","@id":"https:\/\/targusecuiesc.eu\/#organization","name":"Unterkunft in T\u00e2rgu Secueisc","alternateName":"Te afli in cautarea unui loc potrivit de cazare in Targu Secuiesc?","url":"https:\/\/targusecuiesc.eu\/","logo":{"@type":"ImageObject","inLanguage":"de","@id":"https:\/\/targusecuiesc.eu\/#\/schema\/logo\/image\/","url":"https:\/\/targusecuiesc.eu\/wp-content\/uploads\/2022\/05\/cropped-targu-secuiesc-1-e1653031917947.png","contentUrl":"https:\/\/targusecuiesc.eu\/wp-content\/uploads\/2022\/05\/cropped-targu-secuiesc-1-e1653031917947.png","width":512,"height":512,"caption":"Cazare \u00een T\u00e2rgu Secueisc"},"image":{"@id":"https:\/\/targusecuiesc.eu\/#\/schema\/logo\/image\/"}}]}},"_links":{"self":[{"href":"https:\/\/targusecuiesc.eu\/de\/wp-json\/wp\/v2\/pages\/1889","targetHints":{"allow":["GET"]}}],"collection":[{"href":"https:\/\/targusecuiesc.eu\/de\/wp-json\/wp\/v2\/pages"}],"about":[{"href":"https:\/\/targusecuiesc.eu\/de\/wp-json\/wp\/v2\/types\/page"}],"author":[{"embeddable":true,"href":"https:\/\/targusecuiesc.eu\/de\/wp-json\/wp\/v2\/users\/1"}],"replies":[{"embeddable":true,"href":"https:\/\/targusecuiesc.eu\/de\/wp-json\/wp\/v2\/comments?post=1889"}],"version-history":[{"count":0,"href":"https:\/\/targusecuiesc.eu\/de\/wp-json\/wp\/v2\/pages\/1889\/revisions"}],"wp:attachment":[{"href":"https:\/\/targusecuiesc.eu\/de\/wp-json\/wp\/v2\/media?parent=1889"}],"curies":[{"name":"wp","href":"https:\/\/api.w.org\/{rel}","templated":true}]}}